{"id":695219,"date":"2026-03-16T16:04:31","date_gmt":"2026-03-16T15:04:31","guid":{"rendered":"https:\/\/shop.kustom.ch\/?post_type=product&#038;p=695219"},"modified":"2026-03-31T08:44:00","modified_gmt":"2026-03-31T07:44:00","slug":"blaklaeder-toolrig-nagel-schraubentasche-3","status":"publish","type":"product","link":"https:\/\/shop.kustom.ch\/it\/prodotto\/blaklaeder-toolrig-nagel-schraubentasche-3\/","title":{"rendered":"Bl\u00e5kl\u00e4der ToolRig\u2122 borsa per chiodi e viti"},"content":{"rendered":"<p>Una grande borsa per l'attrezzatura da lavoro con una capacit\u00e0 extra e una buona organizzazione. La borsa \u00e8 facile da agganciare con il sistema Bl\u00e5kl\u00e4der ToolRig\u2122 ed \u00e8 adatta sia per i pantaloni che per gli accessori, rendendola facile da regolare durante la giornata lavorativa. La struttura \u00e8 robusta e dimensionalmente stabile, in modo che le aperture rimangano aperte e facilmente accessibili. Questo modello ha un ampio scomparto principale e uno scomparto interno per una staffa di arresto o simili. Riempite la borsa con viti, tasselli, chiodi o altri materiali e avrete una soluzione spaziosa ed efficiente. Le cinghie esterne consentono di fissare altri accessori.<\/p>","protected":false},"excerpt":{"rendered":"<p>Eine grosse Tasche f\u00fcr Arbeitsmaterial mit extra viel Fassungsverm\u00f6gen und guter \u00dcbersichtlichkeit. Die Tasche l\u00e4sst sich \u00fcber das Bl\u00e5kl\u00e4der ToolRig\u2122 System einfach befestigen und ist sowohl f\u00fcr Hosen als auch f\u00fcr Zubeh\u00f6r geeignet, was m\u00fchelose Anpassungen im Laufe des Arbeitstages erm\u00f6glicht. Die Konstruktion ist robust und formstabil, sodass die \u00d6ffnungen offen und leicht zug\u00e4nglich bleiben. [&hellip;]<\/p>\n","protected":false},"featured_media":695224,"template":"","meta":[],"product_brand":[],"product_cat":[4209],"product_tag":[],"class_list":{"0":"post-695219","1":"product","2":"type-product","3":"status-publish","4":"has-post-thumbnail","6":"product_cat-zubehoer","7":"pa_brand-blaklaeder","8":"pa_brand-type-workwear","9":"pa_filter-color-schwarz","11":"first","12":"instock","13":"sale","14":"taxable","15":"shipping-taxable","16":"purchasable","17":"product-type-variable","18":"add-to-wishlist-before_image"},"exclude_global_add_ons":[],"addons":[],"acf":[],"_links":{"self":[{"href":"https:\/\/shop.kustom.ch\/it\/wp-json\/wp\/v2\/product\/695219"}],"collection":[{"href":"https:\/\/shop.kustom.ch\/it\/wp-json\/wp\/v2\/product"}],"about":[{"href":"https:\/\/shop.kustom.ch\/it\/wp-json\/wp\/v2\/types\/product"}],"wp:featuredmedia":[{"embeddable":true,"href":"https:\/\/shop.kustom.ch\/it\/wp-json\/wp\/v2\/media\/695224"}],"wp:attachment":[{"href":"https:\/\/shop.kustom.ch\/it\/wp-json\/wp\/v2\/media?parent=695219"}],"wp:term":[{"taxonomy":"product_brand","embeddable":true,"href":"https:\/\/shop.kustom.ch\/it\/wp-json\/wp\/v2\/product_brand?post=695219"},{"taxonomy":"product_cat","embeddable":true,"href":"https:\/\/shop.kustom.ch\/it\/wp-json\/wp\/v2\/product_cat?post=695219"},{"taxonomy":"product_tag","embeddable":true,"href":"https:\/\/shop.kustom.ch\/it\/wp-json\/wp\/v2\/product_tag?post=695219"}],"curies":[{"name":"wp","href":"https:\/\/api.w.org\/{rel}","templated":true}]}}