{"id":695217,"date":"2026-03-16T16:04:14","date_gmt":"2026-03-16T15:04:14","guid":{"rendered":"https:\/\/shop.kustom.ch\/produkt\/blaklaeder-toolrig-tasche-fuer-elektriker\/"},"modified":"2026-03-31T08:43:58","modified_gmt":"2026-03-31T07:43:58","slug":"blaklaeder-toolrig-tasche-fuer-elektriker","status":"publish","type":"product","link":"https:\/\/shop.kustom.ch\/it\/prodotto\/blaklaeder-toolrig-tasche-fuer-elektriker\/","title":{"rendered":"Borsa Bl\u00e5kl\u00e4der ToolRig\u2122 per elettricisti"},"content":{"rendered":"<p>Sviluppata appositamente per gli elettricisti, ma altrettanto utile per tutti gli altri lavori in cui l'organizzazione e la chiarezza sono importanti. La borsa \u00e8 facile da agganciare grazie al sistema Bl\u00e5kl\u00e4der ToolRig\u2122 ed \u00e8 adatta sia per i pantaloni che per gli accessori, consentendo una regolazione senza sforzo durante la giornata lavorativa. La struttura \u00e8 robusta e dimensionalmente stabile, in modo che le aperture rimangano aperte e consentano una buona organizzazione e un rapido accesso. All'interno sono presenti sei scomparti stretti in cui \u00e8 possibile riporre i cacciaviti in modo sicuro e a portata di mano. Pi\u00f9 in l\u00e0, ci sono tre scomparti pi\u00f9 profondi per pinze e utensili simili, per averli sempre a portata di mano. Le cinghie esterne consentono di fissare altri accessori.<\/p>","protected":false},"excerpt":{"rendered":"<p>Speziell entwickelt f\u00fcr Elektriker:innen, aber ebenso n\u00fctzlich f\u00fcr alle anderen Arbeiten, bei denen es auf Ordnung und \u00dcbersichtlichkeit ankommt. Die Tasche l\u00e4sst sich \u00fcber das Bl\u00e5kl\u00e4der ToolRig\u2122 System einfach befestigen und ist sowohl f\u00fcr Hosen als auch f\u00fcr Zubeh\u00f6r geeignet, was m\u00fchelose Anpassungen im Laufe des Arbeitstages erm\u00f6glicht. Die Konstruktion ist robust und formstabil, sodass [&hellip;]<\/p>\n","protected":false},"featured_media":695216,"template":"","meta":[],"product_brand":[],"product_cat":[4209],"product_tag":[],"class_list":{"0":"post-695217","1":"product","2":"type-product","3":"status-publish","4":"has-post-thumbnail","6":"product_cat-zubehoer","7":"pa_brand-blaklaeder","8":"pa_brand-type-workwear","9":"pa_filter-color-schwarz","11":"first","12":"instock","13":"sale","14":"taxable","15":"shipping-taxable","16":"purchasable","17":"product-type-variable","18":"add-to-wishlist-before_image"},"exclude_global_add_ons":[],"addons":[],"acf":[],"_links":{"self":[{"href":"https:\/\/shop.kustom.ch\/it\/wp-json\/wp\/v2\/product\/695217"}],"collection":[{"href":"https:\/\/shop.kustom.ch\/it\/wp-json\/wp\/v2\/product"}],"about":[{"href":"https:\/\/shop.kustom.ch\/it\/wp-json\/wp\/v2\/types\/product"}],"wp:featuredmedia":[{"embeddable":true,"href":"https:\/\/shop.kustom.ch\/it\/wp-json\/wp\/v2\/media\/695216"}],"wp:attachment":[{"href":"https:\/\/shop.kustom.ch\/it\/wp-json\/wp\/v2\/media?parent=695217"}],"wp:term":[{"taxonomy":"product_brand","embeddable":true,"href":"https:\/\/shop.kustom.ch\/it\/wp-json\/wp\/v2\/product_brand?post=695217"},{"taxonomy":"product_cat","embeddable":true,"href":"https:\/\/shop.kustom.ch\/it\/wp-json\/wp\/v2\/product_cat?post=695217"},{"taxonomy":"product_tag","embeddable":true,"href":"https:\/\/shop.kustom.ch\/it\/wp-json\/wp\/v2\/product_tag?post=695217"}],"curies":[{"name":"wp","href":"https:\/\/api.w.org\/{rel}","templated":true}]}}