{"id":695199,"date":"2026-03-16T16:03:22","date_gmt":"2026-03-16T15:03:22","guid":{"rendered":"https:\/\/shop.kustom.ch\/?post_type=product&#038;p=695199"},"modified":"2026-03-31T08:43:55","modified_gmt":"2026-03-31T07:43:55","slug":"blaklaeder-toolrig-hosentraeger","status":"publish","type":"product","link":"https:\/\/shop.kustom.ch\/it\/prodotto\/blaklaeder-toolrig-hosentraeger\/","title":{"rendered":"Bl\u00e5kl\u00e4der ToolRig\u2122 bretelle"},"content":{"rendered":"<p>Pu\u00f2 essere combinata con la cintura portautensili ToolRig\u2122 per distribuire il peso comodamente sulle spalle. Le sezioni delle spalle imbottite garantiscono il comfort anche con l'attrezzatura pi\u00f9 pesante. I ganci bloccabili garantiscono un collegamento sicuro sia alla cintura portautensili ToolRig\u2122 che ai pantaloni da lavoro ToolRig\u2122. Regolate la lunghezza e fissate i vostri attrezzi agli spallacci: stabilit\u00e0 ed ergonomia anche per lunghi turni di lavoro.<\/p>","protected":false},"excerpt":{"rendered":"<p>Lassen sich mit dem ToolRig\u2122 Werkzeugg\u00fcrtel kombinieren, um das Gewicht bequem auf den Schultern zu verteilen. Die gepolsterten Schulterpartien sorgen f\u00fcr Komfort auch bei schwereren Ausr\u00fcstungen. Verschliessbare Haken sorgen f\u00fcr eine sichere Verbindung sowohl mit dem ToolRig\u2122 Werkzeugg\u00fcrtel als auch mit der ToolRig\u2122 Arbeitshose. Passe die L\u00e4nge an und befestige deine Werkzeuge an den Schulterriemen [&hellip;]<\/p>\n","protected":false},"featured_media":695204,"template":"","meta":[],"product_brand":[],"product_cat":[4209],"product_tag":[],"class_list":{"0":"post-695199","1":"product","2":"type-product","3":"status-publish","4":"has-post-thumbnail","6":"product_cat-zubehoer","7":"pa_brand-blaklaeder","8":"pa_brand-type-workwear","9":"pa_filter-color-schwarz","11":"first","12":"instock","13":"sale","14":"taxable","15":"shipping-taxable","16":"purchasable","17":"product-type-variable","18":"add-to-wishlist-before_image"},"exclude_global_add_ons":[],"addons":[],"acf":[],"_links":{"self":[{"href":"https:\/\/shop.kustom.ch\/it\/wp-json\/wp\/v2\/product\/695199"}],"collection":[{"href":"https:\/\/shop.kustom.ch\/it\/wp-json\/wp\/v2\/product"}],"about":[{"href":"https:\/\/shop.kustom.ch\/it\/wp-json\/wp\/v2\/types\/product"}],"wp:featuredmedia":[{"embeddable":true,"href":"https:\/\/shop.kustom.ch\/it\/wp-json\/wp\/v2\/media\/695204"}],"wp:attachment":[{"href":"https:\/\/shop.kustom.ch\/it\/wp-json\/wp\/v2\/media?parent=695199"}],"wp:term":[{"taxonomy":"product_brand","embeddable":true,"href":"https:\/\/shop.kustom.ch\/it\/wp-json\/wp\/v2\/product_brand?post=695199"},{"taxonomy":"product_cat","embeddable":true,"href":"https:\/\/shop.kustom.ch\/it\/wp-json\/wp\/v2\/product_cat?post=695199"},{"taxonomy":"product_tag","embeddable":true,"href":"https:\/\/shop.kustom.ch\/it\/wp-json\/wp\/v2\/product_tag?post=695199"}],"curies":[{"name":"wp","href":"https:\/\/api.w.org\/{rel}","templated":true}]}}