{"id":659261,"date":"2025-04-29T04:44:50","date_gmt":"2025-04-29T03:44:50","guid":{"rendered":"https:\/\/shop.kustom.ch\/?post_type=product&#038;p=659261"},"modified":"2026-03-31T08:39:06","modified_gmt":"2026-03-31T07:39:06","slug":"flammschutz-sturmhaube","status":"publish","type":"product","link":"https:\/\/shop.kustom.ch\/it\/prodotto\/flammschutz-sturmhaube\/","title":{"rendered":"Passamontagna antifiamma"},"content":{"rendered":"<p>Passamontagna che offre una protezione di lunga durata contro il calore, le fiamme e gli archi elettrici grazie al suo materiale confortevole e resistente alle fiamme. Il morbido materiale elasticizzato assicura un elevato livello di comfort quando si lavora in ambienti pericolosi. L'indumento \u00e8 certificato secondo le norme EN ISO 14116, EN 1149-5 e la qualit\u00e0 1764, \u00e8 testato e approvato secondo la norma APC 1 e ha un valore ELIM di 7,3 cal\/cm\u00b2.<\/p>\n<p>DETTAGLI: Etichette esterne di certificazione. ISTRUZIONI DI LAVAGGIO: 60\u00b0 C. Non candeggiare. Non stirare. Non lavare a secco. Asciugare in asciugatrice a bassa temperatura. PROPRIET\u00c0 PRINCIPALI: EN 1149-5. EN ISO 14116. TESSUTO: nero. Ritardante di fiamma. CERTIFICAZIONE: EN 1149-5. EN ISO 14116, indice 3.<\/p>\n<p>59% modacrilico, 39% cotone, 2% altre fibre, maglia a coste, ritardante di fiamma, antistatico, 250g\/m\u00b2<\/p>","protected":false},"excerpt":{"rendered":"<p>Sturmhaube, die dank ihres bequemen, flammfesten Materials einen dauerhaften Schutz gegen Hitze, Flammen und Lichtbogen bietet. Das weiche Stretchmaterial sorgt f\u00fcr hohen Arbeitskomfort bei Arbeiten in gef\u00e4hrlichen Umgebungen. Das Kleidungsst\u00fcck ist nach EN ISO 14116, EN 1149-5 zertifiziert.Die Qualit\u00e4t 1764 ist nach APC 1 gepr\u00fcft und zugelassen und hat einen ELIM-Wert von 7,3 cal\/cm\u00b2. DETAILS: [&hellip;]<\/p>\n","protected":false},"featured_media":659305,"template":"","meta":[],"product_brand":[],"product_cat":[4209],"product_tag":[],"class_list":{"0":"post-659261","1":"product","2":"type-product","3":"status-publish","4":"has-post-thumbnail","6":"product_cat-zubehoer","7":"pa_brand-blaklaeder","8":"pa_brand-type-workwear","9":"pa_filter-color-schwarz","11":"first","12":"instock","13":"sale","14":"taxable","15":"shipping-taxable","16":"purchasable","17":"product-type-variable","18":"add-to-wishlist-before_image"},"exclude_global_add_ons":[],"addons":[],"acf":[],"_links":{"self":[{"href":"https:\/\/shop.kustom.ch\/it\/wp-json\/wp\/v2\/product\/659261"}],"collection":[{"href":"https:\/\/shop.kustom.ch\/it\/wp-json\/wp\/v2\/product"}],"about":[{"href":"https:\/\/shop.kustom.ch\/it\/wp-json\/wp\/v2\/types\/product"}],"wp:featuredmedia":[{"embeddable":true,"href":"https:\/\/shop.kustom.ch\/it\/wp-json\/wp\/v2\/media\/659305"}],"wp:attachment":[{"href":"https:\/\/shop.kustom.ch\/it\/wp-json\/wp\/v2\/media?parent=659261"}],"wp:term":[{"taxonomy":"product_brand","embeddable":true,"href":"https:\/\/shop.kustom.ch\/it\/wp-json\/wp\/v2\/product_brand?post=659261"},{"taxonomy":"product_cat","embeddable":true,"href":"https:\/\/shop.kustom.ch\/it\/wp-json\/wp\/v2\/product_cat?post=659261"},{"taxonomy":"product_tag","embeddable":true,"href":"https:\/\/shop.kustom.ch\/it\/wp-json\/wp\/v2\/product_tag?post=659261"}],"curies":[{"name":"wp","href":"https:\/\/api.w.org\/{rel}","templated":true}]}}