{"id":611649,"date":"2025-03-06T04:28:06","date_gmt":"2025-03-06T03:28:06","guid":{"rendered":"https:\/\/shop.kustom.ch\/?post_type=product&#038;p=611649"},"modified":"2026-04-01T07:04:00","modified_gmt":"2026-04-01T06:04:00","slug":"fhb-original-julia-softshell-jacke-damen","status":"publish","type":"product","link":"https:\/\/shop.kustom.ch\/it\/prodotto\/fhb-original-julia-softshell-jacke-damen\/","title":{"rendered":"Giacca softshell JULIA"},"content":{"rendered":"<p>In forma:<br \/>\nJulia ha un taglio sportivo.<br \/>\nIl tessuto softshell FHB di alta qualit\u00e0 \u00e8 elastico ed estremamente flessibile.<br \/>\nLa giacca si adatta perfettamente a chi la indossa senza limitarne i movimenti.<br \/>\nIl taglio ergonomico della giacca \u00e8 stato modellato sull'anatomia del corpo.<br \/>\nAd esempio, le maniche sono leggermente preformate e si adattano alla postura naturale del corpo.<br \/>\nLa schiena \u00e8 leggermente pi\u00f9 lunga e copre la zona lombare anche quando si \u00e8 piegati o inginocchiati, il che \u00e8 particolarmente comodo nelle giornate pi\u00f9 fredde.<br \/>\nLe maniche sono leggermente pi\u00f9 lunghe, in modo da coprire i polsi anche quando le braccia sono distese, e oltre alle numerose caratteristiche tecniche, la giacca ha un aspetto semplicemente casual ed \u00e8 super confortevole da indossare.<br \/>\nCollo alto:<br \/>\nIl colletto a chiusura alta protegge dal vento freddo.<br \/>\nPer il colletto interno viene utilizzato un pile piacevolmente morbido e riscaldante.<br \/>\nLa protezione per il mento (zip garage) sul colletto alto impedisce alla zip chiusa di graffiarsi.<br \/>\nRegolazione della larghezza:<br \/>\nIl girovita in basso pu\u00f2 essere regolato alla larghezza ideale con una coulisse e si chiude con un tappo.<br \/>\nQuesto garantisce una buona vestibilit\u00e0 della giacca e impedisce al freddo fastidioso di penetrare, mentre i polsini sono dotati di una linguetta per regolarne l'ampiezza.<br \/>\nBorse:<br \/>\n2 ampie tasche con chiusura a zip.<br \/>\nLe due tasche anteriori sono dotate di una resistente fodera. 1 tasca sul petto con cerniera.<br \/>\nChiusure lampo funzionali:<br \/>\nCerniera anteriore YKK a tutta lunghezza, molto scorrevole Tutte le cerniere sono dotate di una catena ritorta (all'interno): Cerniera allungata per facilitare l'azionamento della cerniera anche quando si indossano i guanti.<br \/>\nLa cerniera ha una forma morbida ed \u00e8 dotata di grip all'interno.<br \/>\nStriscia di protezione dal vento:<br \/>\nDietro la cerniera anteriore \u00e8 cucito un lembo di protezione per tutta la lunghezza per tenere fuori l'aria fredda.<br \/>\nCappuccio con visiera:<br \/>\nIl cappuccio \u00e8 regolabile con una coulisse (con fermacorda) e pu\u00f2 essere adattato al campo visivo.<br \/>\nInsieme al colletto alto, protegge bene la testa in caso di maltempo e il cappuccio pu\u00f2 essere rimosso in caso di bel tempo.<br \/>\nQuando il cappuccio viene rimosso, la parte rimanente della cerniera pu\u00f2 essere coperta in modo ordinato da un lembo.<br \/>\nNessuna cucitura sulla spalla:<br \/>\nLa cucitura della spalla di Julia \u00e8 posizionata lateralmente.<br \/>\nIl vantaggio: se si trasporta una borsa o una trave di legno sulla spalla, non ci sono scomodi punti di pressione. Materiale: poliestere 100%<\/p>","protected":false},"excerpt":{"rendered":"<p>Passform: Julia ist sportlich geschnitten. Das hochwertigen FHB-Softshell-Gewebe ist dehnbar und extrem geschmeidig. Die Jacke passt sich optimal an die Tr\u00e4gerin an, ohne sie bei der Bewegung einzuschr\u00e4nken. Der ergonomische Schnitt der Jacke wurde der Anatomie des K\u00f6rpers nachempfunden. So sind die \u00c4rmel leicht vorgeformt und entsprechend der nat\u00fcrlichen Haltung des K\u00f6rpers. Der R\u00fccken ist [&hellip;]<\/p>\n","protected":false},"featured_media":672149,"template":"","meta":[],"product_brand":[],"product_cat":[4186],"product_tag":[],"class_list":{"0":"post-611649","1":"product","2":"type-product","3":"status-publish","4":"has-post-thumbnail","6":"product_cat-jacken","7":"pa_brand-fhb","8":"pa_brand-type-workwear","9":"pa_filter-color-anthrazit-schwarz","10":"pa_filter-color-beige-schwarz","11":"pa_filter-color-grau-schwarz","12":"pa_filter-color-gruen-schwarz","13":"pa_filter-color-marine-schwarz","14":"pa_filter-color-oliv-schwarz","15":"pa_filter-color-rot-schwarz","16":"pa_filter-color-royalblau-schwarz","17":"pa_filter-color-schwarz","18":"pa_filter-color-weiss-anthrazit","20":"first","21":"instock","22":"sale","23":"taxable","24":"shipping-taxable","25":"purchasable","26":"product-type-variable","27":"add-to-wishlist-before_image"},"exclude_global_add_ons":[],"addons":[],"acf":[],"_links":{"self":[{"href":"https:\/\/shop.kustom.ch\/it\/wp-json\/wp\/v2\/product\/611649"}],"collection":[{"href":"https:\/\/shop.kustom.ch\/it\/wp-json\/wp\/v2\/product"}],"about":[{"href":"https:\/\/shop.kustom.ch\/it\/wp-json\/wp\/v2\/types\/product"}],"wp:featuredmedia":[{"embeddable":true,"href":"https:\/\/shop.kustom.ch\/it\/wp-json\/wp\/v2\/media\/672149"}],"wp:attachment":[{"href":"https:\/\/shop.kustom.ch\/it\/wp-json\/wp\/v2\/media?parent=611649"}],"wp:term":[{"taxonomy":"product_brand","embeddable":true,"href":"https:\/\/shop.kustom.ch\/it\/wp-json\/wp\/v2\/product_brand?post=611649"},{"taxonomy":"product_cat","embeddable":true,"href":"https:\/\/shop.kustom.ch\/it\/wp-json\/wp\/v2\/product_cat?post=611649"},{"taxonomy":"product_tag","embeddable":true,"href":"https:\/\/shop.kustom.ch\/it\/wp-json\/wp\/v2\/product_tag?post=611649"}],"curies":[{"name":"wp","href":"https:\/\/api.w.org\/{rel}","templated":true}]}}