{"id":597679,"date":"2025-03-05T01:30:33","date_gmt":"2025-03-05T00:30:33","guid":{"rendered":"https:\/\/shop.kustom.ch\/?post_type=product&#038;p=597679"},"modified":"2026-03-31T09:04:37","modified_gmt":"2026-03-31T08:04:37","slug":"winterjacke-6","status":"publish","type":"product","link":"https:\/\/shop.kustom.ch\/it\/prodotto\/winterjacke-6\/","title":{"rendered":"Giacca invernale"},"content":{"rendered":"<p>Giacca invernale ad alta visibilit\u00e0 con fodera trapuntata in materiale esterno resistente e idrorepellente. La giacca pu\u00f2 essere regolata sul fondo ed \u00e8 allargata sul retro per proteggere la schiena dal freddo anche quando ci si muove. Sul braccio, sul petto e sulla schiena sono presenti aree per la decorazione. La giacca \u00e8 certificata EN High Vis e antifreddo ed \u00e8 un'ottima giacca invernale High Vis a tutto tondo.<\/p>\n<p>CHIUSURA: Schiena allungata. Polsini regolabili con chiusura in velcro. DETTAGLI: Tasca per carte d'identit\u00e0 staccabile. Colletto foderato in pile. CHIUSURA ANTERIORE: Zip nascosta in plastica rinforzata. FUNZIONALIT\u00c0: Materiale esterno idrorepellente e antisporco. PROPRIET\u00c0 PRINCIPALI: Lavoratori stradali ed edili. RIS-3279-TOM . REFLEX: Materiale riflettente su corpo, maniche e spalle. TESSUTO: Uomo. blu. Alta visibilit\u00e0. TASCHE: Tasca sul petto con zip. Tasca interna con chiusura a velcro. Tasche a fessura foderate. ISTRUZIONI DI LAVAGGIO: Colore 55XX\/XX55 - lavaggio domestico secondo EN ISO 20471. 60\u00b0 C. CERTIFICAZIONE: EN 342 insieme all'Art. 1862. gruppo di certificazione B S - L<\/p>\n<p>65% poliestere, 35% cotone, twill, tessuto esterno idrorepellente, 240g\/m\u00b2.<\/p>","protected":false},"excerpt":{"rendered":"<p>High-Vis Winterjacke mit Steppfutter aus haltbarem, wasser- und schmutzabweisendem Aussenmaterial. Die Jacke kann im unteren Bereich angepasst werden und ist am R\u00fccken erweitert, um den R\u00fccken auch bei Bewegung vor K\u00e4lte zu sch\u00fctzen. Auf dem Arm, auf der Brust und am R\u00fccken sind Fl\u00e4chen zur Veredelung vorhanden. Die Jacke ist High Vis und K\u00e4lte EN-zertifiziert [&hellip;]<\/p>\n","protected":false},"featured_media":597734,"template":"","meta":[],"product_brand":[],"product_cat":[4186],"product_tag":[],"class_list":{"0":"post-597679","1":"product","2":"type-product","3":"status-publish","4":"has-post-thumbnail","6":"product_cat-jacken","7":"pa_brand-blaklaeder","8":"pa_brand-type-workwear","9":"pa_filter-color-blau","10":"pa_filter-color-gelb","11":"pa_filter-color-grau","12":"pa_filter-color-orange","13":"pa_filter-color-rot","14":"pa_filter-color-schwarz","16":"first","17":"instock","18":"sale","19":"taxable","20":"shipping-taxable","21":"purchasable","22":"product-type-variable","23":"add-to-wishlist-before_image"},"exclude_global_add_ons":[],"addons":[],"acf":[],"_links":{"self":[{"href":"https:\/\/shop.kustom.ch\/it\/wp-json\/wp\/v2\/product\/597679"}],"collection":[{"href":"https:\/\/shop.kustom.ch\/it\/wp-json\/wp\/v2\/product"}],"about":[{"href":"https:\/\/shop.kustom.ch\/it\/wp-json\/wp\/v2\/types\/product"}],"wp:featuredmedia":[{"embeddable":true,"href":"https:\/\/shop.kustom.ch\/it\/wp-json\/wp\/v2\/media\/597734"}],"wp:attachment":[{"href":"https:\/\/shop.kustom.ch\/it\/wp-json\/wp\/v2\/media?parent=597679"}],"wp:term":[{"taxonomy":"product_brand","embeddable":true,"href":"https:\/\/shop.kustom.ch\/it\/wp-json\/wp\/v2\/product_brand?post=597679"},{"taxonomy":"product_cat","embeddable":true,"href":"https:\/\/shop.kustom.ch\/it\/wp-json\/wp\/v2\/product_cat?post=597679"},{"taxonomy":"product_tag","embeddable":true,"href":"https:\/\/shop.kustom.ch\/it\/wp-json\/wp\/v2\/product_tag?post=597679"}],"curies":[{"name":"wp","href":"https:\/\/api.w.org\/{rel}","templated":true}]}}