{"id":596873,"date":"2025-03-05T01:11:23","date_gmt":"2025-03-05T00:11:23","guid":{"rendered":"https:\/\/shop.kustom.ch\/?post_type=product&#038;p=596873"},"modified":"2026-03-31T09:02:34","modified_gmt":"2026-03-31T08:02:34","slug":"pile-jacke","status":"publish","type":"product","link":"https:\/\/shop.kustom.ch\/it\/prodotto\/pile-jacke\/","title":{"rendered":"Giacca in pile"},"content":{"rendered":"<p>La giacca Bl\u00e5kl\u00e4der Pile \u00e8 un compagno di calore dallo stile classico. La giacca, che pu\u00f2 essere utilizzata anche come maglione caldo, \u00e8 realizzata in tessuto di pile di alta qualit\u00e0 e non lascia nulla a desiderare quando si tratta di tenervi caldi e comodi. La giacca \u00e8 dotata di cappuccio, schiena allungata e fori per i pollici. \u00c8 un classico imbattibile dello stile Bl\u00e5kl\u00e4der. Se cercate calore e intimit\u00e0 in un unico capo, questa \u00e8 la scelta perfetta per voi. Disponibile anche come modello da donna 4727.<\/p>\n<p>CHIUSURA: Fascia elastica sull'orlo inferiore. Polsini allungati con apertura per il pollice e orlo elasticizzato. DETTAGLI: Cappuccio fisso. CHIUSURA ANTERIORE: Patta antivento con fodera in pile all'interno. CARATTERISTICHE PRINCIPALI: Autista. TESSUTO: Uomo. verde. Vento\/umido\/freddo. TASCHE: Tasca sul petto con zip. Tasche laterali con zip. ISTRUZIONI DI LAVAGGIO: Non candeggiare.<\/p>\n<p>100% Velo di poliestere, 350g\/m\u00b2<\/p>","protected":false},"excerpt":{"rendered":"<p>Die Bl\u00e5kl\u00e4der Pile Jacke ist ein w\u00e4rmender Begleiter im klassischen Stil. Die Jacke, die auch als warmer Pullover verwendet werden kann, ist aus hochwertigem Florgewebe gefertigt und l\u00e4sst keine W\u00fcnsche offen, wenn es darum geht, Sie warm und bequem zu halten. Die Jacke hat eine Kapuze, einen verl\u00e4ngerten R\u00fccken und Daumenl\u00f6cher. Sie ist ein unschlagbarer [&hellip;]<\/p>\n","protected":false},"featured_media":596938,"template":"","meta":[],"product_brand":[],"product_cat":[4186],"product_tag":[],"class_list":{"0":"post-596873","1":"product","2":"type-product","3":"status-publish","4":"has-post-thumbnail","6":"product_cat-jacken","7":"pa_brand-blaklaeder","8":"pa_brand-type-workwear","9":"pa_filter-color-gruen","10":"pa_filter-color-schwarz","12":"first","13":"instock","14":"sale","15":"taxable","16":"shipping-taxable","17":"purchasable","18":"product-type-variable","19":"add-to-wishlist-before_image"},"exclude_global_add_ons":[],"addons":[],"acf":[],"_links":{"self":[{"href":"https:\/\/shop.kustom.ch\/it\/wp-json\/wp\/v2\/product\/596873"}],"collection":[{"href":"https:\/\/shop.kustom.ch\/it\/wp-json\/wp\/v2\/product"}],"about":[{"href":"https:\/\/shop.kustom.ch\/it\/wp-json\/wp\/v2\/types\/product"}],"wp:featuredmedia":[{"embeddable":true,"href":"https:\/\/shop.kustom.ch\/it\/wp-json\/wp\/v2\/media\/596938"}],"wp:attachment":[{"href":"https:\/\/shop.kustom.ch\/it\/wp-json\/wp\/v2\/media?parent=596873"}],"wp:term":[{"taxonomy":"product_brand","embeddable":true,"href":"https:\/\/shop.kustom.ch\/it\/wp-json\/wp\/v2\/product_brand?post=596873"},{"taxonomy":"product_cat","embeddable":true,"href":"https:\/\/shop.kustom.ch\/it\/wp-json\/wp\/v2\/product_cat?post=596873"},{"taxonomy":"product_tag","embeddable":true,"href":"https:\/\/shop.kustom.ch\/it\/wp-json\/wp\/v2\/product_tag?post=596873"}],"curies":[{"name":"wp","href":"https:\/\/api.w.org\/{rel}","templated":true}]}}