{"id":586281,"date":"2025-03-04T22:04:57","date_gmt":"2025-03-04T21:04:57","guid":{"rendered":"https:\/\/shop.kustom.ch\/?post_type=product&#038;p=586281"},"modified":"2026-03-31T08:47:50","modified_gmt":"2026-03-31T07:47:50","slug":"high-vis-weste","status":"publish","type":"product","link":"https:\/\/shop.kustom.ch\/it\/prodotto\/high-vis-weste\/","title":{"rendered":"Gilet High Vis"},"content":{"rendered":"<p>Un gilet leggero ad alta visibilit\u00e0 che \u00e8 davvero visibile. Strisce riflettenti ovunque, anche sulle maniche, per essere visibili da tutte le direzioni. Zip sul davanti e intelligenti aperture laterali per raggiungere le tasche principali. Certificato secondo la norma EN20471 Classe 3, XS\/S Classe 2, vale a dire che il gilet \u00e8 dotato di maniche riflettenti.<\/p>\n<p>CHIUSURA: dorso allungato. DETTAGLI: Tasca per carte d'identit\u00e0 incassata. Scollo a V. CHIUSURA ANTERIORE: zip in plastica. CARATTERISTICHE PRINCIPALI: Autista. RIS-3279-TOM . REFLEX: strisce riflettenti larghe 50 mm. TESSUTO: Uomo. Giallo alta visibilit\u00e0. Alta visibilit\u00e0. TASCA: Tasca interna per documenti. Passante per radio. ISTRUZIONI DI LAVAGGIO: Numero di lavaggi: 25, non candeggiare. CERTIFICAZIONE: Gli indumenti di classe 2 e 3 in arancione sono conformi alla norma RIS-3279-TOM, edizione 2.<\/p>\n<p>100 poliestere %, maglia indemagliabile, anti-pilling, 120 g\/m\u00b2<\/p>","protected":false},"excerpt":{"rendered":"<p>Eine leichte High Vis Weste, die wirklich sichtbar ist. Reflexstreifen \u00fcberall, auch an den \u00c4rmeln, damit Sie aus allen Richtungen gesehen werden k\u00f6nnen. Reissverschluss an der Vorderseite und intelligente \u00d6ffnungen an der Seite, damit Sie Ihre Haupttaschen erreichen k\u00f6nnen. Zertifiziert nach EN20471 Klasse 3, XS\/S Klasse 2, d. h. die Weste hat z. B. \u00c4rmel [&hellip;]<\/p>\n","protected":false},"featured_media":586331,"template":"","meta":[],"product_brand":[],"product_cat":[4208],"product_tag":[],"class_list":{"0":"post-586281","1":"product","2":"type-product","3":"status-publish","4":"has-post-thumbnail","6":"product_cat-westen","7":"pa_brand-blaklaeder","8":"pa_brand-type-workwear","9":"pa_filter-color-gelb","10":"pa_filter-color-orange","11":"pa_filter-color-rot","13":"first","14":"instock","15":"sale","16":"taxable","17":"shipping-taxable","18":"purchasable","19":"product-type-variable","20":"add-to-wishlist-before_image"},"exclude_global_add_ons":[],"addons":[],"acf":[],"_links":{"self":[{"href":"https:\/\/shop.kustom.ch\/it\/wp-json\/wp\/v2\/product\/586281"}],"collection":[{"href":"https:\/\/shop.kustom.ch\/it\/wp-json\/wp\/v2\/product"}],"about":[{"href":"https:\/\/shop.kustom.ch\/it\/wp-json\/wp\/v2\/types\/product"}],"wp:featuredmedia":[{"embeddable":true,"href":"https:\/\/shop.kustom.ch\/it\/wp-json\/wp\/v2\/media\/586331"}],"wp:attachment":[{"href":"https:\/\/shop.kustom.ch\/it\/wp-json\/wp\/v2\/media?parent=586281"}],"wp:term":[{"taxonomy":"product_brand","embeddable":true,"href":"https:\/\/shop.kustom.ch\/it\/wp-json\/wp\/v2\/product_brand?post=586281"},{"taxonomy":"product_cat","embeddable":true,"href":"https:\/\/shop.kustom.ch\/it\/wp-json\/wp\/v2\/product_cat?post=586281"},{"taxonomy":"product_tag","embeddable":true,"href":"https:\/\/shop.kustom.ch\/it\/wp-json\/wp\/v2\/product_tag?post=586281"}],"curies":[{"name":"wp","href":"https:\/\/api.w.org\/{rel}","templated":true}]}}