{"id":89981,"date":"2024-03-20T16:30:28","date_gmt":"2024-03-20T15:30:28","guid":{"rendered":"https:\/\/kustomshop.kinsta.cloud\/produkt\/squad-short-solid-w\/"},"modified":"2026-03-27T14:45:42","modified_gmt":"2026-03-27T13:45:42","slug":"squad-short-solid-w","status":"publish","type":"product","link":"https:\/\/shop.kustom.ch\/fr\/produit\/squad-short-solid-w\/","title":{"rendered":"Squad Short Solid W"},"content":{"rendered":"<p>Quelle est la couleur pr\u00e9f\u00e9r\u00e9e de votre \u00e9quipe ? Avec le short Squad, CRAFT propose une palette de couleurs vari\u00e9e. Gr\u00e2ce au mat\u00e9riau tr\u00e8s \u00e9lastique, une libert\u00e9 de mouvement illimit\u00e9e est offerte. De plus, le tissu fonctionnel assure un s\u00e9chage rapide de la peau. Avec le cordon de serrage \u00e0 la taille, le pantalon a un maintien optimal - pendant 90 minutes.<\/p>\n<p>Mat\u00e9riau : 100 % polyester<\/p>","protected":false},"excerpt":{"rendered":"<p>Was ist eure pr\u00e4ferierte Mannschaftsfarbe? CRAFT bietet mit der Squad Short eine vielf\u00e4ltige Farbpalette an. Mit dem sehr elastischen Material wird uneingeschr\u00e4nkte Bewegungsfreiheit geboten. Zudem sorgt das funktionelle Gewebe f\u00fcr eine schnelle Trocknung der Haut. Mit dem Kordelzug im Bund hat die Hose optimalen Halt &#8211; 90 Minuten lang. Material: 100 % Polyester<\/p>","protected":false},"featured_media":247758,"template":"","meta":[],"product_brand":[],"product_cat":[4198],"product_tag":[],"class_list":{"0":"post-89981","1":"product","2":"type-product","3":"status-publish","4":"has-post-thumbnail","6":"product_cat-shorts","7":"pa_brand-craft-teamwear","8":"pa_brand-type-sportswear","9":"pa_filter-color-blau","10":"pa_filter-color-gelb","11":"pa_filter-color-gruen","12":"pa_filter-color-orange","13":"pa_filter-color-pink","14":"pa_filter-color-rot","15":"pa_filter-color-schwarz","16":"pa_filter-color-weiss","18":"first","19":"instock","20":"sale","21":"taxable","22":"shipping-taxable","23":"purchasable","24":"product-type-variable","25":"add-to-wishlist-before_image"},"exclude_global_add_ons":[],"addons":[],"acf":[],"_links":{"self":[{"href":"https:\/\/shop.kustom.ch\/fr\/wp-json\/wp\/v2\/product\/89981"}],"collection":[{"href":"https:\/\/shop.kustom.ch\/fr\/wp-json\/wp\/v2\/product"}],"about":[{"href":"https:\/\/shop.kustom.ch\/fr\/wp-json\/wp\/v2\/types\/product"}],"wp:featuredmedia":[{"embeddable":true,"href":"https:\/\/shop.kustom.ch\/fr\/wp-json\/wp\/v2\/media\/247758"}],"wp:attachment":[{"href":"https:\/\/shop.kustom.ch\/fr\/wp-json\/wp\/v2\/media?parent=89981"}],"wp:term":[{"taxonomy":"product_brand","embeddable":true,"href":"https:\/\/shop.kustom.ch\/fr\/wp-json\/wp\/v2\/product_brand?post=89981"},{"taxonomy":"product_cat","embeddable":true,"href":"https:\/\/shop.kustom.ch\/fr\/wp-json\/wp\/v2\/product_cat?post=89981"},{"taxonomy":"product_tag","embeddable":true,"href":"https:\/\/shop.kustom.ch\/fr\/wp-json\/wp\/v2\/product_tag?post=89981"}],"curies":[{"name":"wp","href":"https:\/\/api.w.org\/{rel}","templated":true}]}}