{"id":88818,"date":"2024-03-20T16:26:40","date_gmt":"2024-03-20T15:26:40","guid":{"rendered":"https:\/\/kustomshop.kinsta.cloud\/produkt\/core-subz-leg-warmer\/"},"modified":"2026-03-27T13:38:25","modified_gmt":"2026-03-27T12:38:25","slug":"core-subz-leg-warmer","status":"publish","type":"product","link":"https:\/\/shop.kustom.ch\/fr\/produit\/core-subz-leg-warmer\/","title":{"rendered":"CORE SubZ Chauffe-jambes"},"content":{"rendered":"<p>Chauffe-jambes l\u00e9ger et \u00e9lastique, r\u00e9sistant au vent et \u00e0 l'eau, avec int\u00e9rieur gratt\u00e9 et coupe ergonomique.<\/p>\n<p>- Mati\u00e8re douce, l\u00e9g\u00e8re et \u00e9lastique pour une libert\u00e9 de mouvement illimit\u00e9e<br \/>\n- Rev\u00eatement \u00e9lastique en silicone pour un maintien antid\u00e9rapant<br \/>\n- Les coutures positionn\u00e9es de mani\u00e8re ergonomique s'adaptent aux mouvements du corps<br \/>\n- Int\u00e9rieur doux et gratt\u00e9 pour un confort accru et une thermor\u00e9gulation \u00e9lev\u00e9e<br \/>\n- Coutures \u00e9lastiques avec couleurs contrast\u00e9es<br \/>\n- Ajustement anatomique<br \/>\n- Logo r\u00e9fl\u00e9chissant<\/p>\n<p>Mati\u00e8re : 88% polyester recycl\u00e9, 12% \u00e9lasthanne<\/p>","protected":false},"excerpt":{"rendered":"<p>Leichter, elastischer, wind- und wasserfester Beinw\u00e4rmer mit angerauter Innenseite und ergonomischer Passform. \u2022 Weiches, leichtes, elastisches Material f\u00fcr uneingeschr\u00e4nkte Bewegungsfreiheit \u2022 Elastische Silikonbeschichtung f\u00fcr rutschfesten Halt \u2022 Ergonomisch positionierte N\u00e4hte passen sich der K\u00f6rperbewegung an \u2022 Weiche, angeraute Innenseite f\u00fcr erh\u00f6hten Komfort und hohe Thermoregulierung \u2022 Elastische N\u00e4hte mit kontrastierenden Farben \u2022 Anatomische Passform \u2022 [&hellip;]<\/p>\n","protected":false},"featured_media":247599,"template":"","meta":[],"product_brand":[],"product_cat":[9643,4209],"product_tag":[],"class_list":{"0":"post-88818","1":"product","2":"type-product","3":"status-publish","4":"has-post-thumbnail","6":"product_cat-equipment","7":"product_cat-zubehoer","8":"pa_brand-craft-retail-sportswear","9":"pa_brand-type-sportswear","10":"pa_filter-color-schwarz","12":"first","13":"instock","14":"sale","15":"taxable","16":"shipping-taxable","17":"purchasable","18":"product-type-variable","19":"add-to-wishlist-before_image"},"exclude_global_add_ons":[],"addons":[],"acf":[],"_links":{"self":[{"href":"https:\/\/shop.kustom.ch\/fr\/wp-json\/wp\/v2\/product\/88818"}],"collection":[{"href":"https:\/\/shop.kustom.ch\/fr\/wp-json\/wp\/v2\/product"}],"about":[{"href":"https:\/\/shop.kustom.ch\/fr\/wp-json\/wp\/v2\/types\/product"}],"wp:featuredmedia":[{"embeddable":true,"href":"https:\/\/shop.kustom.ch\/fr\/wp-json\/wp\/v2\/media\/247599"}],"wp:attachment":[{"href":"https:\/\/shop.kustom.ch\/fr\/wp-json\/wp\/v2\/media?parent=88818"}],"wp:term":[{"taxonomy":"product_brand","embeddable":true,"href":"https:\/\/shop.kustom.ch\/fr\/wp-json\/wp\/v2\/product_brand?post=88818"},{"taxonomy":"product_cat","embeddable":true,"href":"https:\/\/shop.kustom.ch\/fr\/wp-json\/wp\/v2\/product_cat?post=88818"},{"taxonomy":"product_tag","embeddable":true,"href":"https:\/\/shop.kustom.ch\/fr\/wp-json\/wp\/v2\/product_tag?post=88818"}],"curies":[{"name":"wp","href":"https:\/\/api.w.org\/{rel}","templated":true}]}}