{"id":704120,"date":"2026-03-18T17:41:36","date_gmt":"2026-03-18T16:41:36","guid":{"rendered":"https:\/\/shop.kustom.ch\/?post_type=product&#038;p=704120"},"modified":"2026-03-27T15:53:28","modified_gmt":"2026-03-27T14:53:28","slug":"ability-jersey-shorts-w","status":"publish","type":"product","link":"https:\/\/shop.kustom.ch\/fr\/produit\/ability-jersey-shorts-w\/","title":{"rendered":"Short Ability Jersey W"},"content":{"rendered":"<p>Ability Jersey ShLes shorts Ability Jersey sont des shorts de match et d'entra\u00eenement l\u00e9gers et \u00e9lastiques. Fabriqu\u00e9 en mat\u00e9riau recycl\u00e9 fin et respirant, ce short polyvalent offre une excellente \u00e9vacuation de l'humidit\u00e9 pour vous permettre de rester au frais et au sec pendant les s\u00e9ances d'entra\u00eenement intensives. De plus, une taille \u00e9lastique avec un cordon de serrage r\u00e9glable assure un excellent ajustement.<\/p>\n<p>- Tissu l\u00e9ger et extensible en polyester recycl\u00e9 100 %<br \/>\n- Ceinture avec cordon de serrage<br \/>\n- Couture int\u00e9rieure courte (longueur de la jambe)<br \/>\n- Coupe normale<\/p>\n<p>Mati\u00e8re : 100 % polyester recycl\u00e9<\/p>","protected":false},"excerpt":{"rendered":"<p>Ability Jersey ShDie Ability Jersey Shorts sind leichte und elastische Match- und Trainingsshorts. Diese vielseitigen Shorts sind aus d\u00fcnnem und atmungsaktivem recyceltem Material gefertigt und bieten einen hervorragenden Feuchtigkeitstransport, damit Sie auch bei intensiven Trainingseinheiten k\u00fchl und trocken bleiben. Dar\u00fcber hinaus sorgt ein elastischer Bund mit verstellbarem Kordelzug f\u00fcr eine hervorragende Passform. \u2022 Leichtes und [&hellip;]<\/p>\n","protected":false},"featured_media":704165,"template":"","meta":[],"product_brand":[],"product_cat":[4198],"product_tag":[],"class_list":{"0":"post-704120","1":"product","2":"type-product","3":"status-publish","4":"has-post-thumbnail","6":"product_cat-shorts","7":"pa_brand-craft","8":"pa_brand-type-sportswear","9":"pa_filter-color-blau","10":"pa_filter-color-schwarz","12":"first","13":"instock","14":"sale","15":"taxable","16":"shipping-taxable","17":"purchasable","18":"product-type-variable","19":"add-to-wishlist-before_image"},"exclude_global_add_ons":[],"addons":[],"acf":[],"_links":{"self":[{"href":"https:\/\/shop.kustom.ch\/fr\/wp-json\/wp\/v2\/product\/704120"}],"collection":[{"href":"https:\/\/shop.kustom.ch\/fr\/wp-json\/wp\/v2\/product"}],"about":[{"href":"https:\/\/shop.kustom.ch\/fr\/wp-json\/wp\/v2\/types\/product"}],"wp:featuredmedia":[{"embeddable":true,"href":"https:\/\/shop.kustom.ch\/fr\/wp-json\/wp\/v2\/media\/704165"}],"wp:attachment":[{"href":"https:\/\/shop.kustom.ch\/fr\/wp-json\/wp\/v2\/media?parent=704120"}],"wp:term":[{"taxonomy":"product_brand","embeddable":true,"href":"https:\/\/shop.kustom.ch\/fr\/wp-json\/wp\/v2\/product_brand?post=704120"},{"taxonomy":"product_cat","embeddable":true,"href":"https:\/\/shop.kustom.ch\/fr\/wp-json\/wp\/v2\/product_cat?post=704120"},{"taxonomy":"product_tag","embeddable":true,"href":"https:\/\/shop.kustom.ch\/fr\/wp-json\/wp\/v2\/product_tag?post=704120"}],"curies":[{"name":"wp","href":"https:\/\/api.w.org\/{rel}","templated":true}]}}