{"id":703909,"date":"2026-03-18T17:38:39","date_gmt":"2026-03-18T16:38:39","guid":{"rendered":"https:\/\/shop.kustom.ch\/?post_type=product&#038;p=703909"},"modified":"2026-03-27T15:51:08","modified_gmt":"2026-03-27T14:51:08","slug":"evolve-2-0-shorts-jr","status":"publish","type":"product","link":"https:\/\/shop.kustom.ch\/fr\/produit\/evolve-2-0-shorts-jr\/","title":{"rendered":"Short Evolve 2.0 Jr"},"content":{"rendered":"<p>Le short Evolve 2.0 est un short de match et d'entra\u00eenement \u00e9lastique et fonctionnel. Fabriqu\u00e9 dans une mati\u00e8re l\u00e9g\u00e8re et \u00e9lastique, ce short offre une libert\u00e9 de mouvement illimit\u00e9e et une excellente \u00e9vacuation de l'humidit\u00e9 pour rester au sec m\u00eame lors d'entra\u00eenements intensifs. Une taille \u00e9lastique avec cordon de serrage assure un maintien s\u00fbr et personnalis\u00e9.<\/p>\n<p>- Tissu l\u00e9ger et extensible en polyester recycl\u00e9 100 %<br \/>\n- Ceinture \u00e9lastique avec cordon de serrage<br \/>\n- Coupe normale<\/p>\n<p>Mati\u00e8re : 100 % polyester recycl\u00e9<\/p>","protected":false},"excerpt":{"rendered":"<p>Die Evolve 2.0 Shorts sind elastische und funktionelle Match- und Trainingsshorts. Die Shorts sind aus einem leichten, elastischen Material gefertigt und bieten uneingeschr\u00e4nkte Bewegungsfreiheit sowie einen hervorragenden Feuchtigkeitstransport, damit Sie auch bei intensiven Trainingseinheiten trocken bleiben. Ein elastischer Bund mit Kordelzug sorgt f\u00fcr einen sicheren, individuellen Sitz. \u2022 Leichtes und dehnbares Material aus 100 % [&hellip;]<\/p>\n","protected":false},"featured_media":703959,"template":"","meta":[],"product_brand":[],"product_cat":[4198],"product_tag":[],"class_list":{"0":"post-703909","1":"product","2":"type-product","3":"status-publish","4":"has-post-thumbnail","6":"product_cat-shorts","7":"pa_brand-craft","8":"pa_brand-type-sportswear","9":"pa_filter-color-blau","10":"pa_filter-color-gruen","11":"pa_filter-color-rot","12":"pa_filter-color-schwarz","13":"pa_filter-color-weiss","15":"first","16":"instock","17":"sale","18":"taxable","19":"shipping-taxable","20":"purchasable","21":"product-type-variable","22":"add-to-wishlist-before_image"},"exclude_global_add_ons":[],"addons":[],"acf":[],"_links":{"self":[{"href":"https:\/\/shop.kustom.ch\/fr\/wp-json\/wp\/v2\/product\/703909"}],"collection":[{"href":"https:\/\/shop.kustom.ch\/fr\/wp-json\/wp\/v2\/product"}],"about":[{"href":"https:\/\/shop.kustom.ch\/fr\/wp-json\/wp\/v2\/types\/product"}],"wp:featuredmedia":[{"embeddable":true,"href":"https:\/\/shop.kustom.ch\/fr\/wp-json\/wp\/v2\/media\/703959"}],"wp:attachment":[{"href":"https:\/\/shop.kustom.ch\/fr\/wp-json\/wp\/v2\/media?parent=703909"}],"wp:term":[{"taxonomy":"product_brand","embeddable":true,"href":"https:\/\/shop.kustom.ch\/fr\/wp-json\/wp\/v2\/product_brand?post=703909"},{"taxonomy":"product_cat","embeddable":true,"href":"https:\/\/shop.kustom.ch\/fr\/wp-json\/wp\/v2\/product_cat?post=703909"},{"taxonomy":"product_tag","embeddable":true,"href":"https:\/\/shop.kustom.ch\/fr\/wp-json\/wp\/v2\/product_tag?post=703909"}],"curies":[{"name":"wp","href":"https:\/\/api.w.org\/{rel}","templated":true}]}}