{"id":696751,"date":"2026-03-16T16:29:14","date_gmt":"2026-03-16T15:29:14","guid":{"rendered":"https:\/\/shop.kustom.ch\/?post_type=product&#038;p=696751"},"modified":"2026-03-31T09:08:36","modified_gmt":"2026-03-31T08:08:36","slug":"damen-high-vis-winter-overall","status":"publish","type":"product","link":"https:\/\/shop.kustom.ch\/fr\/produit\/damen-high-vis-winter-overall\/","title":{"rendered":"Combinaison d'hiver haute visibilit\u00e9 pour femmes"},"content":{"rendered":"<p>Une combinaison d'hiver imperm\u00e9able au vent et \u00e0 l'eau avec des coutures scell\u00e9es et une doublure matelass\u00e9e qui assure la chaleur n\u00e9cessaire lors de temp\u00e9ratures froides. Elle est extensible dans le dos pour garantir une meilleure flexibilit\u00e9 lorsque l'on se penche et dispose d'une a\u00e9ration dorsale avec fermeture \u00e9clair. Le mat\u00e9riau est imperm\u00e9able au vent et \u00e0 l'eau et respirant. La capuche est amovible et con\u00e7ue pour accueillir des casques et des cache-oreilles. Elle est dot\u00e9e de poches int\u00e9rieures pour les genouill\u00e8res, de fermetures \u00e9clair lat\u00e9rales \u00e0 double sens jusqu'\u00e0 la taille et de passants pour marteaux de chaque c\u00f4t\u00e9 de la taille. La combinaison a une ceinture \u00e0 la taille et est \u00e9quip\u00e9e de fixations pour les poches \u00e0 outils en CORDURA\u00ae (art. 2170), vendues s\u00e9par\u00e9ment.<\/p>\n<p>100% Polyester, Oxford, enduit, imperm\u00e9able 15.000 mm, coupe-vent, respirant Ret 8, 5, 200g\/m<\/p>","protected":false},"excerpt":{"rendered":"<p>Ein wind- und wasserdichter Winter Overall mit versiegelten N\u00e4hten und gestepptem Futter, der bei kalten Temperaturen f\u00fcr die n\u00f6tige W\u00e4rme sorgt. Er ist im R\u00fcckenbereich dehnbar, um eine bessere Flexibilit\u00e4t beim B\u00fccken zu gew\u00e4hrleisten, und verf\u00fcgt \u00fcber eine R\u00fcckenbel\u00fcftung mit Reissverschluss. Das Material ist wind- und wasserdicht sowie atmungsaktiv. Die Kapuze ist abnehmbar und so [&hellip;]<\/p>\n","protected":false},"featured_media":696752,"template":"","meta":[],"product_brand":[],"product_cat":[10454],"product_tag":[],"class_list":{"0":"post-696751","1":"product","2":"type-product","3":"status-publish","4":"has-post-thumbnail","6":"product_cat-overalls","7":"pa_brand-blaklaeder","8":"pa_brand-type-workwear","9":"pa_filter-color-blau","10":"pa_filter-color-gelb","11":"pa_filter-color-orange","12":"pa_filter-color-rot","13":"pa_filter-color-schwarz","15":"first","16":"instock","17":"sale","18":"taxable","19":"shipping-taxable","20":"purchasable","21":"product-type-variable","22":"add-to-wishlist-before_image"},"exclude_global_add_ons":[],"addons":[],"acf":[],"_links":{"self":[{"href":"https:\/\/shop.kustom.ch\/fr\/wp-json\/wp\/v2\/product\/696751"}],"collection":[{"href":"https:\/\/shop.kustom.ch\/fr\/wp-json\/wp\/v2\/product"}],"about":[{"href":"https:\/\/shop.kustom.ch\/fr\/wp-json\/wp\/v2\/types\/product"}],"wp:featuredmedia":[{"embeddable":true,"href":"https:\/\/shop.kustom.ch\/fr\/wp-json\/wp\/v2\/media\/696752"}],"wp:attachment":[{"href":"https:\/\/shop.kustom.ch\/fr\/wp-json\/wp\/v2\/media?parent=696751"}],"wp:term":[{"taxonomy":"product_brand","embeddable":true,"href":"https:\/\/shop.kustom.ch\/fr\/wp-json\/wp\/v2\/product_brand?post=696751"},{"taxonomy":"product_cat","embeddable":true,"href":"https:\/\/shop.kustom.ch\/fr\/wp-json\/wp\/v2\/product_cat?post=696751"},{"taxonomy":"product_tag","embeddable":true,"href":"https:\/\/shop.kustom.ch\/fr\/wp-json\/wp\/v2\/product_tag?post=696751"}],"curies":[{"name":"wp","href":"https:\/\/api.w.org\/{rel}","templated":true}]}}