{"id":696499,"date":"2026-03-16T16:24:32","date_gmt":"2026-03-16T15:24:32","guid":{"rendered":"https:\/\/shop.kustom.ch\/?post_type=product&#038;p=696499"},"modified":"2026-03-31T09:00:23","modified_gmt":"2026-03-31T08:00:23","slug":"high-vis-jacke-4","status":"publish","type":"product","link":"https:\/\/shop.kustom.ch\/fr\/produit\/high-vis-jacke-4\/","title":{"rendered":"Veste haute visibilit\u00e9"},"content":{"rendered":"<p>Veste de s\u00e9curit\u00e9 lavable industriellement avec une coupe moderne, d\u00e9velopp\u00e9e pour les utilisateurs professionnels qui exigent une haute visibilit\u00e9, une r\u00e9sistance \u00e0 l'usure et une fonctionnalit\u00e9 simple. La veste est d\u00e9perlante, dispose d'un col haut avec fermeture \u00e9clair en plastique recouverte et d'un dos allong\u00e9 pour plus de confort et de protection. Des bandes r\u00e9fl\u00e9chissantes strat\u00e9giquement plac\u00e9es sur le torse, les manches et les \u00e9paules assurent une visibilit\u00e9 maximale. Des inserts fonc\u00e9s dans les zones faciles \u00e0 salir donnent au v\u00eatement un aspect propre et professionnel. Un choix fiable pour la s\u00e9curit\u00e9 et la durabilit\u00e9 pendant les longues journ\u00e9es de travail.<\/p>\n<p>70% polyester, 30% coton, serg\u00e9, d\u00e9perlant 230 g\/m<\/p>","protected":false},"excerpt":{"rendered":"<p>Industriell waschbare Warnschutzjacke mit moderner Passform, entwickelt f\u00fcr professionelle Anwender, die hohe Sichtbarkeit, Strapazierf\u00e4higkeit und einfache Funktionalit\u00e4t verlangen. Die Jacke ist wasserabweisend, verf\u00fcgt \u00fcber einen hohen Kragen mit abgedecktem Kunststoffreissverschluss und hat einen verl\u00e4ngerten R\u00fccken f\u00fcr zus\u00e4tzlichen Komfort und Schutz. Strategisch platzierte Reflexstreifen an Rumpf, \u00c4rmeln und Schultern sorgen f\u00fcr maximale Sichtbarkeit. Dunkle Eins\u00e4tze in [&hellip;]<\/p>\n","protected":false},"featured_media":696500,"template":"","meta":[],"product_brand":[],"product_cat":[4186],"product_tag":[],"class_list":{"0":"post-696499","1":"product","2":"type-product","3":"status-publish","4":"has-post-thumbnail","6":"product_cat-jacken","7":"pa_brand-blaklaeder","8":"pa_brand-type-workwear","9":"pa_filter-color-blau","10":"pa_filter-color-gelb","11":"pa_filter-color-orange","12":"pa_filter-color-schwarz","14":"first","15":"instock","16":"sale","17":"taxable","18":"shipping-taxable","19":"purchasable","20":"product-type-variable","21":"add-to-wishlist-before_image"},"exclude_global_add_ons":[],"addons":[],"acf":[],"_links":{"self":[{"href":"https:\/\/shop.kustom.ch\/fr\/wp-json\/wp\/v2\/product\/696499"}],"collection":[{"href":"https:\/\/shop.kustom.ch\/fr\/wp-json\/wp\/v2\/product"}],"about":[{"href":"https:\/\/shop.kustom.ch\/fr\/wp-json\/wp\/v2\/types\/product"}],"wp:featuredmedia":[{"embeddable":true,"href":"https:\/\/shop.kustom.ch\/fr\/wp-json\/wp\/v2\/media\/696500"}],"wp:attachment":[{"href":"https:\/\/shop.kustom.ch\/fr\/wp-json\/wp\/v2\/media?parent=696499"}],"wp:term":[{"taxonomy":"product_brand","embeddable":true,"href":"https:\/\/shop.kustom.ch\/fr\/wp-json\/wp\/v2\/product_brand?post=696499"},{"taxonomy":"product_cat","embeddable":true,"href":"https:\/\/shop.kustom.ch\/fr\/wp-json\/wp\/v2\/product_cat?post=696499"},{"taxonomy":"product_tag","embeddable":true,"href":"https:\/\/shop.kustom.ch\/fr\/wp-json\/wp\/v2\/product_tag?post=696499"}],"curies":[{"name":"wp","href":"https:\/\/api.w.org\/{rel}","templated":true}]}}