{"id":696373,"date":"2026-03-16T16:22:43","date_gmt":"2026-03-16T15:22:43","guid":{"rendered":"https:\/\/shop.kustom.ch\/?post_type=product&#038;p=696373"},"modified":"2026-03-31T08:59:45","modified_gmt":"2026-03-31T07:59:45","slug":"high-vis-regenmantel-level-3","status":"publish","type":"product","link":"https:\/\/shop.kustom.ch\/fr\/produit\/high-vis-regenmantel-level-3\/","title":{"rendered":"Manteau de pluie haute visibilit\u00e9 niveau 3"},"content":{"rendered":"<p>Manteau de pluie haute visibilit\u00e9 pour tous ceux qui travaillent et qui ont besoin de v\u00eatements de pluie extr\u00eamement r\u00e9sistants \u00e0 l'usure. Le manteau est imperm\u00e9able au vent et \u00e0 l'eau avec des coutures soud\u00e9es. Il est dot\u00e9 d'une capuche amovible et r\u00e9glable, d'un col doubl\u00e9 en polaire et de poches faciles d'acc\u00e8s, ainsi que d'une poche amovible pour carte d'identit\u00e9, de poches avant \u00e0 rabat et boutons-pression et d'une poche Napol\u00e9on \u00e0 l'int\u00e9rieur du rabat. Fermeture \u00e0 glissi\u00e8re robuste \u00e0 double sens dissimul\u00e9e qui s'\u00e9tend jusqu'au col et une fermeture frontale \u00e0 boutons-pression et un bouton temp\u00eate qui emp\u00eache les liquides de p\u00e9n\u00e9trer. Bonne coupe avec manches r\u00e9glables avec velcro et poignets en n\u00e9opr\u00e8ne \u00e0 l'int\u00e9rieur qui maintiennent la chaleur du corps m\u00eame lorsqu'il est mouill\u00e9. Le manteau a un bord d'\u00e9gouttement \u00e0 l'ourlet. Certifi\u00e9 selon EN 343, v\u00eatements de protection contre le mauvais temps et EN ISO 20471, classe 3, v\u00eatements de protection \u00e0 haute visibilit\u00e9.<\/p>\n<p>100% polyester (84% PVC\/16% PU), imperm\u00e9able au vent et \u00e0 l'eau, respirant, 350 g\/m<\/p>","protected":false},"excerpt":{"rendered":"<p>Regenmantel in High Vis f\u00fcr all jene mit Arbeitsaufgaben, die extrem verschleissfeste Regenkleidung erfordern. Der Mantel ist wind- und wasserdicht mit verschweissten N\u00e4hten. Er hat eine abnehmbare und verstellbare Kapuze, einen weichen Fleece-gef\u00fctterten Kragen und leicht zug\u00e4ngliche Taschen, sowie eine abnehmbare Ausweistasche, Vordertaschen mit Patte und Druckkn\u00f6pfe und Napoleontasche innerhalb der Windleiste. Verdeckter robuster Zwei-Wege [&hellip;]<\/p>\n","protected":false},"featured_media":696410,"template":"","meta":[],"product_brand":[],"product_cat":[4186],"product_tag":[],"class_list":{"0":"post-696373","1":"product","2":"type-product","3":"status-publish","4":"has-post-thumbnail","6":"product_cat-jacken","7":"pa_brand-blaklaeder","8":"pa_brand-type-workwear","9":"pa_filter-color-blau","10":"pa_filter-color-gelb","11":"pa_filter-color-schwarz","13":"first","14":"instock","15":"sale","16":"taxable","17":"shipping-taxable","18":"purchasable","19":"product-type-variable","20":"add-to-wishlist-before_image"},"exclude_global_add_ons":[],"addons":[],"acf":[],"_links":{"self":[{"href":"https:\/\/shop.kustom.ch\/fr\/wp-json\/wp\/v2\/product\/696373"}],"collection":[{"href":"https:\/\/shop.kustom.ch\/fr\/wp-json\/wp\/v2\/product"}],"about":[{"href":"https:\/\/shop.kustom.ch\/fr\/wp-json\/wp\/v2\/types\/product"}],"wp:featuredmedia":[{"embeddable":true,"href":"https:\/\/shop.kustom.ch\/fr\/wp-json\/wp\/v2\/media\/696410"}],"wp:attachment":[{"href":"https:\/\/shop.kustom.ch\/fr\/wp-json\/wp\/v2\/media?parent=696373"}],"wp:term":[{"taxonomy":"product_brand","embeddable":true,"href":"https:\/\/shop.kustom.ch\/fr\/wp-json\/wp\/v2\/product_brand?post=696373"},{"taxonomy":"product_cat","embeddable":true,"href":"https:\/\/shop.kustom.ch\/fr\/wp-json\/wp\/v2\/product_cat?post=696373"},{"taxonomy":"product_tag","embeddable":true,"href":"https:\/\/shop.kustom.ch\/fr\/wp-json\/wp\/v2\/product_tag?post=696373"}],"curies":[{"name":"wp","href":"https:\/\/api.w.org\/{rel}","templated":true}]}}