{"id":696265,"date":"2026-03-16T16:21:15","date_gmt":"2026-03-16T15:21:15","guid":{"rendered":"https:\/\/shop.kustom.ch\/?post_type=product&#038;p=696265"},"modified":"2026-03-31T08:59:33","modified_gmt":"2026-03-31T07:59:33","slug":"regenjacke-level-1-2","status":"publish","type":"product","link":"https:\/\/shop.kustom.ch\/fr\/produit\/regenjacke-level-1-2\/","title":{"rendered":"Veste de pluie niveau 1"},"content":{"rendered":"<p>Veste de pluie fine et flexible qui fait son travail par temps difficile. La veste de pluie est l\u00e9g\u00e8re et flexible avec un dos allong\u00e9 et un cordon de serrage pour l'ajuster parfaitement. La veste est adapt\u00e9e au temps pluvieux lorsque la libert\u00e9 de mouvement est la priorit\u00e9 absolue. Elle a une capuche qui peut \u00eatre ajust\u00e9e ou enlev\u00e9e, des poches avant faciles d'acc\u00e8s et une fermeture \u00e0 glissi\u00e8re double sens solide qui s'\u00e9tend jusqu'au col. De plus, elle poss\u00e8de des d\u00e9tails r\u00e9fl\u00e9chissants sombres et discrets sur les manches et le dos pour \u00eatre plus visible dans l'obscurit\u00e9. Les poignets sont r\u00e9glables par velcro. Certifi\u00e9 selon la norme EN 343, protection contre le mauvais temps.<\/p>\n<p>polyester 100%, enduit de PU, coupe-vent et imperm\u00e9able, 185g\/m<\/p>","protected":false},"excerpt":{"rendered":"<p>D\u00fcnne und flexible Regenjacke, die ihren Job bei schwierigem Wetter erledigt. Die Regenjacke ist leicht und flexibel mit einem verl\u00e4ngerten R\u00fccken und Kordelzug zur Anpassung an den perfekten Sitz. Die Jacke ist f\u00fcr regnerisches Wetter geeignet wenn Bewegungsfreiheit die h\u00f6chste Priorit\u00e4t hat. Sie hat eine Kapuze die angepasst oder abgenommen werden kann, leicht zug\u00e4ngliche Vordertaschen [&hellip;]<\/p>\n","protected":false},"featured_media":696299,"template":"","meta":[],"product_brand":[],"product_cat":[4186],"product_tag":[],"class_list":{"0":"post-696265","1":"product","2":"type-product","3":"status-publish","4":"has-post-thumbnail","6":"product_cat-jacken","7":"pa_brand-blaklaeder","8":"pa_brand-type-workwear","9":"pa_filter-color-schwarz","11":"first","12":"instock","13":"sale","14":"taxable","15":"shipping-taxable","16":"purchasable","17":"product-type-variable","18":"add-to-wishlist-before_image"},"exclude_global_add_ons":[],"addons":[],"acf":[],"_links":{"self":[{"href":"https:\/\/shop.kustom.ch\/fr\/wp-json\/wp\/v2\/product\/696265"}],"collection":[{"href":"https:\/\/shop.kustom.ch\/fr\/wp-json\/wp\/v2\/product"}],"about":[{"href":"https:\/\/shop.kustom.ch\/fr\/wp-json\/wp\/v2\/types\/product"}],"wp:featuredmedia":[{"embeddable":true,"href":"https:\/\/shop.kustom.ch\/fr\/wp-json\/wp\/v2\/media\/696299"}],"wp:attachment":[{"href":"https:\/\/shop.kustom.ch\/fr\/wp-json\/wp\/v2\/media?parent=696265"}],"wp:term":[{"taxonomy":"product_brand","embeddable":true,"href":"https:\/\/shop.kustom.ch\/fr\/wp-json\/wp\/v2\/product_brand?post=696265"},{"taxonomy":"product_cat","embeddable":true,"href":"https:\/\/shop.kustom.ch\/fr\/wp-json\/wp\/v2\/product_cat?post=696265"},{"taxonomy":"product_tag","embeddable":true,"href":"https:\/\/shop.kustom.ch\/fr\/wp-json\/wp\/v2\/product_tag?post=696265"}],"curies":[{"name":"wp","href":"https:\/\/api.w.org\/{rel}","templated":true}]}}