{"id":695388,"date":"2026-03-16T16:07:49","date_gmt":"2026-03-16T15:07:49","guid":{"rendered":"https:\/\/shop.kustom.ch\/?post_type=product&#038;p=695388"},"modified":"2026-03-31T08:46:22","modified_gmt":"2026-03-31T07:46:22","slug":"kinderhandschuh","status":"publish","type":"product","link":"https:\/\/shop.kustom.ch\/fr\/produit\/kinderhandschuh\/","title":{"rendered":"Gants pour enfants"},"content":{"rendered":"<p>Un gant pour enfants fin et non doubl\u00e9, avec une grande sensibilit\u00e9 du bout des doigts et une bonne dext\u00e9rit\u00e9, qui \u00e9vite les d\u00e9sagr\u00e9ments li\u00e9s au port du gant. Le gant dispose d'une fonction tactile sur les doigts, le pouce et la paume. Il a une paume en cuir synth\u00e9tique, des bouts de doigts renforc\u00e9s et un index renforc\u00e9. Id\u00e9al pour une utilisation dans des environnements sales et humides. Il convient \u00e9galement aux adultes ayant des mains plus petites et qui ont besoin d'un gant de travail enti\u00e8rement fonctionnel. Le 2878 est la version enfant du mod\u00e8le 2873. Le 2878 et le 2873 sont tous deux disponibles en taille 6, le 2878 ayant une coupe plus \u00e9troite et des doigts plus courts. Fin et flexible Fonction tactile Bonne dext\u00e9rit\u00e9 Paume en cuir synth\u00e9tique Certifi\u00e9 EN 388<\/p>\n<p>PU avec fonction tactile, polyester<\/p>","protected":false},"excerpt":{"rendered":"<p>Ein ungef\u00fctterter, d\u00fcnner Kinderhandschuh mit hoher Fingerspitzenempfindlichkeit und guter Fingerfertigkeit, der Unannehmlichkeiten beim Tragen verhindert. Der Handschuh verf\u00fcgt \u00fcber eine Touch-Funktion an den Fingern, dem Daumen und der Handfl\u00e4che. Er hat eine Handfl\u00e4che aus Kunstleder, verst\u00e4rkte Fingerspitzen und einen verst\u00e4rkten Zeigefinger. Ideal f\u00fcr den Einsatz in schmutzigen und feuchten Umgebungen. Auch f\u00fcr Erwachsene mit kleineren [&hellip;]<\/p>\n","protected":false},"featured_media":695392,"template":"","meta":[],"product_brand":[],"product_cat":[4180],"product_tag":[],"class_list":{"0":"post-695388","1":"product","2":"type-product","3":"status-publish","4":"has-post-thumbnail","6":"product_cat-handschuhe","7":"pa_brand-blaklaeder","8":"pa_brand-type-workwear","9":"pa_filter-color-grau","11":"first","12":"instock","13":"sale","14":"taxable","15":"shipping-taxable","16":"purchasable","17":"product-type-variable","18":"add-to-wishlist-before_image"},"exclude_global_add_ons":[],"addons":[],"acf":[],"_links":{"self":[{"href":"https:\/\/shop.kustom.ch\/fr\/wp-json\/wp\/v2\/product\/695388"}],"collection":[{"href":"https:\/\/shop.kustom.ch\/fr\/wp-json\/wp\/v2\/product"}],"about":[{"href":"https:\/\/shop.kustom.ch\/fr\/wp-json\/wp\/v2\/types\/product"}],"wp:featuredmedia":[{"embeddable":true,"href":"https:\/\/shop.kustom.ch\/fr\/wp-json\/wp\/v2\/media\/695392"}],"wp:attachment":[{"href":"https:\/\/shop.kustom.ch\/fr\/wp-json\/wp\/v2\/media?parent=695388"}],"wp:term":[{"taxonomy":"product_brand","embeddable":true,"href":"https:\/\/shop.kustom.ch\/fr\/wp-json\/wp\/v2\/product_brand?post=695388"},{"taxonomy":"product_cat","embeddable":true,"href":"https:\/\/shop.kustom.ch\/fr\/wp-json\/wp\/v2\/product_cat?post=695388"},{"taxonomy":"product_tag","embeddable":true,"href":"https:\/\/shop.kustom.ch\/fr\/wp-json\/wp\/v2\/product_tag?post=695388"}],"curies":[{"name":"wp","href":"https:\/\/api.w.org\/{rel}","templated":true}]}}