{"id":695363,"date":"2026-03-16T16:07:16","date_gmt":"2026-03-16T15:07:16","guid":{"rendered":"https:\/\/shop.kustom.ch\/?post_type=product&#038;p=695363"},"modified":"2026-03-31T08:45:50","modified_gmt":"2026-03-31T07:45:50","slug":"winterhandschuh-supreme-warm-3","status":"publish","type":"product","link":"https:\/\/shop.kustom.ch\/fr\/produit\/winterhandschuh-supreme-warm-3\/","title":{"rendered":"Gants d'hiver Supreme Warm"},"content":{"rendered":"<p>Un gant doubl\u00e9 et imperm\u00e9able de la plus haute qualit\u00e9 avec une bonne dext\u00e9rit\u00e9. Le cuir souple assure un confort parfait et les zones renforc\u00e9es de la paume augmentent la durabilit\u00e9. Le gant est dot\u00e9 d'une manchette courte avec fermeture velcro, id\u00e9ale pour \u00eatre port\u00e9e sous les manches d'une veste. Con\u00e7u pour les environnements rudes et froids. Pour plus de chaleur, combinez-le avec le gant en laine (mod\u00e8le 2999). En cas d'utilisation d'un gant int\u00e9rieur, la taille du gant ext\u00e9rieur doit \u00eatre augment\u00e9e. Le mod\u00e8le 2814 fait partie de la collection Supreme Warm, qui garantit une qualit\u00e9 et un confort maximum. Imperm\u00e9able et enti\u00e8rement doubl\u00e9 Manchette courte avec fermeture velcro Cuir avec paume renforc\u00e9e Convient aux environnements froids et rudes Tailles 7-12<\/p>\n<p>Cuir de ch\u00e8vre pleine fleur, polyamide<\/p>","protected":false},"excerpt":{"rendered":"<p>Ein gef\u00fctterter und wasserdichter Handschuh von h\u00f6chster Qualit\u00e4t mit guter Fingerfertigkeit. Das weiche Leder sorgt f\u00fcr perfekten Tragekomfort und die verst\u00e4rkten Handfl\u00e4chenbereiche erh\u00f6hen die Haltbarkeit. Der Handschuh hat eine kurze Stulpe mit Klettverschluss, ideal zum Tragen unter Jacken\u00e4rmeln. Entwickelt f\u00fcr raue und kalte Umgebungen. F\u00fcr zus\u00e4tzliche W\u00e4rme mit dem Wollhandschuh (Modell 2999) kombinieren. Bei Verwendung [&hellip;]<\/p>\n","protected":false},"featured_media":695365,"template":"","meta":[],"product_brand":[],"product_cat":[4180],"product_tag":[],"class_list":{"0":"post-695363","1":"product","2":"type-product","3":"status-publish","4":"has-post-thumbnail","6":"product_cat-handschuhe","7":"pa_brand-blaklaeder","8":"pa_brand-type-workwear","9":"pa_filter-color-schwarz","10":"pa_filter-color-weiss","12":"first","13":"instock","14":"sale","15":"taxable","16":"shipping-taxable","17":"purchasable","18":"product-type-variable","19":"add-to-wishlist-before_image"},"exclude_global_add_ons":[],"addons":[],"acf":[],"_links":{"self":[{"href":"https:\/\/shop.kustom.ch\/fr\/wp-json\/wp\/v2\/product\/695363"}],"collection":[{"href":"https:\/\/shop.kustom.ch\/fr\/wp-json\/wp\/v2\/product"}],"about":[{"href":"https:\/\/shop.kustom.ch\/fr\/wp-json\/wp\/v2\/types\/product"}],"wp:featuredmedia":[{"embeddable":true,"href":"https:\/\/shop.kustom.ch\/fr\/wp-json\/wp\/v2\/media\/695365"}],"wp:attachment":[{"href":"https:\/\/shop.kustom.ch\/fr\/wp-json\/wp\/v2\/media?parent=695363"}],"wp:term":[{"taxonomy":"product_brand","embeddable":true,"href":"https:\/\/shop.kustom.ch\/fr\/wp-json\/wp\/v2\/product_brand?post=695363"},{"taxonomy":"product_cat","embeddable":true,"href":"https:\/\/shop.kustom.ch\/fr\/wp-json\/wp\/v2\/product_cat?post=695363"},{"taxonomy":"product_tag","embeddable":true,"href":"https:\/\/shop.kustom.ch\/fr\/wp-json\/wp\/v2\/product_tag?post=695363"}],"curies":[{"name":"wp","href":"https:\/\/api.w.org\/{rel}","templated":true}]}}