{"id":695233,"date":"2026-03-16T16:05:11","date_gmt":"2026-03-16T15:05:11","guid":{"rendered":"https:\/\/shop.kustom.ch\/?post_type=product&#038;p=695233"},"modified":"2026-03-31T08:44:07","modified_gmt":"2026-03-31T07:44:07","slug":"blaklaeder-toolrig-t-track-halterung","status":"publish","type":"product","link":"https:\/\/shop.kustom.ch\/fr\/produit\/blaklaeder-toolrig-t-track-halterung\/","title":{"rendered":"Bl\u00e5kl\u00e4der ToolRig\u2122 Support T-Track"},"content":{"rendered":"<p>Un rangement plus intelligent et une plus grande libert\u00e9 de mouvement. Con\u00e7u pour le T-Track, ce support t'offre une base rapide pour fixer les accessoires ToolRig\u2122 partout o\u00f9 ils sont n\u00e9cessaires - dans une armoire, sur un mur d'atelier ou sur un banc. Le syst\u00e8me T-Track permet aux fixations de glisser le long du rail. Le support peut accueillir quatre fixations et mesure 18 cm de long, ce qui est id\u00e9al pour un sac \u00e0 outils ToolRig\u2122 ou m\u00eame pour plusieurs porte-marteaux. Deux \u00e9crous en T avec des vis adapt\u00e9es pour la fixation sur le rail en T sont inclus dans la livraison. Tu as besoin d'encore plus de capacit\u00e9 ? Alors monte simplement plusieurs supports les uns \u00e0 c\u00f4t\u00e9 des autres le long du rail.<\/p>","protected":false},"excerpt":{"rendered":"<p>Intelligentere Aufbewahrung und mehr Bewegungsfreiheit. Diese Halterung ist f\u00fcr T-Track konzipiert und bietet dir eine schnelle Basis f\u00fcr die Befestigung von ToolRig\u2122 Zubeh\u00f6r \u00fcberall dort, wo es ben\u00f6tigt wird \u2014 in einem Schrank, an einer Werkstattwand oder auf einer Bank. Mit dem T-Track-System k\u00f6nnen die Halterungen entlang der Schiene gleiten. Die Halterung bietet Platz f\u00fcr [&hellip;]<\/p>\n","protected":false},"featured_media":695244,"template":"","meta":[],"product_brand":[],"product_cat":[4209],"product_tag":[],"class_list":{"0":"post-695233","1":"product","2":"type-product","3":"status-publish","4":"has-post-thumbnail","6":"product_cat-zubehoer","7":"pa_brand-blaklaeder","8":"pa_brand-type-workwear","9":"pa_filter-color-schwarz","11":"first","12":"instock","13":"sale","14":"taxable","15":"shipping-taxable","16":"purchasable","17":"product-type-variable","18":"add-to-wishlist-before_image"},"exclude_global_add_ons":[],"addons":[],"acf":[],"_links":{"self":[{"href":"https:\/\/shop.kustom.ch\/fr\/wp-json\/wp\/v2\/product\/695233"}],"collection":[{"href":"https:\/\/shop.kustom.ch\/fr\/wp-json\/wp\/v2\/product"}],"about":[{"href":"https:\/\/shop.kustom.ch\/fr\/wp-json\/wp\/v2\/types\/product"}],"wp:featuredmedia":[{"embeddable":true,"href":"https:\/\/shop.kustom.ch\/fr\/wp-json\/wp\/v2\/media\/695244"}],"wp:attachment":[{"href":"https:\/\/shop.kustom.ch\/fr\/wp-json\/wp\/v2\/media?parent=695233"}],"wp:term":[{"taxonomy":"product_brand","embeddable":true,"href":"https:\/\/shop.kustom.ch\/fr\/wp-json\/wp\/v2\/product_brand?post=695233"},{"taxonomy":"product_cat","embeddable":true,"href":"https:\/\/shop.kustom.ch\/fr\/wp-json\/wp\/v2\/product_cat?post=695233"},{"taxonomy":"product_tag","embeddable":true,"href":"https:\/\/shop.kustom.ch\/fr\/wp-json\/wp\/v2\/product_tag?post=695233"}],"curies":[{"name":"wp","href":"https:\/\/api.w.org\/{rel}","templated":true}]}}