{"id":695232,"date":"2026-03-16T16:05:11","date_gmt":"2026-03-16T15:05:11","guid":{"rendered":"https:\/\/shop.kustom.ch\/?post_type=product&#038;p=695232"},"modified":"2026-03-31T08:44:06","modified_gmt":"2026-03-31T07:44:06","slug":"blaklaeder-toolrig-wandhalterung","status":"publish","type":"product","link":"https:\/\/shop.kustom.ch\/fr\/produit\/blaklaeder-toolrig-wandhalterung\/","title":{"rendered":"Support mural ToolRig\u2122 Bl\u00e5kl\u00e4der"},"content":{"rendered":"<p>Assure l'ordre l\u00e0 o\u00f9 tu en as besoin. Ce support est con\u00e7u pour \u00eatre fix\u00e9 solidement \u00e0 un mur ou \u00e0 une autre surface plane et sert de base stable pour tes accessoires ToolRig\u2122. Le support mural peut accueillir quatre fixations et mesure 18 cm de long, ce qui est id\u00e9al pour un sac \u00e0 outils ToolRig\u2122 ou m\u00eame pour plusieurs porte-marteaux. Il suffit de le monter, d'accrocher l'\u00e9quipement et de commencer \u00e0 travailler. Tu as besoin d'encore plus de capacit\u00e9 ? Alors combine simplement c\u00f4te \u00e0 c\u00f4te autant de supports que tu le souhaites. Les vis \u00e0 bois pour le montage mural sont comprises dans la livraison. Les vis et les \u00e9crous pour les surfaces m\u00e9talliques sont \u00e9galement inclus. Tu choisis l'espace - le support veille \u00e0 l'ordre.<\/p>","protected":false},"excerpt":{"rendered":"<p>Sorge f\u00fcr Ordnung, wo du sie brauchst. Diese Halterung ist zur festen Montage an einer Wand oder anderen flachen Oberfl\u00e4chen vorgesehen und dient als stabile Basis f\u00fcr dein ToolRig\u2122 Zubeh\u00f6r. Die Wandhalterung bietet Platz f\u00fcr vier Befestigungen und hat eine L\u00e4nge von 18 cm, ideal f\u00fcr eine ToolRig\u2122 Werkzeugtasche oder auch f\u00fcr mehrere Hammerhalter. Einfach [&hellip;]<\/p>\n","protected":false},"featured_media":695242,"template":"","meta":[],"product_brand":[],"product_cat":[4209],"product_tag":[],"class_list":{"0":"post-695232","1":"product","2":"type-product","3":"status-publish","4":"has-post-thumbnail","6":"product_cat-zubehoer","7":"pa_brand-blaklaeder","8":"pa_brand-type-workwear","9":"pa_filter-color-schwarz","11":"first","12":"instock","13":"sale","14":"taxable","15":"shipping-taxable","16":"purchasable","17":"product-type-variable","18":"add-to-wishlist-before_image"},"exclude_global_add_ons":[],"addons":[],"acf":[],"_links":{"self":[{"href":"https:\/\/shop.kustom.ch\/fr\/wp-json\/wp\/v2\/product\/695232"}],"collection":[{"href":"https:\/\/shop.kustom.ch\/fr\/wp-json\/wp\/v2\/product"}],"about":[{"href":"https:\/\/shop.kustom.ch\/fr\/wp-json\/wp\/v2\/types\/product"}],"wp:featuredmedia":[{"embeddable":true,"href":"https:\/\/shop.kustom.ch\/fr\/wp-json\/wp\/v2\/media\/695242"}],"wp:attachment":[{"href":"https:\/\/shop.kustom.ch\/fr\/wp-json\/wp\/v2\/media?parent=695232"}],"wp:term":[{"taxonomy":"product_brand","embeddable":true,"href":"https:\/\/shop.kustom.ch\/fr\/wp-json\/wp\/v2\/product_brand?post=695232"},{"taxonomy":"product_cat","embeddable":true,"href":"https:\/\/shop.kustom.ch\/fr\/wp-json\/wp\/v2\/product_cat?post=695232"},{"taxonomy":"product_tag","embeddable":true,"href":"https:\/\/shop.kustom.ch\/fr\/wp-json\/wp\/v2\/product_tag?post=695232"}],"curies":[{"name":"wp","href":"https:\/\/api.w.org\/{rel}","templated":true}]}}