{"id":695231,"date":"2026-03-16T16:05:11","date_gmt":"2026-03-16T15:05:11","guid":{"rendered":"https:\/\/shop.kustom.ch\/?post_type=product&#038;p=695231"},"modified":"2026-03-31T08:44:06","modified_gmt":"2026-03-31T07:44:06","slug":"blaklaeder-toolrig-guertelhalterung","status":"publish","type":"product","link":"https:\/\/shop.kustom.ch\/fr\/produit\/blaklaeder-toolrig-guertelhalterung\/","title":{"rendered":"Bl\u00e5kl\u00e4der ToolRig\u2122 Support pour ceinture"},"content":{"rendered":"<p>Ce curseur avec support se fixe \u00e0 la ceinture ToolRig\u2122, qui fait 360\u00b0 autour de la taille sur nos pantalons et ceintures porte-outils. Tu peux d\u00e9placer des sacs et des accessoires vers l'avant, le c\u00f4t\u00e9 ou l'arri\u00e8re en quelques secondes. C'est id\u00e9al pour passer d'une t\u00e2che \u00e0 l'autre sans avoir \u00e0 retirer ton \u00e9quipement. Ce mod\u00e8le verrouillable permet de fixer la position du sac. Il fonctionne aussi parfaitement en combinaison avec le mod\u00e8le non verrouillable (art. 2535).<\/p>","protected":false},"excerpt":{"rendered":"<p>Dieser Schieber mit Halter wird am ToolRig\u2122 G\u00fcrtel befestigt, der an unseren Hosen und Werkzeugg\u00fcrteln 360\u00b0 um die Taille verl\u00e4uft. Du kannst in Sekundenschnelle Taschen und Zubeh\u00f6r nach vorne, an die Seite oder nach hinten verschieben. Das ist ideal, um zwischen verschiedenen Aufgaben zu wechseln, ohne die Ausr\u00fcstung ablegen zu m\u00fcssen. Bei diesem verschliessbaren Modell [&hellip;]<\/p>\n","protected":false},"featured_media":695240,"template":"","meta":[],"product_brand":[],"product_cat":[4209],"product_tag":[],"class_list":{"0":"post-695231","1":"product","2":"type-product","3":"status-publish","4":"has-post-thumbnail","6":"product_cat-zubehoer","7":"pa_brand-blaklaeder","8":"pa_brand-type-workwear","9":"pa_filter-color-schwarz","11":"first","12":"instock","13":"sale","14":"taxable","15":"shipping-taxable","16":"purchasable","17":"product-type-variable","18":"add-to-wishlist-before_image"},"exclude_global_add_ons":[],"addons":[],"acf":[],"_links":{"self":[{"href":"https:\/\/shop.kustom.ch\/fr\/wp-json\/wp\/v2\/product\/695231"}],"collection":[{"href":"https:\/\/shop.kustom.ch\/fr\/wp-json\/wp\/v2\/product"}],"about":[{"href":"https:\/\/shop.kustom.ch\/fr\/wp-json\/wp\/v2\/types\/product"}],"wp:featuredmedia":[{"embeddable":true,"href":"https:\/\/shop.kustom.ch\/fr\/wp-json\/wp\/v2\/media\/695240"}],"wp:attachment":[{"href":"https:\/\/shop.kustom.ch\/fr\/wp-json\/wp\/v2\/media?parent=695231"}],"wp:term":[{"taxonomy":"product_brand","embeddable":true,"href":"https:\/\/shop.kustom.ch\/fr\/wp-json\/wp\/v2\/product_brand?post=695231"},{"taxonomy":"product_cat","embeddable":true,"href":"https:\/\/shop.kustom.ch\/fr\/wp-json\/wp\/v2\/product_cat?post=695231"},{"taxonomy":"product_tag","embeddable":true,"href":"https:\/\/shop.kustom.ch\/fr\/wp-json\/wp\/v2\/product_tag?post=695231"}],"curies":[{"name":"wp","href":"https:\/\/api.w.org\/{rel}","templated":true}]}}