{"id":695220,"date":"2026-03-16T16:04:31","date_gmt":"2026-03-16T15:04:31","guid":{"rendered":"https:\/\/shop.kustom.ch\/?post_type=product&#038;p=695220"},"modified":"2026-03-31T08:44:01","modified_gmt":"2026-03-31T07:44:01","slug":"blaklaeder-toolrig-nagel-schraubentasche-4","status":"publish","type":"product","link":"https:\/\/shop.kustom.ch\/fr\/produit\/blaklaeder-toolrig-nagel-schraubentasche-4\/","title":{"rendered":"Bl\u00e5kl\u00e4der ToolRig\u2122 Sac de clouage et de vissage"},"content":{"rendered":"<p>Un grand sac pour le mat\u00e9riel de travail, si tu as besoin d'une plus grande capacit\u00e9 et d'une bonne vue d'ensemble. Le sac se fixe facilement gr\u00e2ce au syst\u00e8me ToolRig\u2122 de Bl\u00e5kl\u00e4der et convient aussi bien aux pantalons qu'aux accessoires, ce qui permet des ajustements sans effort au cours de la journ\u00e9e de travail. La construction est robuste et ind\u00e9formable, de sorte que les ouvertures restent ouvertes et facilement accessibles. Deux grands compartiments juxtapos\u00e9s permettent de garder le contenu s\u00e9par\u00e9 et bien rang\u00e9. Qu'il s'agisse de vis, de chevilles, de clous ou autres, ce sac spacieux et pratique permet de travailler efficacement. Des sangles \u00e0 l'ext\u00e9rieur permettent d'attacher d'autres accessoires, ainsi qu'un compartiment int\u00e9rieur pour une \u00e9querre de but\u00e9e.<\/p>","protected":false},"excerpt":{"rendered":"<p>Eine grosse Tasche f\u00fcr Arbeitsmaterial, wenn du mehr Fassungsverm\u00f6gen und eine gute \u00dcbersicht ben\u00f6tigst. Die Tasche l\u00e4sst sich \u00fcber das Bl\u00e5kl\u00e4der ToolRig\u2122 System einfach befestigen und ist sowohl f\u00fcr Hosen als auch f\u00fcr Zubeh\u00f6r geeignet, was m\u00fchelose Anpassungen im Laufe des Arbeitstages erm\u00f6glicht. Die Konstruktion ist robust und formstabil, sodass die \u00d6ffnungen offen und leicht [&hellip;]<\/p>\n","protected":false},"featured_media":695226,"template":"","meta":[],"product_brand":[],"product_cat":[4209],"product_tag":[],"class_list":{"0":"post-695220","1":"product","2":"type-product","3":"status-publish","4":"has-post-thumbnail","6":"product_cat-zubehoer","7":"pa_brand-blaklaeder","8":"pa_brand-type-workwear","9":"pa_filter-color-schwarz","11":"first","12":"instock","13":"sale","14":"taxable","15":"shipping-taxable","16":"purchasable","17":"product-type-variable","18":"add-to-wishlist-before_image"},"exclude_global_add_ons":[],"addons":[],"acf":[],"_links":{"self":[{"href":"https:\/\/shop.kustom.ch\/fr\/wp-json\/wp\/v2\/product\/695220"}],"collection":[{"href":"https:\/\/shop.kustom.ch\/fr\/wp-json\/wp\/v2\/product"}],"about":[{"href":"https:\/\/shop.kustom.ch\/fr\/wp-json\/wp\/v2\/types\/product"}],"wp:featuredmedia":[{"embeddable":true,"href":"https:\/\/shop.kustom.ch\/fr\/wp-json\/wp\/v2\/media\/695226"}],"wp:attachment":[{"href":"https:\/\/shop.kustom.ch\/fr\/wp-json\/wp\/v2\/media?parent=695220"}],"wp:term":[{"taxonomy":"product_brand","embeddable":true,"href":"https:\/\/shop.kustom.ch\/fr\/wp-json\/wp\/v2\/product_brand?post=695220"},{"taxonomy":"product_cat","embeddable":true,"href":"https:\/\/shop.kustom.ch\/fr\/wp-json\/wp\/v2\/product_cat?post=695220"},{"taxonomy":"product_tag","embeddable":true,"href":"https:\/\/shop.kustom.ch\/fr\/wp-json\/wp\/v2\/product_tag?post=695220"}],"curies":[{"name":"wp","href":"https:\/\/api.w.org\/{rel}","templated":true}]}}