{"id":695219,"date":"2026-03-16T16:04:31","date_gmt":"2026-03-16T15:04:31","guid":{"rendered":"https:\/\/shop.kustom.ch\/?post_type=product&#038;p=695219"},"modified":"2026-03-31T08:44:00","modified_gmt":"2026-03-31T07:44:00","slug":"blaklaeder-toolrig-nagel-schraubentasche-3","status":"publish","type":"product","link":"https:\/\/shop.kustom.ch\/fr\/produit\/blaklaeder-toolrig-nagel-schraubentasche-3\/","title":{"rendered":"Bl\u00e5kl\u00e4der ToolRig\u2122 Sac de clouage et de vissage"},"content":{"rendered":"<p>Un grand sac pour le mat\u00e9riel de travail avec une tr\u00e8s grande capacit\u00e9 et une bonne visibilit\u00e9. Le sac se fixe facilement gr\u00e2ce au syst\u00e8me ToolRig\u2122 de Bl\u00e5kl\u00e4der et convient aussi bien aux pantalons qu'aux accessoires, ce qui permet des ajustements sans effort au cours de la journ\u00e9e de travail. La construction est robuste et ind\u00e9formable, de sorte que les ouvertures restent ouvertes et facilement accessibles. Ce mod\u00e8le poss\u00e8de un grand compartiment principal et une poche int\u00e9rieure pour une \u00e9querre de but\u00e9e ou autre. Remplis le sac de vis, de chevilles, de clous ou d'autres mat\u00e9riaux et tu auras une solution spacieuse et efficace. Des sangles \u00e0 l'ext\u00e9rieur permettent d'attacher d'autres accessoires.<\/p>","protected":false},"excerpt":{"rendered":"<p>Eine grosse Tasche f\u00fcr Arbeitsmaterial mit extra viel Fassungsverm\u00f6gen und guter \u00dcbersichtlichkeit. Die Tasche l\u00e4sst sich \u00fcber das Bl\u00e5kl\u00e4der ToolRig\u2122 System einfach befestigen und ist sowohl f\u00fcr Hosen als auch f\u00fcr Zubeh\u00f6r geeignet, was m\u00fchelose Anpassungen im Laufe des Arbeitstages erm\u00f6glicht. Die Konstruktion ist robust und formstabil, sodass die \u00d6ffnungen offen und leicht zug\u00e4nglich bleiben. [&hellip;]<\/p>\n","protected":false},"featured_media":695224,"template":"","meta":[],"product_brand":[],"product_cat":[4209],"product_tag":[],"class_list":{"0":"post-695219","1":"product","2":"type-product","3":"status-publish","4":"has-post-thumbnail","6":"product_cat-zubehoer","7":"pa_brand-blaklaeder","8":"pa_brand-type-workwear","9":"pa_filter-color-schwarz","11":"first","12":"instock","13":"sale","14":"taxable","15":"shipping-taxable","16":"purchasable","17":"product-type-variable","18":"add-to-wishlist-before_image"},"exclude_global_add_ons":[],"addons":[],"acf":[],"_links":{"self":[{"href":"https:\/\/shop.kustom.ch\/fr\/wp-json\/wp\/v2\/product\/695219"}],"collection":[{"href":"https:\/\/shop.kustom.ch\/fr\/wp-json\/wp\/v2\/product"}],"about":[{"href":"https:\/\/shop.kustom.ch\/fr\/wp-json\/wp\/v2\/types\/product"}],"wp:featuredmedia":[{"embeddable":true,"href":"https:\/\/shop.kustom.ch\/fr\/wp-json\/wp\/v2\/media\/695224"}],"wp:attachment":[{"href":"https:\/\/shop.kustom.ch\/fr\/wp-json\/wp\/v2\/media?parent=695219"}],"wp:term":[{"taxonomy":"product_brand","embeddable":true,"href":"https:\/\/shop.kustom.ch\/fr\/wp-json\/wp\/v2\/product_brand?post=695219"},{"taxonomy":"product_cat","embeddable":true,"href":"https:\/\/shop.kustom.ch\/fr\/wp-json\/wp\/v2\/product_cat?post=695219"},{"taxonomy":"product_tag","embeddable":true,"href":"https:\/\/shop.kustom.ch\/fr\/wp-json\/wp\/v2\/product_tag?post=695219"}],"curies":[{"name":"wp","href":"https:\/\/api.w.org\/{rel}","templated":true}]}}