{"id":695217,"date":"2026-03-16T16:04:14","date_gmt":"2026-03-16T15:04:14","guid":{"rendered":"https:\/\/shop.kustom.ch\/produkt\/blaklaeder-toolrig-tasche-fuer-elektriker\/"},"modified":"2026-03-31T08:43:58","modified_gmt":"2026-03-31T07:43:58","slug":"blaklaeder-toolrig-tasche-fuer-elektriker","status":"publish","type":"product","link":"https:\/\/shop.kustom.ch\/fr\/produit\/blaklaeder-toolrig-tasche-fuer-elektriker\/","title":{"rendered":"Bl\u00e5kl\u00e4der ToolRig\u2122 Sacoche pour \u00e9lectricien"},"content":{"rendered":"<p>Sp\u00e9cialement con\u00e7u pour les \u00e9lectriciens, mais tout aussi utile pour tous les autres travaux o\u00f9 l'ordre et la clart\u00e9 sont importants. La sacoche se fixe facilement gr\u00e2ce au syst\u00e8me ToolRig\u2122 de Bl\u00e5kl\u00e4der et convient aussi bien aux pantalons qu'aux accessoires, ce qui permet de l'adapter sans effort au cours de la journ\u00e9e de travail. La construction est robuste et ind\u00e9formable, de sorte que les ouvertures restent ouvertes et permettent une bonne visibilit\u00e9 et un acc\u00e8s rapide. L'int\u00e9rieur comporte six compartiments \u00e9troits dans lesquels les tournevis peuvent \u00eatre rang\u00e9s en toute s\u00e9curit\u00e9 et \u00e0 port\u00e9e de main. Plus \u00e0 l'ext\u00e9rieur se trouvent trois compartiments plus profonds pour les pinces et autres outils similaires, afin de les avoir rapidement \u00e0 port\u00e9e de main. Des sangles \u00e0 l'ext\u00e9rieur permettent d'attacher d'autres accessoires.<\/p>","protected":false},"excerpt":{"rendered":"<p>Speziell entwickelt f\u00fcr Elektriker:innen, aber ebenso n\u00fctzlich f\u00fcr alle anderen Arbeiten, bei denen es auf Ordnung und \u00dcbersichtlichkeit ankommt. Die Tasche l\u00e4sst sich \u00fcber das Bl\u00e5kl\u00e4der ToolRig\u2122 System einfach befestigen und ist sowohl f\u00fcr Hosen als auch f\u00fcr Zubeh\u00f6r geeignet, was m\u00fchelose Anpassungen im Laufe des Arbeitstages erm\u00f6glicht. Die Konstruktion ist robust und formstabil, sodass [&hellip;]<\/p>\n","protected":false},"featured_media":695216,"template":"","meta":[],"product_brand":[],"product_cat":[4209],"product_tag":[],"class_list":{"0":"post-695217","1":"product","2":"type-product","3":"status-publish","4":"has-post-thumbnail","6":"product_cat-zubehoer","7":"pa_brand-blaklaeder","8":"pa_brand-type-workwear","9":"pa_filter-color-schwarz","11":"first","12":"instock","13":"sale","14":"taxable","15":"shipping-taxable","16":"purchasable","17":"product-type-variable","18":"add-to-wishlist-before_image"},"exclude_global_add_ons":[],"addons":[],"acf":[],"_links":{"self":[{"href":"https:\/\/shop.kustom.ch\/fr\/wp-json\/wp\/v2\/product\/695217"}],"collection":[{"href":"https:\/\/shop.kustom.ch\/fr\/wp-json\/wp\/v2\/product"}],"about":[{"href":"https:\/\/shop.kustom.ch\/fr\/wp-json\/wp\/v2\/types\/product"}],"wp:featuredmedia":[{"embeddable":true,"href":"https:\/\/shop.kustom.ch\/fr\/wp-json\/wp\/v2\/media\/695216"}],"wp:attachment":[{"href":"https:\/\/shop.kustom.ch\/fr\/wp-json\/wp\/v2\/media?parent=695217"}],"wp:term":[{"taxonomy":"product_brand","embeddable":true,"href":"https:\/\/shop.kustom.ch\/fr\/wp-json\/wp\/v2\/product_brand?post=695217"},{"taxonomy":"product_cat","embeddable":true,"href":"https:\/\/shop.kustom.ch\/fr\/wp-json\/wp\/v2\/product_cat?post=695217"},{"taxonomy":"product_tag","embeddable":true,"href":"https:\/\/shop.kustom.ch\/fr\/wp-json\/wp\/v2\/product_tag?post=695217"}],"curies":[{"name":"wp","href":"https:\/\/api.w.org\/{rel}","templated":true}]}}