{"id":695209,"date":"2026-03-16T16:03:54","date_gmt":"2026-03-16T15:03:54","guid":{"rendered":"https:\/\/shop.kustom.ch\/?post_type=product&#038;p=695209"},"modified":"2026-03-31T08:43:58","modified_gmt":"2026-03-31T07:43:58","slug":"blaklaeder-toolrig-tasche-fuer-schreiner","status":"publish","type":"product","link":"https:\/\/shop.kustom.ch\/fr\/produit\/blaklaeder-toolrig-tasche-fuer-schreiner\/","title":{"rendered":"Bl\u00e5kl\u00e4der ToolRig\u2122 Sac pour menuisier"},"content":{"rendered":"<p>Sp\u00e9cialement con\u00e7u pour les menuisiers, mais tout aussi utile pour tous les autres travaux n\u00e9cessitant ordre et visibilit\u00e9. Le sac se fixe facilement gr\u00e2ce au syst\u00e8me ToolRig\u2122 de Bl\u00e5kl\u00e4der et convient aussi bien aux pantalons qu'aux accessoires, ce qui permet des ajustements sans effort au cours de la journ\u00e9e de travail. La construction est robuste et ind\u00e9formable, de sorte que les ouvertures restent ouvertes et facilement accessibles. Le sac dispose de compartiments pour un m\u00e8tre pliant et une \u00e9querre de but\u00e9e. S'y ajoutent quatre compartiments int\u00e9rieurs plus profonds et trois compartiments ext\u00e9rieurs plus profonds pour ranger en toute s\u00e9curit\u00e9 les outils et les petites pi\u00e8ces. Des sangles \u00e0 l'ext\u00e9rieur permettent d'attacher d'autres accessoires.<\/p>","protected":false},"excerpt":{"rendered":"<p>Speziell entwickelt f\u00fcr Schreiner:innen, aber ebenso n\u00fctzlich f\u00fcr alle anderen Arbeiten, bei denen es auf Ordnung und \u00dcbersichtlichkeit ankommt. Der Beutel l\u00e4sst sich \u00fcber das Bl\u00e5kl\u00e4der ToolRig\u2122 System einfach befestigen und ist sowohl f\u00fcr Hosen als auch f\u00fcr Zubeh\u00f6r geeignet, was m\u00fchelose Anpassungen im Laufe des Arbeitstages erm\u00f6glicht. Die Konstruktion ist robust und formstabil, sodass [&hellip;]<\/p>\n","protected":false},"featured_media":695214,"template":"","meta":[],"product_brand":[],"product_cat":[4209],"product_tag":[],"class_list":{"0":"post-695209","1":"product","2":"type-product","3":"status-publish","4":"has-post-thumbnail","6":"product_cat-zubehoer","7":"pa_brand-blaklaeder","8":"pa_brand-type-workwear","9":"pa_filter-color-schwarz","11":"first","12":"instock","13":"sale","14":"taxable","15":"shipping-taxable","16":"purchasable","17":"product-type-variable","18":"add-to-wishlist-before_image"},"exclude_global_add_ons":[],"addons":[],"acf":[],"_links":{"self":[{"href":"https:\/\/shop.kustom.ch\/fr\/wp-json\/wp\/v2\/product\/695209"}],"collection":[{"href":"https:\/\/shop.kustom.ch\/fr\/wp-json\/wp\/v2\/product"}],"about":[{"href":"https:\/\/shop.kustom.ch\/fr\/wp-json\/wp\/v2\/types\/product"}],"wp:featuredmedia":[{"embeddable":true,"href":"https:\/\/shop.kustom.ch\/fr\/wp-json\/wp\/v2\/media\/695214"}],"wp:attachment":[{"href":"https:\/\/shop.kustom.ch\/fr\/wp-json\/wp\/v2\/media?parent=695209"}],"wp:term":[{"taxonomy":"product_brand","embeddable":true,"href":"https:\/\/shop.kustom.ch\/fr\/wp-json\/wp\/v2\/product_brand?post=695209"},{"taxonomy":"product_cat","embeddable":true,"href":"https:\/\/shop.kustom.ch\/fr\/wp-json\/wp\/v2\/product_cat?post=695209"},{"taxonomy":"product_tag","embeddable":true,"href":"https:\/\/shop.kustom.ch\/fr\/wp-json\/wp\/v2\/product_tag?post=695209"}],"curies":[{"name":"wp","href":"https:\/\/api.w.org\/{rel}","templated":true}]}}