{"id":695198,"date":"2026-03-16T16:03:22","date_gmt":"2026-03-16T15:03:22","guid":{"rendered":"https:\/\/shop.kustom.ch\/?post_type=product&#038;p=695198"},"modified":"2026-03-31T08:43:55","modified_gmt":"2026-03-31T07:43:55","slug":"blaklaeder-toolrig-werkzeugguertel","status":"publish","type":"product","link":"https:\/\/shop.kustom.ch\/fr\/produit\/blaklaeder-toolrig-werkzeugguertel\/","title":{"rendered":"Ceinture porte-outils ToolRig\u2122 Bl\u00e5kl\u00e4der"},"content":{"rendered":"<p>Ta base stable pour les charges lourdes. Cette ceinture porte-outils utilise la m\u00eame ceinture ToolRig\u2122 que nos pantalons de travail. Les poches et les accessoires peuvent donc \u00eatre d\u00e9plac\u00e9s exactement l\u00e0 o\u00f9 ils sont n\u00e9cessaires. La taille rembourr\u00e9e r\u00e9duit la pression, la fermeture rapide facilite l'enfilage et le retrait et la longueur r\u00e9glable assure un ajustement pr\u00e9cis, m\u00eame lorsque la ceinture est port\u00e9e sur des v\u00eatements d'ext\u00e9rieur. Pour une ergonomie optimale, la ceinture porte-outils peut \u00eatre combin\u00e9e avec le harnais ToolRig\u2122 (2521) ou les bretelles ToolRig\u2122 (2522).<\/p>","protected":false},"excerpt":{"rendered":"<p>Deine stabile Basis f\u00fcr schwere Lasten. Dieser Werkzeugg\u00fcrtel verwendet denselben ToolRig\u2122 G\u00fcrtel wie unsere Arbeitshosen. Taschen und Zubeh\u00f6r k\u00f6nnen also an genau die Stellen bewegt werden, wo sie ben\u00f6tigt werden. Die gepolsterte Taille reduziert den Druck, der Schnellverschluss erleichtert das An- und Ausziehen und die verstellbare L\u00e4nge sorgt f\u00fcr eine pr\u00e4zise Passform, auch wenn der [&hellip;]<\/p>\n","protected":false},"featured_media":695200,"template":"","meta":[],"product_brand":[],"product_cat":[4209],"product_tag":[],"class_list":{"0":"post-695198","1":"product","2":"type-product","3":"status-publish","4":"has-post-thumbnail","6":"product_cat-zubehoer","7":"pa_brand-blaklaeder","8":"pa_brand-type-workwear","9":"pa_filter-color-schwarz","11":"first","12":"instock","13":"sale","14":"taxable","15":"shipping-taxable","16":"purchasable","17":"product-type-variable","18":"add-to-wishlist-before_image"},"exclude_global_add_ons":[],"addons":[],"acf":[],"_links":{"self":[{"href":"https:\/\/shop.kustom.ch\/fr\/wp-json\/wp\/v2\/product\/695198"}],"collection":[{"href":"https:\/\/shop.kustom.ch\/fr\/wp-json\/wp\/v2\/product"}],"about":[{"href":"https:\/\/shop.kustom.ch\/fr\/wp-json\/wp\/v2\/types\/product"}],"wp:featuredmedia":[{"embeddable":true,"href":"https:\/\/shop.kustom.ch\/fr\/wp-json\/wp\/v2\/media\/695200"}],"wp:attachment":[{"href":"https:\/\/shop.kustom.ch\/fr\/wp-json\/wp\/v2\/media?parent=695198"}],"wp:term":[{"taxonomy":"product_brand","embeddable":true,"href":"https:\/\/shop.kustom.ch\/fr\/wp-json\/wp\/v2\/product_brand?post=695198"},{"taxonomy":"product_cat","embeddable":true,"href":"https:\/\/shop.kustom.ch\/fr\/wp-json\/wp\/v2\/product_cat?post=695198"},{"taxonomy":"product_tag","embeddable":true,"href":"https:\/\/shop.kustom.ch\/fr\/wp-json\/wp\/v2\/product_tag?post=695198"}],"curies":[{"name":"wp","href":"https:\/\/api.w.org\/{rel}","templated":true}]}}