{"id":694357,"date":"2026-03-16T15:52:04","date_gmt":"2026-03-16T14:52:04","guid":{"rendered":"https:\/\/shop.kustom.ch\/?post_type=product&#038;p=694357"},"modified":"2026-03-31T08:22:47","modified_gmt":"2026-03-31T07:22:47","slug":"blaklaeder-toolrig-arbeitshose-stretch","status":"publish","type":"product","link":"https:\/\/shop.kustom.ch\/fr\/produit\/blaklaeder-toolrig-arbeitshose-stretch\/","title":{"rendered":"Bl\u00e5kl\u00e4der ToolRig\u2122 Pantalon de travail Stretch"},"content":{"rendered":"<p>Con\u00e7u pour l'int\u00e9rieur et le travail mobile. Le mat\u00e9riau principal est un tissu stretch bi-directionnel l\u00e9ger, respirant et agr\u00e9able \u00e0 porter m\u00eame par temp\u00e9ratures \u00e9lev\u00e9es. De plus, des inserts en stretch 4 directions au niveau des fesses, des genoux et de l'entrejambe assurent une libert\u00e9 de mouvement optimale. La ceinture ToolRig\u2122 s'\u00e9tend \u00e0 360\u00b0 autour de la taille, ce qui permet de d\u00e9placer librement les poches et les accessoires. Ce pantalon de travail est livr\u00e9 sans poches \u00e0 outils. En ajoutant des poches \u00e0 outils ToolRig\u2122 et des curseurs ToolRig\u2122, tu peux composer ta propre ceinture \u00e0 outils. Les d\u00e9tails sont enti\u00e8rement adapt\u00e9s \u00e0 un flux de travail sans faille. Cela comprend une poche pour stylos et cutters qui convient aussi bien aux droitiers qu'aux gauchers, et une poche sur la jambe avec une poche int\u00e9rieure pour t\u00e9l\u00e9phone en tissu mesh pour ranger les t\u00e9l\u00e9phones portables en toute s\u00e9curit\u00e9 et facilement accessibles. Genoux pr\u00e9form\u00e9s pour plus de mobilit\u00e9 et de confort. Ceinture ToolRig\u2122 360\u00b0 autour de la taille - les poches et les accessoires peuvent \u00eatre d\u00e9plac\u00e9s librement ToolRig\u2122 Poches \u00e0 outils pouvant \u00eatre ajout\u00e9es si n\u00e9cessaire Poche pour stylo et couteau pour droitiers et gauchers Poche sur la jambe avec poche int\u00e9rieure pour t\u00e9l\u00e9phone en tissu mesh Genoux pr\u00e9form\u00e9s pour plus de mobilit\u00e9 et de confort<\/p>\n<p>50% polyester, 25% \u00e9lastomultiester, 25% coton, tissage simple, stretch 2 directions, 170 g\/m<\/p>","protected":false},"excerpt":{"rendered":"<p>Entwickelt f\u00fcr Innenr\u00e4ume und mobiles Arbeiten. Das Hauptmaterial ist ein leichtes 2-Wege-Stretch-Gewebe, das atmungsaktiv und auch bei h\u00f6heren Temperaturen angenehm zu tragen ist. Zudem sorgen 4-Wege-Stretch-Eins\u00e4tze am Ges\u00e4ss, an den Knien und im Schritt f\u00fcr eine optimale Bewegungsfreiheit. Der ToolRig\u2122 G\u00fcrtel verl\u00e4uft 360\u00b0 um die Taille, sodass Taschen und Zubeh\u00f6r frei bewegt werden k\u00f6nnen. Diese [&hellip;]<\/p>\n","protected":false},"featured_media":694374,"template":"","meta":[],"product_brand":[],"product_cat":[4185],"product_tag":[],"class_list":{"0":"post-694357","1":"product","2":"type-product","3":"status-publish","4":"has-post-thumbnail","6":"product_cat-hosen","7":"pa_brand-blaklaeder","8":"pa_brand-type-workwear","9":"pa_filter-color-blau","10":"pa_filter-color-schwarz","12":"first","13":"instock","14":"sale","15":"taxable","16":"shipping-taxable","17":"purchasable","18":"product-type-variable","19":"add-to-wishlist-before_image"},"exclude_global_add_ons":[],"addons":[],"acf":[],"_links":{"self":[{"href":"https:\/\/shop.kustom.ch\/fr\/wp-json\/wp\/v2\/product\/694357"}],"collection":[{"href":"https:\/\/shop.kustom.ch\/fr\/wp-json\/wp\/v2\/product"}],"about":[{"href":"https:\/\/shop.kustom.ch\/fr\/wp-json\/wp\/v2\/types\/product"}],"wp:featuredmedia":[{"embeddable":true,"href":"https:\/\/shop.kustom.ch\/fr\/wp-json\/wp\/v2\/media\/694374"}],"wp:attachment":[{"href":"https:\/\/shop.kustom.ch\/fr\/wp-json\/wp\/v2\/media?parent=694357"}],"wp:term":[{"taxonomy":"product_brand","embeddable":true,"href":"https:\/\/shop.kustom.ch\/fr\/wp-json\/wp\/v2\/product_brand?post=694357"},{"taxonomy":"product_cat","embeddable":true,"href":"https:\/\/shop.kustom.ch\/fr\/wp-json\/wp\/v2\/product_cat?post=694357"},{"taxonomy":"product_tag","embeddable":true,"href":"https:\/\/shop.kustom.ch\/fr\/wp-json\/wp\/v2\/product_tag?post=694357"}],"curies":[{"name":"wp","href":"https:\/\/api.w.org\/{rel}","templated":true}]}}