{"id":666681,"date":"2025-04-29T19:35:37","date_gmt":"2025-04-29T18:35:37","guid":{"rendered":"https:\/\/shop.kustom.ch\/?post_type=product&#038;p=666681"},"modified":"2026-03-31T09:00:46","modified_gmt":"2026-03-31T08:00:46","slug":"shell-jacke-inhaerent","status":"publish","type":"product","link":"https:\/\/shop.kustom.ch\/fr\/produit\/shell-jacke-inhaerent\/","title":{"rendered":"Veste Shell inh\u00e9rente"},"content":{"rendered":"<p>Une veste shell l\u00e9g\u00e8rement matelass\u00e9e pour toutes les saisons, fabriqu\u00e9e dans un mat\u00e9riau imperm\u00e9able au vent et \u00e0 l'eau, respirant et dot\u00e9 d'une surface r\u00e9sistante \u00e0 l'huile et aux salissures. Avec un mat\u00e9riau antistatique et intrins\u00e8quement ignifuge, totalement exempt de m\u00e9tal, elle minimise le risque d'inflammation et r\u00e9pond \u00e0 toutes les exigences de la directive ATEX.La veste Shell dispose d'un col haut et d'une fermeture \u00e0 glissi\u00e8re en plastique robuste et dissimul\u00e9e \u00e0 double sens. Des d\u00e9tails r\u00e9fl\u00e9chissants augmentent la visibilit\u00e9, tout comme un dos rallong\u00e9 et un cordon de serrage dans l'ourlet. \u00c9quip\u00e9e de points de fixation pour la cagoule 2164, vendue s\u00e9par\u00e9ment.La veste est \u00e9quip\u00e9e de deux boucles permettant de fixer des d\u00e9tecteurs de gaz, des oxym\u00e8tres et des microphones. Cela la rend particuli\u00e8rement utile pour travailler dans des environnements p\u00e9trochimiques ou dans l'industrie du p\u00e9trole et du gaz. Elle convient \u00e9galement au secteur de l'\u00e9nergie, y compris les t\u00e2ches li\u00e9es \u00e0 l'\u00e9nergie solaire, \u00e9olienne et hydraulique.Certifi\u00e9e conforme aux normes EN 343 4.1, EN 1149-5, EN ISO 11611, EN 13034, EN ISO 11612, EN 61482-2, APC 2.<\/p>\n<p>FONCTIONNALIT\u00c9 : Sans m\u00e9tal. Surface ol\u00e9ofuge, antisalissure et hydrofuge. Mat\u00e9riau imperm\u00e9able au vent &amp; \u00e0 l'eau avec respirabilit\u00e9, coutures soud\u00e9es. D\u00c9TAILS : \u00c9tiquettes de certification ext\u00e9rieures. Boutons-pression en plastique. Boutons cach\u00e9s. Col haut avec fermeture \u00e9clair cach\u00e9e. Boutons pour fixer la capuche (vendue s\u00e9par\u00e9ment, 2164). Boucles de chaque c\u00f4t\u00e9 de la poitrine pour le d\u00e9tecteur de gaz \/ l'oxyg\u00e9nom\u00e8tre \/ le microphone. POCHES : poche de poitrine avec fermeture \u00e0 glissi\u00e8re et anneau en D. Poche int\u00e9rieure avec fermeture velcro. Poches avant avec fermetures \u00e0 glissi\u00e8re. FERMETURE FRONTALE : Fermeture \u00e0 glissi\u00e8re plastique \u00e0 deux voies dissimul\u00e9e. REFLEX : Bande r\u00e9fl\u00e9chissante \u00e0 certains endroits pour une meilleure visibilit\u00e9. FERMETURE : Poignets int\u00e9rieurs. Poignets r\u00e9glables avec fermeture velcro. Dos rallong\u00e9. Taille r\u00e9glable avec cordon de serrage. INSTRUCTIONS DE LAVAGE : 60\u00b0 C. Ne pas blanchir. Ne pas repasser. Ne pas nettoyer \u00e0 sec. Ne pas essorer. TEXTES PRINCIPAUX : \u00c9lectricien. Travailleur manuel. Personnel de service. EN 1149-5. EN 13034. EN 343. EN 61482-2. EN ISO 11611. EN ISO 11612. TISSU : Hommes. bleu. Sans m\u00e9tal. Protection contre les flammes. CERTIFICATION : EN 1149-5. EN 13034 PB (6). Max. 20 cycles de lavage. EN 343, classe 4,1. EN 61482-2, APC 2. EN ISO 11611, classe 1 A1+A2. EN ISO 11612 A1, A2, B1, C1, E3, F1<\/p>\n<p>39% modacrylique, 27% coton, 18% polyamide, 10% polyur\u00e9thane, 5% aramide, 1% antistatique, ripstop, ignifug\u00e9, antistatique, lamin\u00e9, imperm\u00e9able 12.000mm, coupe-vent, respirant Ret 8,15, 290 g\/m\u00b2.<\/p>","protected":false},"excerpt":{"rendered":"<p>Eine leicht wattierte Shell-Jacke f\u00fcr alle Jahreszeiten, hergestellt aus einem wind- und wasserdichten, atmungsaktiven Material mit \u00f6l- und schmutzabweisender Oberfl\u00e4che. Mit einem antistatischen und inh\u00e4rent flammfesten Material, v\u00f6llig metallfrei, minimiert sie das Entflammungsrisiko und erf\u00fcllt alle Anforderungen gem\u00e4ss der ATEX-Richtlinie.Die Shell-Jacke verf\u00fcgt \u00fcber einen hohen Kragen und einen verdeckten, robusten Zwei-Wege-Kunststoff-Reissverschluss. Reflektierende Details erh\u00f6hen die [&hellip;]<\/p>\n","protected":false},"featured_media":666742,"template":"","meta":[],"product_brand":[],"product_cat":[4186],"product_tag":[],"class_list":{"0":"post-666681","1":"product","2":"type-product","3":"status-publish","4":"has-post-thumbnail","6":"product_cat-jacken","7":"pa_brand-blaklaeder","8":"pa_brand-type-workwear","9":"pa_filter-color-blau","10":"pa_filter-color-schwarz","12":"first","13":"instock","14":"sale","15":"taxable","16":"shipping-taxable","17":"purchasable","18":"product-type-variable","19":"add-to-wishlist-before_image"},"exclude_global_add_ons":[],"addons":[],"acf":[],"_links":{"self":[{"href":"https:\/\/shop.kustom.ch\/fr\/wp-json\/wp\/v2\/product\/666681"}],"collection":[{"href":"https:\/\/shop.kustom.ch\/fr\/wp-json\/wp\/v2\/product"}],"about":[{"href":"https:\/\/shop.kustom.ch\/fr\/wp-json\/wp\/v2\/types\/product"}],"wp:featuredmedia":[{"embeddable":true,"href":"https:\/\/shop.kustom.ch\/fr\/wp-json\/wp\/v2\/media\/666742"}],"wp:attachment":[{"href":"https:\/\/shop.kustom.ch\/fr\/wp-json\/wp\/v2\/media?parent=666681"}],"wp:term":[{"taxonomy":"product_brand","embeddable":true,"href":"https:\/\/shop.kustom.ch\/fr\/wp-json\/wp\/v2\/product_brand?post=666681"},{"taxonomy":"product_cat","embeddable":true,"href":"https:\/\/shop.kustom.ch\/fr\/wp-json\/wp\/v2\/product_cat?post=666681"},{"taxonomy":"product_tag","embeddable":true,"href":"https:\/\/shop.kustom.ch\/fr\/wp-json\/wp\/v2\/product_tag?post=666681"}],"curies":[{"name":"wp","href":"https:\/\/api.w.org\/{rel}","templated":true}]}}