{"id":659751,"date":"2025-04-29T04:51:05","date_gmt":"2025-04-29T03:51:05","guid":{"rendered":"https:\/\/shop.kustom.ch\/?post_type=product&#038;p=659751"},"modified":"2026-03-31T09:00:12","modified_gmt":"2026-03-31T08:00:12","slug":"apc-2-jacke-inhaerent","status":"publish","type":"product","link":"https:\/\/shop.kustom.ch\/fr\/produit\/apc-2-jacke-inhaerent\/","title":{"rendered":"Veste APC 2 inh\u00e9rente"},"content":{"rendered":"<p>Veste en mat\u00e9riau doux, souple et r\u00e9sistant avec une fine doublure int\u00e9rieure. Cette combinaison signifie que la veste est approuv\u00e9e pour l'APC 2, la classe sup\u00e9rieure pour la protection contre les arcs \u00e9lectriques. Poche de poitrine cach\u00e9e avec fermeture \u00e0 glissi\u00e8re, deux poches avant avec rabats et boucles sur l'empi\u00e8cement pour un microphone, un oxym\u00e8tre ou d'autres appareils techniques. D\u00e9tails r\u00e9fl\u00e9chissants appliqu\u00e9s avec une application thermique pour une meilleure visibilit\u00e9. La veste est exempte de m\u00e9tal et poss\u00e8de des boutons-pression et des fermetures \u00e0 glissi\u00e8re en plastique. Certifi\u00e9 selon les normes EN 1149-5, EN ISO 11611, EN ISO 11612, EN 61482-2 (APC 2), EN 13034.<\/p>\n<p>FONCTIONNALIT\u00c9 : Sans m\u00e9tal. Surface ol\u00e9ophobe, antisalissante et hydrofuge. D\u00c9TAILS : \u00c9tiquettes de certification ext\u00e9rieures. Boutons-pression en plastique. Col particuli\u00e8rement haut dans le dos. Col montant. Boucles de chaque c\u00f4t\u00e9 de la poitrine pour le d\u00e9tecteur de gaz \/ l'oxyg\u00e9nom\u00e8tre \/ le microphone. POCHES : poche de poitrine avec fermeture \u00e9clair et anneau en D. Poches avant avec rabat et bouton-pression. FERMETURE FRONTALE : Fermeture \u00e0 glissi\u00e8re en plastique renforc\u00e9e et dissimul\u00e9e. REFLEX : Bande r\u00e9fl\u00e9chissante \u00e0 certains endroits pour une meilleure visibilit\u00e9. FERMETURE : Poignets r\u00e9glables avec boutons-pression. Dos rallong\u00e9. Taille r\u00e9glable avec boutons-pression. INSTRUCTIONS DE LAVAGE : 60\u00b0 C. Ne pas blanchir. Ne pas repasser. Ne pas nettoyer \u00e0 sec. S\u00e8che-linge - bas. TEXTES PRINCIPAUX : \u00c9lectricien. Travailleur manuel. EN 1149-5. EN 13034. EN 61482-2. EN ISO 11611. EN ISO 11612. TISSU : bleu. Sans m\u00e9tal. Protection contre les flammes. CERTIFICATION : EN 1149-5. 50 cycles de lavage max. EN 13034 PB (6). Max. 20 cycles de lavage. ATPV - 26 cal\/cm\u00b2. ELIM - 23 cal\/cm\u00b2. EN 61482-2, APC 2. 50 cycles de lavage max. EN ISO 11611, classe 1 A1+A2. Max. 50 cycles de lavage. EN ISO 11612 A1, A2, B1, C1, E2, F1. Max. 50 cycles de lavage<\/p>\n<p>44% Modacrylique, 30% Coton, 20% FR Polyamide, 5% Aramide, 1% antistatique, Ripstop, ignifug\u00e9, antistatique, 260 g\/m<\/p>","protected":false},"excerpt":{"rendered":"<p>Jacke aus weichem, geschmeidigem und strapazierf\u00e4higem Material mit d\u00fcnnem Innenfutter. Diese Kombination bedeutet, dass die Jacke f\u00fcr APC 2, die h\u00f6here Klasse f\u00fcr St\u00f6rlichtbogenschutz, zugelassen ist. Versteckte Brusttasche mit Reissverschluss, zwei Vordertaschen mit Klappen und Schlaufen an der Passe f\u00fcr ein Mikrofon, Oximeter oder andere technische Ger\u00e4te. Mit W\u00e4rmeapplikation aufgebrachte reflektierende Details f\u00fcr bessere Sichtbarkeit. [&hellip;]<\/p>\n","protected":false},"featured_media":659802,"template":"","meta":[],"product_brand":[],"product_cat":[4186],"product_tag":[],"class_list":{"0":"post-659751","1":"product","2":"type-product","3":"status-publish","4":"has-post-thumbnail","6":"product_cat-jacken","7":"pa_brand-blaklaeder","8":"pa_brand-type-workwear","9":"pa_filter-color-blau","11":"first","12":"instock","13":"sale","14":"taxable","15":"shipping-taxable","16":"purchasable","17":"product-type-variable","18":"add-to-wishlist-before_image"},"exclude_global_add_ons":[],"addons":[],"acf":[],"_links":{"self":[{"href":"https:\/\/shop.kustom.ch\/fr\/wp-json\/wp\/v2\/product\/659751"}],"collection":[{"href":"https:\/\/shop.kustom.ch\/fr\/wp-json\/wp\/v2\/product"}],"about":[{"href":"https:\/\/shop.kustom.ch\/fr\/wp-json\/wp\/v2\/types\/product"}],"wp:featuredmedia":[{"embeddable":true,"href":"https:\/\/shop.kustom.ch\/fr\/wp-json\/wp\/v2\/media\/659802"}],"wp:attachment":[{"href":"https:\/\/shop.kustom.ch\/fr\/wp-json\/wp\/v2\/media?parent=659751"}],"wp:term":[{"taxonomy":"product_brand","embeddable":true,"href":"https:\/\/shop.kustom.ch\/fr\/wp-json\/wp\/v2\/product_brand?post=659751"},{"taxonomy":"product_cat","embeddable":true,"href":"https:\/\/shop.kustom.ch\/fr\/wp-json\/wp\/v2\/product_cat?post=659751"},{"taxonomy":"product_tag","embeddable":true,"href":"https:\/\/shop.kustom.ch\/fr\/wp-json\/wp\/v2\/product_tag?post=659751"}],"curies":[{"name":"wp","href":"https:\/\/api.w.org\/{rel}","templated":true}]}}