{"id":649968,"date":"2025-04-08T03:19:14","date_gmt":"2025-04-08T02:19:14","guid":{"rendered":"https:\/\/shop.kustom.ch\/?post_type=product&#038;p=649968"},"modified":"2026-03-30T12:52:59","modified_gmt":"2026-03-30T11:52:59","slug":"jacke-accelerate-multisafe","status":"publish","type":"product","link":"https:\/\/shop.kustom.ch\/fr\/produit\/jacke-accelerate-multisafe\/","title":{"rendered":"Veste ACCELERATE MULTISAFE"},"content":{"rendered":"<p>Antistatique, ignifuge et avec protection contre les acides. Prot\u00e8ge en cas d'arcs \u00e9lectriques. Certaines parties du produit sont en tissu stretch. Col montant. Fermeture \u00e9clair \u00e0 d\u00e9gagement rapide et double bande de protection contre les intemp\u00e9ries avec fermeture magn\u00e9tique. Sangle pour une alarme de gaz. Poches poitrine avec fermeture \u00e0 glissi\u00e8re. Pr\u00e9par\u00e9 pour la fixation d'un porte-cartes d'identit\u00e9. Poches avant avec fermeture \u00e0 glissi\u00e8re. \u00c9lastique aux poignets et dans le bas. Avec effets d'impression.<\/p>\n<p>OEKO-TEX\u00ae STANDARD 100 ; EN 1149-5 ; EN ISO 11612 (A1, A2, B1, C1, E1, F1) ; EN 13034 (Type 6) ; EN 13034, cat\u00e9gorie J ; EN 61482-1-2 APC 1 (front &amp; sleeves APC2) ; EN IEC 61482-1-1 (ELIM 7,7 cal\/cm\u00b2, ATPV 9,5 cal\/cm\u00b2, front and sleeves ELIM 22 cal\/cm\u00b2, ATPV 28 cal\/cm\u00b2)<br \/>\n44% Modacryl\/30% Coton\/20% Polyamide\/5% Aramide\/1% Fibres de carbone<br \/>\nLe ripstop est un tissu r\u00e9sistant. Le produit est certifi\u00e9 selon la norme EN ISO 20471 comme conservant ses propri\u00e9t\u00e9s apr\u00e8s 50 lavages \u00e0 domicile ou 40 lavages industriels. Pour respecter la norme EN 13034, il est recommand\u00e9 d'appliquer une impr\u00e9gnation d\u00e8s le premier lavage.<br \/>\n260 g\/m<br \/>\nLavage de couleur, max. 60\u00b0 C ; Pas de blanchiment ; Supporte le s\u00e8che-linge - temp\u00e9rature de d\u00e9part max. 80\u00b0 C ; Pas de repassage ; Ne convient pas au nettoyage \u00e0 sec<\/p>\n<p><a href=\"https:\/\/mascotsitecore-1ccb8.kxcdn.com\/pdf\/21509-281-01017-de.pdf\" target=\"_blank\" rel=\"noopener\"><u>Ouvrir la fiche produit<\/u><\/a><\/p>","protected":false},"excerpt":{"rendered":"<ul>\n<li>Haute protection avec des propri\u00e9t\u00e9s antistatiques, antiacides et ignifuges.<\/li>\n<li>Prot\u00e8ge en cas d'arcs \u00e9lectriques.<\/li>\n<li>La combinaison de tissu solide et de stretch vous offre une libert\u00e9 de mouvement suppl\u00e9mentaire.<\/li>\n<li>Fermeture \u00e0 glissi\u00e8re et double barre de protection contre les intemp\u00e9ries avec fermeture magn\u00e9tique.<\/li>\n<li>La fermeture \u00e9clair \u00e0 d\u00e9gagement rapide permet d'ouvrir rapidement la fermeture \u00e9clair par le haut.<\/li>\n<li>Sangle pour une alarme de gaz.<\/li>\n<li>Convient au lavage industriel \u00e0 60 degr\u00e9s maximum.<\/li>\n<\/ul>","protected":false},"featured_media":650009,"template":"","meta":[],"product_brand":[],"product_cat":[4186],"product_tag":[],"class_list":{"0":"post-649968","1":"product","2":"type-product","3":"status-publish","4":"has-post-thumbnail","6":"product_cat-jacken","7":"pa_brand-mascot","8":"pa_brand-type-workwear","9":"pa_filter-color-gelb","10":"pa_filter-color-schwarz","12":"first","13":"instock","14":"sale","15":"taxable","16":"shipping-taxable","17":"purchasable","18":"product-type-variable","19":"add-to-wishlist-before_image"},"exclude_global_add_ons":[],"addons":[],"acf":[],"_links":{"self":[{"href":"https:\/\/shop.kustom.ch\/fr\/wp-json\/wp\/v2\/product\/649968"}],"collection":[{"href":"https:\/\/shop.kustom.ch\/fr\/wp-json\/wp\/v2\/product"}],"about":[{"href":"https:\/\/shop.kustom.ch\/fr\/wp-json\/wp\/v2\/types\/product"}],"wp:featuredmedia":[{"embeddable":true,"href":"https:\/\/shop.kustom.ch\/fr\/wp-json\/wp\/v2\/media\/650009"}],"wp:attachment":[{"href":"https:\/\/shop.kustom.ch\/fr\/wp-json\/wp\/v2\/media?parent=649968"}],"wp:term":[{"taxonomy":"product_brand","embeddable":true,"href":"https:\/\/shop.kustom.ch\/fr\/wp-json\/wp\/v2\/product_brand?post=649968"},{"taxonomy":"product_cat","embeddable":true,"href":"https:\/\/shop.kustom.ch\/fr\/wp-json\/wp\/v2\/product_cat?post=649968"},{"taxonomy":"product_tag","embeddable":true,"href":"https:\/\/shop.kustom.ch\/fr\/wp-json\/wp\/v2\/product_tag?post=649968"}],"curies":[{"name":"wp","href":"https:\/\/api.w.org\/{rel}","templated":true}]}}