{"id":649399,"date":"2025-04-08T02:52:20","date_gmt":"2025-04-08T01:52:20","guid":{"rendered":"https:\/\/shop.kustom.ch\/?post_type=product&#038;p=649399"},"modified":"2026-03-30T13:07:26","modified_gmt":"2026-03-30T12:07:26","slug":"hard-shell-jacke-accelerate-safe-4","status":"publish","type":"product","link":"https:\/\/shop.kustom.ch\/fr\/produit\/hard-shell-jacke-accelerate-safe-4\/","title":{"rendered":"Veste hard shell ACCELERATE SAFE"},"content":{"rendered":"<p>Respirant, coupe-vent et imperm\u00e9able. Bicolore, avec des couleurs. Coutures coll\u00e9es. Capuche amovible, avec cordons \u00e9lastiques r\u00e9glables. Col montant. Fermeture avec fermeture \u00e9clair et double rabat de protection contre les intemp\u00e9ries. Poche de poitrine avec fermeture \u00e9clair. Anneau en D. Poche int\u00e9rieure. Manches ergonomiques permettant une grande libert\u00e9 de mouvement. Manches avec coupe-vent. Poches sur le devant. Avec impression et reflets.<\/p>\n<p>OEKO-TEX\u00ae STANDARD 100 ; EN 343 3-3-X ; ProWash<br \/>\n100% Polyester<br \/>\ntissu ripstop. Colonne d'eau &gt; 10.000 mm selon EN ISO 811.<br \/>\n210 g\/m\u00b2 (1,5 lb)<br \/>\nLavage de couleur, max. 60\u00b0 C ; Ne pas blanchir ; Ne pas s\u00e9cher au s\u00e8che-linge ; Ne pas repasser ; Supporte le nettoyage normal<\/p>\n<p><a href=\"https:\/\/mascotsitecore-1ccb8.kxcdn.com\/pdf\/23001-231-01014-de.pdf\" target=\"_blank\" rel=\"noopener\"><u>Ouvrir la fiche produit<\/u><\/a><\/p>","protected":false},"excerpt":{"rendered":"<ul>\n<li>Respirant, \u00e9tanche au vent et \u00e0 l'eau avec coutures scell\u00e9es.<\/li>\n<li>Double bande de protection contre les intemp\u00e9ries pour une protection suppl\u00e9mentaire en cas de mauvais temps.<\/li>\n<li>Am\u00e9lioration de la visibilit\u00e9 pour l'entourage \u00e0 l'aide d'effets r\u00e9fl\u00e9chissants.<\/li>\n<\/ul>","protected":false},"featured_media":649400,"template":"","meta":[],"product_brand":[],"product_cat":[4186],"product_tag":[],"class_list":{"0":"post-649399","1":"product","2":"type-product","3":"status-publish","4":"has-post-thumbnail","6":"product_cat-jacken","7":"pa_brand-mascot","8":"pa_brand-type-workwear","9":"pa_filter-color-gelb","10":"pa_filter-color-orange","11":"pa_filter-color-schwarz","13":"first","14":"instock","15":"sale","16":"taxable","17":"shipping-taxable","18":"purchasable","19":"product-type-variable","20":"add-to-wishlist-before_image"},"exclude_global_add_ons":[],"addons":[],"acf":[],"_links":{"self":[{"href":"https:\/\/shop.kustom.ch\/fr\/wp-json\/wp\/v2\/product\/649399"}],"collection":[{"href":"https:\/\/shop.kustom.ch\/fr\/wp-json\/wp\/v2\/product"}],"about":[{"href":"https:\/\/shop.kustom.ch\/fr\/wp-json\/wp\/v2\/types\/product"}],"wp:featuredmedia":[{"embeddable":true,"href":"https:\/\/shop.kustom.ch\/fr\/wp-json\/wp\/v2\/media\/649400"}],"wp:attachment":[{"href":"https:\/\/shop.kustom.ch\/fr\/wp-json\/wp\/v2\/media?parent=649399"}],"wp:term":[{"taxonomy":"product_brand","embeddable":true,"href":"https:\/\/shop.kustom.ch\/fr\/wp-json\/wp\/v2\/product_brand?post=649399"},{"taxonomy":"product_cat","embeddable":true,"href":"https:\/\/shop.kustom.ch\/fr\/wp-json\/wp\/v2\/product_cat?post=649399"},{"taxonomy":"product_tag","embeddable":true,"href":"https:\/\/shop.kustom.ch\/fr\/wp-json\/wp\/v2\/product_tag?post=649399"}],"curies":[{"name":"wp","href":"https:\/\/api.w.org\/{rel}","templated":true}]}}