{"id":646141,"date":"2025-04-05T01:23:55","date_gmt":"2025-04-05T00:23:55","guid":{"rendered":"https:\/\/shop.kustom.ch\/?post_type=product&#038;p=646141"},"modified":"2026-03-31T10:40:53","modified_gmt":"2026-03-31T09:40:53","slug":"arches","status":"publish","type":"product","link":"https:\/\/shop.kustom.ch\/fr\/produit\/arches\/","title":{"rendered":"Arches"},"content":{"rendered":"<p>Veste matelass\u00e9e avec poches zipp\u00e9es cach\u00e9es et poignets \u00e9lastiques. Cordon de serrage \u00e9lastique \u00e0 l'ourlet et poche int\u00e9rieure zipp\u00e9e. Fabriqu\u00e9e dans un tissu pong\u00e9 l\u00e9ger et r\u00e9sistant en polyester recycl\u00e9 certifi\u00e9, doux au toucher. Conception piqu\u00e9e en forme de canal, remplie d'un mat\u00e9riau isolant synth\u00e9tique recycl\u00e9 pour une chaleur et un confort exceptionnels. Traitement d\u00e9perlant sans PFAS. Certifi\u00e9 Oeko-Tex 100. Emball\u00e9 dans un sac bio compostable.<\/p>\n<p>Mati\u00e8re : ext\u00e9rieur : 100% polyester recycl\u00e9 82 g\/m2. Doublure : 100% polyester recycl\u00e9 37 g\/m2. Garnissage : qualit\u00e9 recycl\u00e9e. Oeko-Tex Standard 100. 160 g\/m2 corps \/ 140 g\/m2 manches.<\/p>","protected":false},"excerpt":{"rendered":"<p>Wattierte Jacke mit versteckten Reissverschlusstaschen und elastischen B\u00fcndchen. Elastischer Kordelzug am Saum und eine innere Reissverschlusstasche. Hergestellt aus leichtem, strapazierf\u00e4higem Pongee-Material aus zertifiziertem Recycling-Polyester, das sich sanft auf der Haut anf\u00fchlt. Kanalgestepptes Design, gef\u00fcllt mit recyceltem synthetischen Isoliermaterial f\u00fcr aussergew\u00f6hnliche W\u00e4rme und Komfort. Wasserabweisende Ausr\u00fcstung frei von PFAS. Oeko-Tex 100 zertifiziert. Verpackt in einem kompostierbaren [&hellip;]<\/p>\n","protected":false},"featured_media":646158,"template":"","meta":[],"product_brand":[],"product_cat":[4186],"product_tag":[],"class_list":{"0":"post-646141","1":"product","2":"type-product","3":"status-publish","4":"has-post-thumbnail","6":"product_cat-jacken","7":"pa_brand-harvest","8":"pa_brand-type-workwear","9":"pa_filter-color-blau","10":"pa_filter-color-grau","11":"pa_filter-color-rot","12":"pa_filter-color-schwarz","14":"first","15":"instock","16":"sale","17":"taxable","18":"shipping-taxable","19":"purchasable","20":"product-type-variable","21":"add-to-wishlist-before_image"},"exclude_global_add_ons":[],"addons":[],"acf":[],"_links":{"self":[{"href":"https:\/\/shop.kustom.ch\/fr\/wp-json\/wp\/v2\/product\/646141"}],"collection":[{"href":"https:\/\/shop.kustom.ch\/fr\/wp-json\/wp\/v2\/product"}],"about":[{"href":"https:\/\/shop.kustom.ch\/fr\/wp-json\/wp\/v2\/types\/product"}],"wp:featuredmedia":[{"embeddable":true,"href":"https:\/\/shop.kustom.ch\/fr\/wp-json\/wp\/v2\/media\/646158"}],"wp:attachment":[{"href":"https:\/\/shop.kustom.ch\/fr\/wp-json\/wp\/v2\/media?parent=646141"}],"wp:term":[{"taxonomy":"product_brand","embeddable":true,"href":"https:\/\/shop.kustom.ch\/fr\/wp-json\/wp\/v2\/product_brand?post=646141"},{"taxonomy":"product_cat","embeddable":true,"href":"https:\/\/shop.kustom.ch\/fr\/wp-json\/wp\/v2\/product_cat?post=646141"},{"taxonomy":"product_tag","embeddable":true,"href":"https:\/\/shop.kustom.ch\/fr\/wp-json\/wp\/v2\/product_tag?post=646141"}],"curies":[{"name":"wp","href":"https:\/\/api.w.org\/{rel}","templated":true}]}}