{"id":644162,"date":"2025-04-03T21:54:21","date_gmt":"2025-04-03T20:54:21","guid":{"rendered":"https:\/\/shop.kustom.ch\/?post_type=product&#038;p=644162"},"modified":"2026-03-31T11:27:09","modified_gmt":"2026-03-31T10:27:09","slug":"txlite-softshell-jacket-women","status":"publish","type":"product","link":"https:\/\/shop.kustom.ch\/fr\/produit\/txlite-softshell-jacket-women\/","title":{"rendered":"Veste TXlite Softshell Femme"},"content":{"rendered":"<p>Une veste softshell coupe-vent et d\u00e9perlante en stretch quadridirectionnel doux et confortable avec un int\u00e9rieur en polaire douce. Con\u00e7ue et d\u00e9velopp\u00e9e pour les activit\u00e9s de plein air normales comme la randonn\u00e9e, la chasse, la p\u00eache et le ski. Un design intemporel et sans fioritures s'associe \u00e0 une fonctionnalit\u00e9 intelligente comme l'a\u00e9ration zipp\u00e9e sous les bras, la capuche r\u00e9glable, l'ourlet des manches ajustable et plusieurs poches zipp\u00e9es pratiques. Avec un rev\u00eatement d\u00e9perlant sans PFC.<\/p>\n<p>- MPC Extreme\u2122 Shell<br \/>\n- 2,5L Stretch<br \/>\n- WP 10 000 MP 10 000<br \/>\n- rev\u00eatement d\u00e9perlant sans PFC<\/p>\n<p>Mati\u00e8re : 50 % polyester recycl\u00e9, 50 % polyester<\/p>","protected":false},"excerpt":{"rendered":"<p>Eine wind- und wasserabweisende Softshell-Jacke aus weichem und bequemem Vier-Wege-Stretch mit weicher Fleece-Innenseite. Entworfen und entwickelt f\u00fcr normale Outdoor-Aktivit\u00e4ten wie Wandern, Jagen, Fischen und Skifahren. Ein zeitloses, schn\u00f6rkelloses Design verbindet sich mit intelligenter Funktionalit\u00e4t wie der Bel\u00fcftung mit Reissverschluss unter den Armen, der verstellbaren Kapuze, dem verstellbaren \u00c4rmelsaum und mehreren praktischen Reissverschlusstaschen. Mit PFC-freier wasserabweisender [&hellip;]<\/p>\n","protected":false},"featured_media":644204,"template":"","meta":[],"product_brand":[],"product_cat":[4186],"product_tag":[],"class_list":{"0":"post-644162","1":"product","2":"type-product","3":"status-publish","4":"has-post-thumbnail","6":"product_cat-jacken","7":"pa_brand-tenson","8":"pa_brand-type-sportswear","9":"pa_filter-color-blau","10":"pa_filter-color-schwarz","12":"first","13":"instock","14":"sale","15":"taxable","16":"shipping-taxable","17":"purchasable","18":"product-type-variable","19":"add-to-wishlist-before_image"},"exclude_global_add_ons":[],"addons":[],"acf":[],"_links":{"self":[{"href":"https:\/\/shop.kustom.ch\/fr\/wp-json\/wp\/v2\/product\/644162"}],"collection":[{"href":"https:\/\/shop.kustom.ch\/fr\/wp-json\/wp\/v2\/product"}],"about":[{"href":"https:\/\/shop.kustom.ch\/fr\/wp-json\/wp\/v2\/types\/product"}],"wp:featuredmedia":[{"embeddable":true,"href":"https:\/\/shop.kustom.ch\/fr\/wp-json\/wp\/v2\/media\/644204"}],"wp:attachment":[{"href":"https:\/\/shop.kustom.ch\/fr\/wp-json\/wp\/v2\/media?parent=644162"}],"wp:term":[{"taxonomy":"product_brand","embeddable":true,"href":"https:\/\/shop.kustom.ch\/fr\/wp-json\/wp\/v2\/product_brand?post=644162"},{"taxonomy":"product_cat","embeddable":true,"href":"https:\/\/shop.kustom.ch\/fr\/wp-json\/wp\/v2\/product_cat?post=644162"},{"taxonomy":"product_tag","embeddable":true,"href":"https:\/\/shop.kustom.ch\/fr\/wp-json\/wp\/v2\/product_tag?post=644162"}],"curies":[{"name":"wp","href":"https:\/\/api.w.org\/{rel}","templated":true}]}}