{"id":643566,"date":"2025-04-03T21:49:32","date_gmt":"2025-04-03T20:49:32","guid":{"rendered":"https:\/\/shop.kustom.ch\/?post_type=product&#038;p=643566"},"modified":"2026-04-01T12:02:28","modified_gmt":"2026-04-01T11:02:28","slug":"prime-down-jacket-men","status":"publish","type":"product","link":"https:\/\/shop.kustom.ch\/fr\/produit\/prime-down-jacket-men\/","title":{"rendered":"Prime Down Jacket Men"},"content":{"rendered":"<p>Notre veste de ski Prime Down est fabriqu\u00e9e avec un duvet l\u00e9ger certifi\u00e9 RDS (90\/10 duvet\/plumes, 650 de pouvoir de remplissage) pour assurer une chaleur et un confort agr\u00e9ables. Elle est \u00e9quip\u00e9e d'une capuche verticale confortable et fixe pour vous prot\u00e9ger du froid. La capuche, dont le bord est lamin\u00e9, est \u00e9galement \u00e9quip\u00e9e de cordons de serrage horizontaux r\u00e9glables, ce qui vous permet de la resserrer en cas de froid glacial ou de vent. Des poignets \u00e9lastiques r\u00e9glables avec des fermetures velcro et un ourlet r\u00e9glable permettent de garder la chaleur \u00e0 l'int\u00e9rieur et, avec les manches articul\u00e9es, ils assurent un ajustement optimal. La veste est livr\u00e9e avec des poignets int\u00e9rieurs en Lycra\u00ae aux extr\u00e9mit\u00e9s des manches et une jupe pare-neige amovible \u00e0 fermeture \u00e9clair pour garder la neige \u00e0 l'\u00e9cart.<\/p>\n<p>- Extensible<br \/>\n- R\u00e9sistant au vent<br \/>\n- rev\u00eatement d\u00e9perlant sans PFC<\/p>\n<p>Mat\u00e9riel : Mat\u00e9riel : 100% polyester. Doublure : 100% polyester. Garnissage : duvet certifi\u00e9 RDS, 90% duvet, 10% plumes<\/p>","protected":false},"excerpt":{"rendered":"<p>Unsere Prime Down Skijacke ist mit leichtem, RDS-zertifiziertem Daunenmaterial (90\/10 Daunen\/Federn, 650 F\u00fcllkraft) gefertigt, um f\u00fcr angenehme W\u00e4rme und Komfort zu sorgen. Sie ist mit einer gem\u00fctlichen, festen vertikalen Kapuze ausgestattet, um Sie vor der K\u00e4lte zu sch\u00fctzen. Die Kapuze, die einen laminierten Rand hat, ist auch mit verstellbaren horizontalen Kordelz\u00fcgen ausgestattet, sodass Sie sie [&hellip;]<\/p>\n","protected":false},"featured_media":643596,"template":"","meta":[],"product_brand":[],"product_cat":[4186],"product_tag":[],"class_list":{"0":"post-643566","1":"product","2":"type-product","3":"status-publish","4":"has-post-thumbnail","6":"product_cat-jacken","7":"pa_brand-tenson","8":"pa_brand-type-sportswear","9":"pa_filter-color-blau","10":"pa_filter-color-schwarz","12":"first","13":"instock","14":"sale","15":"taxable","16":"shipping-taxable","17":"purchasable","18":"product-type-variable","19":"add-to-wishlist-before_image"},"exclude_global_add_ons":[],"addons":[],"acf":[],"_links":{"self":[{"href":"https:\/\/shop.kustom.ch\/fr\/wp-json\/wp\/v2\/product\/643566"}],"collection":[{"href":"https:\/\/shop.kustom.ch\/fr\/wp-json\/wp\/v2\/product"}],"about":[{"href":"https:\/\/shop.kustom.ch\/fr\/wp-json\/wp\/v2\/types\/product"}],"wp:featuredmedia":[{"embeddable":true,"href":"https:\/\/shop.kustom.ch\/fr\/wp-json\/wp\/v2\/media\/643596"}],"wp:attachment":[{"href":"https:\/\/shop.kustom.ch\/fr\/wp-json\/wp\/v2\/media?parent=643566"}],"wp:term":[{"taxonomy":"product_brand","embeddable":true,"href":"https:\/\/shop.kustom.ch\/fr\/wp-json\/wp\/v2\/product_brand?post=643566"},{"taxonomy":"product_cat","embeddable":true,"href":"https:\/\/shop.kustom.ch\/fr\/wp-json\/wp\/v2\/product_cat?post=643566"},{"taxonomy":"product_tag","embeddable":true,"href":"https:\/\/shop.kustom.ch\/fr\/wp-json\/wp\/v2\/product_tag?post=643566"}],"curies":[{"name":"wp","href":"https:\/\/api.w.org\/{rel}","templated":true}]}}