{"id":639512,"date":"2025-03-22T04:00:15","date_gmt":"2025-03-22T03:00:15","guid":{"rendered":"https:\/\/shop.kustom.ch\/?post_type=product&#038;p=639512"},"modified":"2026-03-27T14:23:47","modified_gmt":"2026-03-27T13:23:47","slug":"pro-trail-subz-jacket-m","status":"publish","type":"product","link":"https:\/\/shop.kustom.ch\/fr\/produit\/pro-trail-subz-jacket-m\/","title":{"rendered":"Veste PRO Trail SubZ M"},"content":{"rendered":"<p>La veste PRO Trail SubZ Jacket est une veste de course chaude en polaire grillag\u00e9e qui permet aux coureurs de trail passionn\u00e9s d'affronter des terrains difficiles m\u00eame par des journ\u00e9es hivernales froides.<\/p>\n<p>Cette veste de course de niveau professionnel, techniquement avanc\u00e9e, est fabriqu\u00e9e dans un tissu chaud Grid-Fleece et dispose d'un tissu Ripstop-Shell coupe-vent et d\u00e9perlant sur le devant, le dos et la capuche. Elle trouve un \u00e9quilibre subtil entre chaleur et respirabilit\u00e9 et est dot\u00e9e d'un jersey \u00e9lastique sur les c\u00f4t\u00e9s et sous les manches pour une meilleure a\u00e9ration. De plus, des poignets avec des trous pour les pouces permettent de prot\u00e9ger les poignets et de les garder au chaud, m\u00eame lorsque les mains ne sont pas dans les gants. La veste dispose \u00e9galement d'une ouverture d'a\u00e9ration dans le dos, de deux poches lat\u00e9rales et d'une poche de poitrine zipp\u00e9e pour ranger en toute s\u00e9curit\u00e9 des cl\u00e9s, des barres \u00e9nerg\u00e9tiques et d'autres objets importants.<\/p>\n<p>- Tissu Grid-Fleece chaud et fonctionnel<br \/>\n- Tissu ripstop shell coupe-vent et d\u00e9perlant sur le devant, le dos et la capuche<br \/>\n- Tissu jersey \u00e9lastique sur les c\u00f4t\u00e9s et sous les manches<br \/>\n- Ouverture d'a\u00e9ration dans le dos<br \/>\n- poche de poitrine avec fermeture \u00e0 glissi\u00e8re<br \/>\n- Deux poches lat\u00e9rales<br \/>\n- trous pour les pouces aux extr\u00e9mit\u00e9s des manches<br \/>\n- Coupe r\u00e9guli\u00e8re<\/p>\n<p>Mat\u00e9riau : corps : 96% polyester recycl\u00e9, 4% \u00e9lasthanne. Haut du corps : 55% polyester, 45% polyester recycl\u00e9. Empi\u00e8cements lat\u00e9raux : 88% polyester recycl\u00e9, 12% \u00e9lasthanne<\/p>","protected":false},"excerpt":{"rendered":"<p>Die PRO Trail SubZ Jacket ist eine warme Grid-Fleece Laufjacke, die passionierten Trailrunnern erm\u00f6glicht, auch an kalten Wintertagen herausforderndes Gel\u00e4nde zu bew\u00e4ltigen. Diese technisch fortschrittliche Laufjacke der Profiklasse besteht aus einem warmen Grid-Fleece Stoff und verf\u00fcgt \u00fcber wind- und wasserabweisendes Ripstop-Shellgewebe an Front, R\u00fccken und Kapuze. Sie findet eine feine Balance zwischen W\u00e4rme und Atmungsaktivit\u00e4t [&hellip;]<\/p>\n","protected":false},"featured_media":480262,"template":"","meta":[],"product_brand":[],"product_cat":[4186],"product_tag":[],"class_list":{"0":"post-639512","1":"product","2":"type-product","3":"status-publish","4":"has-post-thumbnail","6":"product_cat-jacken","7":"pa_brand-craft-retail-sportswear","8":"pa_brand-type-sportswear","9":"pa_filter-color-schwarz","11":"first","12":"instock","13":"sale","14":"taxable","15":"shipping-taxable","16":"purchasable","17":"product-type-variable","18":"add-to-wishlist-before_image"},"exclude_global_add_ons":[],"addons":[],"acf":[],"_links":{"self":[{"href":"https:\/\/shop.kustom.ch\/fr\/wp-json\/wp\/v2\/product\/639512"}],"collection":[{"href":"https:\/\/shop.kustom.ch\/fr\/wp-json\/wp\/v2\/product"}],"about":[{"href":"https:\/\/shop.kustom.ch\/fr\/wp-json\/wp\/v2\/types\/product"}],"wp:featuredmedia":[{"embeddable":true,"href":"https:\/\/shop.kustom.ch\/fr\/wp-json\/wp\/v2\/media\/480262"}],"wp:attachment":[{"href":"https:\/\/shop.kustom.ch\/fr\/wp-json\/wp\/v2\/media?parent=639512"}],"wp:term":[{"taxonomy":"product_brand","embeddable":true,"href":"https:\/\/shop.kustom.ch\/fr\/wp-json\/wp\/v2\/product_brand?post=639512"},{"taxonomy":"product_cat","embeddable":true,"href":"https:\/\/shop.kustom.ch\/fr\/wp-json\/wp\/v2\/product_cat?post=639512"},{"taxonomy":"product_tag","embeddable":true,"href":"https:\/\/shop.kustom.ch\/fr\/wp-json\/wp\/v2\/product_tag?post=639512"}],"curies":[{"name":"wp","href":"https:\/\/api.w.org\/{rel}","templated":true}]}}