{"id":636757,"date":"2025-03-22T03:36:18","date_gmt":"2025-03-22T02:36:18","guid":{"rendered":"https:\/\/shop.kustom.ch\/?post_type=product&#038;p=636757"},"modified":"2026-03-27T13:59:57","modified_gmt":"2026-03-27T12:59:57","slug":"adv-explore-softshell-2-0-jkt-w","status":"publish","type":"product","link":"https:\/\/shop.kustom.ch\/fr\/produit\/adv-explore-softshell-2-0-jkt-w\/","title":{"rendered":"ADV Explore Softshell 2.0 Jkt W"},"content":{"rendered":"<p>La veste ADV Explore Softshell Jacket 2 est une veste softshell avanc\u00e9e, con\u00e7ue pour une multitude d'activit\u00e9s de plein air ainsi que pour un usage quotidien. Cette veste d'ext\u00e9rieur polyvalente est fabriqu\u00e9e dans un tissu softshell coupe-vent et d\u00e9perlant avec un pourcentage \u00e9lev\u00e9 de stretch et un int\u00e9rieur bross\u00e9 qui offre une protection contre la pluie l\u00e9g\u00e8re, le vent et la neige. La veste est dot\u00e9e d'une capuche r\u00e9glable, d'une poche de poitrine zipp\u00e9e et de deux poches lat\u00e9rales zipp\u00e9es pour ranger en toute s\u00e9curit\u00e9 un GPS, des cl\u00e9s, un t\u00e9l\u00e9phone, une barre \u00e9nerg\u00e9tique, etc. Sa r\u00e9sistance aux intemp\u00e9ries, sa respirabilit\u00e9, sa flexibilit\u00e9 et sa polyvalence en font un \u00e9l\u00e9ment indispensable de l'\u00e9quipement outdoor, qui enrichira vos exp\u00e9riences en plein air et vous permettra de vous sentir \u00e0 l'aise dans les conditions les plus diverses. La veste outdoor peut \u00eatre port\u00e9e comme couche ext\u00e9rieure ind\u00e9pendante lorsque les conditions sont plus douces ou comme partie d'un syst\u00e8me de couches lorsque le temps est plus froid. <\/p>\n<p>- Tissu coupe-vent et d\u00e9perlant, doux et \u00e9lastique avec int\u00e9rieur bross\u00e9<br \/>\n- Mat\u00e9riau en polyester recycl\u00e9 et \u00e9lasthanne<br \/>\n- la capuche peut \u00eatre ajust\u00e9e \u00e0 l'avant et \u00e0 l'arri\u00e8re<br \/>\n- Dos l\u00e9g\u00e8rement inclin\u00e9<br \/>\n- Deux poches lat\u00e9rales avec fermeture \u00e9clair<br \/>\n- poche de poitrine avec fermeture \u00e0 glissi\u00e8re<br \/>\n- Coupe normale<\/p>\n<p>Mati\u00e8re : corps : 92% polyester recycl\u00e9, 8% \u00e9lasthanne. Empi\u00e8cements lat\u00e9raux : 100% polyester recycl\u00e9<\/p>","protected":false},"excerpt":{"rendered":"<p>Das ADV Explore Softshell Jacket 2 ist eine fortschrittliche Softshell-Jacke, die f\u00fcr eine Vielzahl von Outdoor-Aktivit\u00e4ten sowie f\u00fcr den t\u00e4glichen Gebrauch entwickelt wurde. Diese vielseitige Outdoor-Jacke besteht aus einem winddichten und wasserabweisenden Softshell-Gewebe mit hohem Stretchanteil sowie geb\u00fcrsteter Innenseite, das Schutz vor leichtem Regen, Wind und Schnee bietet. Die Jacke verf\u00fcgt \u00fcber eine verstellbare Kapuze, [&hellip;]<\/p>\n","protected":false},"featured_media":625632,"template":"","meta":[],"product_brand":[],"product_cat":[4186],"product_tag":[],"class_list":{"0":"post-636757","1":"product","2":"type-product","3":"status-publish","4":"has-post-thumbnail","6":"product_cat-jacken","7":"pa_brand-craft-retail-sportswear","8":"pa_brand-type-sportswear","9":"pa_filter-color-beige","10":"pa_filter-color-blau","11":"pa_filter-color-schwarz","13":"first","14":"instock","15":"sale","16":"taxable","17":"shipping-taxable","18":"purchasable","19":"product-type-variable","20":"add-to-wishlist-before_image"},"exclude_global_add_ons":[],"addons":[],"acf":[],"_links":{"self":[{"href":"https:\/\/shop.kustom.ch\/fr\/wp-json\/wp\/v2\/product\/636757"}],"collection":[{"href":"https:\/\/shop.kustom.ch\/fr\/wp-json\/wp\/v2\/product"}],"about":[{"href":"https:\/\/shop.kustom.ch\/fr\/wp-json\/wp\/v2\/types\/product"}],"wp:featuredmedia":[{"embeddable":true,"href":"https:\/\/shop.kustom.ch\/fr\/wp-json\/wp\/v2\/media\/625632"}],"wp:attachment":[{"href":"https:\/\/shop.kustom.ch\/fr\/wp-json\/wp\/v2\/media?parent=636757"}],"wp:term":[{"taxonomy":"product_brand","embeddable":true,"href":"https:\/\/shop.kustom.ch\/fr\/wp-json\/wp\/v2\/product_brand?post=636757"},{"taxonomy":"product_cat","embeddable":true,"href":"https:\/\/shop.kustom.ch\/fr\/wp-json\/wp\/v2\/product_cat?post=636757"},{"taxonomy":"product_tag","embeddable":true,"href":"https:\/\/shop.kustom.ch\/fr\/wp-json\/wp\/v2\/product_tag?post=636757"}],"curies":[{"name":"wp","href":"https:\/\/api.w.org\/{rel}","templated":true}]}}