{"id":635971,"date":"2025-03-22T03:22:28","date_gmt":"2025-03-22T02:22:28","guid":{"rendered":"https:\/\/shop.kustom.ch\/?post_type=product&#038;p=635971"},"modified":"2026-03-27T13:57:18","modified_gmt":"2026-03-27T12:57:18","slug":"ability-duffel-38l","status":"publish","type":"product","link":"https:\/\/shop.kustom.ch\/fr\/produit\/ability-duffel-38l\/","title":{"rendered":"Ability Duffel 38L"},"content":{"rendered":"<p>Ability Duffel 38 est un sac d'\u00e9quipement et de voyage spacieux et durable.<\/p>\n<p>Ce sac de voyage polyvalent en polyester r\u00e9sistant dispose d'un grand compartiment pouvant accueillir de nombreux v\u00eatements et \u00e9quipements. Parfait pour le branding avec les logos du club, des sponsors ou de l'entreprise.<\/p>\n<p>- Tissu r\u00e9sistant en polyester recycl\u00e9<br \/>\n- Convient pour le branding<br \/>\n- H29 x L50 x W27 cm<br \/>\n- Volume : 50 litres<\/p>\n<p>Mati\u00e8re : 100% polyester recycl\u00e9<\/p>","protected":false},"excerpt":{"rendered":"<p>Ability Duffel 38 ist eine ger\u00e4umige und langlebige Ausr\u00fcstungs- und Reisetasche. Diese vielseitige Reisetasche aus strapazierf\u00e4higem Polyestermaterial verf\u00fcgt \u00fcber ein grosses Fach, in dem viel Kleidung und Ausr\u00fcstung Platz findet. Perfekt f\u00fcr das Branding mit Vereins-, Sponsoren- oder Firmenlogos. \u2022 Strapazierf\u00e4higes Gewebe aus recyceltem Polyester \u2022 Geeignet f\u00fcr Branding \u2022 H29 x L50 x W27 [&hellip;]<\/p>\n","protected":false},"featured_media":624631,"template":"","meta":[],"product_brand":[],"product_cat":[4195],"product_tag":[],"class_list":{"0":"post-635971","1":"product","2":"type-product","3":"status-publish","4":"has-post-thumbnail","6":"product_cat-rucksaecke-taschen","7":"pa_brand-craft-teamwear","8":"pa_brand-type-sportswear","9":"pa_filter-color-blau","10":"pa_filter-color-schwarz","12":"first","13":"instock","14":"sale","15":"taxable","16":"shipping-taxable","17":"purchasable","18":"product-type-variable","19":"add-to-wishlist-before_image"},"exclude_global_add_ons":[],"addons":[],"acf":[],"_links":{"self":[{"href":"https:\/\/shop.kustom.ch\/fr\/wp-json\/wp\/v2\/product\/635971"}],"collection":[{"href":"https:\/\/shop.kustom.ch\/fr\/wp-json\/wp\/v2\/product"}],"about":[{"href":"https:\/\/shop.kustom.ch\/fr\/wp-json\/wp\/v2\/types\/product"}],"wp:featuredmedia":[{"embeddable":true,"href":"https:\/\/shop.kustom.ch\/fr\/wp-json\/wp\/v2\/media\/624631"}],"wp:attachment":[{"href":"https:\/\/shop.kustom.ch\/fr\/wp-json\/wp\/v2\/media?parent=635971"}],"wp:term":[{"taxonomy":"product_brand","embeddable":true,"href":"https:\/\/shop.kustom.ch\/fr\/wp-json\/wp\/v2\/product_brand?post=635971"},{"taxonomy":"product_cat","embeddable":true,"href":"https:\/\/shop.kustom.ch\/fr\/wp-json\/wp\/v2\/product_cat?post=635971"},{"taxonomy":"product_tag","embeddable":true,"href":"https:\/\/shop.kustom.ch\/fr\/wp-json\/wp\/v2\/product_tag?post=635971"}],"curies":[{"name":"wp","href":"https:\/\/api.w.org\/{rel}","templated":true}]}}