{"id":611558,"date":"2025-03-06T04:27:23","date_gmt":"2025-03-06T03:27:23","guid":{"rendered":"https:\/\/shop.kustom.ch\/?post_type=product&#038;p=611558"},"modified":"2026-04-01T07:19:33","modified_gmt":"2026-04-01T06:19:33","slug":"fhb-original-justus-softshell-weste","status":"publish","type":"product","link":"https:\/\/shop.kustom.ch\/fr\/produit\/fhb-original-justus-softshell-weste\/","title":{"rendered":"Gilet Softshell JUSTUS"},"content":{"rendered":"<p>Ajustement :<br \/>\nJustus a une coupe sportive.<br \/>\nLes emmanchures sp\u00e9cialement form\u00e9es et le tissu extensible FHB-Softshell garantissent une libert\u00e9 de mouvement maximale et un confort agr\u00e9able.Le dos est l\u00e9g\u00e8rement allong\u00e9 et couvre proprement la zone dorsale, m\u00eame en position pench\u00e9e ou \u00e0 genoux, ce qui est particuli\u00e8rement agr\u00e9able les jours plus froids.<br \/>\nCol haut :<br \/>\nLe col haut prot\u00e8ge du vent froid.<br \/>\nPour le col int\u00e9rieur, on utilise une polaire agr\u00e9ablement douce et chaude.<br \/>\nLa protection du menton (garage \u00e0 zip) sur le col haut \u00e9vite que la fermeture \u00e9clair ferm\u00e9e ne gratte.<br \/>\nR\u00e9glage de la largeur :<br \/>\nLa taille peut \u00eatre ajust\u00e9e \u00e0 la largeur id\u00e9ale \u00e0 l'aide d'un cordon de serrage et fix\u00e9e par des stoppeurs.<br \/>\nCela permet \u00e0 la veste de rester bien en place et d'\u00e9viter que le froid d\u00e9sagr\u00e9able ne p\u00e9n\u00e8tre.<br \/>\nSacs :<br \/>\n2 grandes poches de rangement avec fermeture \u00e9clair.<br \/>\nLes deux poches avant sont dot\u00e9es d'une doublure de poche r\u00e9sistante.1 poche poitrine zipp\u00e9e.<br \/>\nFermetures \u00e0 glissi\u00e8re fonctionnelles :<br \/>\nFermeture \u00e0 glissi\u00e8re frontale YKK sur toute la longueur, tr\u00e8s facile \u00e0 utiliser.<br \/>\nToutes les fermetures \u00e0 glissi\u00e8re ont une cha\u00eene torsad\u00e9e (vers l'int\u00e9rieur) : La salet\u00e9 et les copeaux ne s'incrustent pas dans la fermeture \u00e0 glissi\u00e8re.<br \/>\nLe zip est moul\u00e9 et a un grip \u00e0 l'int\u00e9rieur.<br \/>\nPare-vent :<br \/>\nDerri\u00e8re la fermeture \u00e0 glissi\u00e8re frontale, un coupe-vent est cousu sur toute la longueur pour emp\u00eacher l'air froid de passer.<br \/>\nCapuche avec visi\u00e8re :<br \/>\nLa capuche est r\u00e9glable par cordon de serrage (avec stoppeur de cordon) et peut \u00eatre adapt\u00e9e au champ visuel.<br \/>\nPar beau temps, la capuche peut \u00eatre retir\u00e9e.<br \/>\nLorsque la capuche est retir\u00e9e, la partie restante de la fermeture \u00e0 glissi\u00e8re peut \u00eatre recouverte proprement par un rabat.<br \/>\nPas de couture d'\u00e9paule :<br \/>\nLe site<br \/>\n:<br \/>\nLa couture d'\u00e9paule est plac\u00e9e sur le c\u00f4t\u00e9 chez Justus.<br \/>\nL'avantage : quand on porte un sac ou une poutre en bois sur l'\u00e9paule, il n'y a pas de point de pression d\u00e9sagr\u00e9able.<br \/>\nCouche interm\u00e9diaire :<br \/>\nTu peux porter ce gilet polyvalent comme couche thermique suppl\u00e9mentaire sous une autre veste les jours plus frais.<br \/>\nL'avantage d'un gilet en tant que midlayer est que les bras ne sont pas trop charg\u00e9s et ne te limitent donc pas non plus dans tes mouvements... Mat\u00e9riau : polyester 100%<\/p>","protected":false},"excerpt":{"rendered":"<p>Passform: Justus ist sportlich geschnitten. Die speziell geformten Arm\u00f6ffnungen und das dehnbare FHB-Softshell-Gewebe garantieren maximale Bewegungsfreiheit und angenehmen Tragekomfort.Der R\u00fccken ist leicht verl\u00e4ngert und deckt auch bei gebeugter oder kniender Haltung den R\u00fcckbereich sauber ab, was insbesondere an k\u00e4lteren Tagen sehr angenehm ist. Hochschliessender Kragen: Der hochschliessende Kragen sch\u00fctzt vor kaltem Wind. Beim Innenkragen wird [&hellip;]<\/p>\n","protected":false},"featured_media":672160,"template":"","meta":[],"product_brand":[],"product_cat":[4208],"product_tag":[],"class_list":{"0":"post-611558","1":"product","2":"type-product","3":"status-publish","4":"has-post-thumbnail","6":"product_cat-westen","7":"pa_brand-fhb","8":"pa_brand-type-workwear","9":"pa_filter-color-anthrazit-schwarz","10":"pa_filter-color-beige-schwarz","11":"pa_filter-color-grau-schwarz","12":"pa_filter-color-gruen-schwarz","13":"pa_filter-color-marine-schwarz","14":"pa_filter-color-oliv-schwarz","15":"pa_filter-color-rot-schwarz","16":"pa_filter-color-royalblau-schwarz","17":"pa_filter-color-schwarz","18":"pa_filter-color-weiss-anthrazit","20":"first","21":"instock","22":"sale","23":"taxable","24":"shipping-taxable","25":"purchasable","26":"product-type-variable","27":"add-to-wishlist-before_image"},"exclude_global_add_ons":[],"addons":[],"acf":[],"_links":{"self":[{"href":"https:\/\/shop.kustom.ch\/fr\/wp-json\/wp\/v2\/product\/611558"}],"collection":[{"href":"https:\/\/shop.kustom.ch\/fr\/wp-json\/wp\/v2\/product"}],"about":[{"href":"https:\/\/shop.kustom.ch\/fr\/wp-json\/wp\/v2\/types\/product"}],"wp:featuredmedia":[{"embeddable":true,"href":"https:\/\/shop.kustom.ch\/fr\/wp-json\/wp\/v2\/media\/672160"}],"wp:attachment":[{"href":"https:\/\/shop.kustom.ch\/fr\/wp-json\/wp\/v2\/media?parent=611558"}],"wp:term":[{"taxonomy":"product_brand","embeddable":true,"href":"https:\/\/shop.kustom.ch\/fr\/wp-json\/wp\/v2\/product_brand?post=611558"},{"taxonomy":"product_cat","embeddable":true,"href":"https:\/\/shop.kustom.ch\/fr\/wp-json\/wp\/v2\/product_cat?post=611558"},{"taxonomy":"product_tag","embeddable":true,"href":"https:\/\/shop.kustom.ch\/fr\/wp-json\/wp\/v2\/product_tag?post=611558"}],"curies":[{"name":"wp","href":"https:\/\/api.w.org\/{rel}","templated":true}]}}