{"id":611237,"date":"2025-03-06T04:23:58","date_gmt":"2025-03-06T03:23:58","guid":{"rendered":"https:\/\/shop.kustom.ch\/?post_type=product&#038;p=611237"},"modified":"2026-04-01T07:29:40","modified_gmt":"2026-04-01T06:29:40","slug":"fhb-original-martin-softshell-weste","status":"publish","type":"product","link":"https:\/\/shop.kustom.ch\/fr\/produit\/fhb-original-martin-softshell-weste\/","title":{"rendered":"Gilet MARTIN Softshell"},"content":{"rendered":"<p>Ajustement :<br \/>\nLe gilet de travail a une coupe ample et droite.<br \/>\nLe tissu softshell FHB de haute qualit\u00e9 est \u00e9lastique et extr\u00eamement souple.<br \/>\nLe gilet de travail s'adapte parfaitement \u00e0 l'utilisateur sans le g\u00eaner dans ses mouvements.<br \/>\nLe dos est l\u00e9g\u00e8rement allong\u00e9 et couvre proprement la zone dorsale, m\u00eame en position pench\u00e9e ou \u00e0 genoux, ce qui est particuli\u00e8rement agr\u00e9able les jours plus froids.<br \/>\nCol haut :<br \/>\nLe col haut prot\u00e8ge du vent froid.<br \/>\nPour le col int\u00e9rieur, on utilise une micro-polaire agr\u00e9ablement douce et chaude.<br \/>\nSacs :<br \/>\n2 grandes poches lat\u00e9rales avec large ouverture.<br \/>\nLes poches ont une fermeture \u00e9clair avec une cha\u00eene torsad\u00e9e (prot\u00e8ge de la salet\u00e9 et les copeaux ne se fixent pas).<br \/>\nLes sacs de poche r\u00e9sistants sont en tissu de doublure solide.<br \/>\n1 poche pour t\u00e9l\u00e9phone portable sur le devant du c\u00f4t\u00e9 gauche avec fermeture \u00e0 glissi\u00e8re (cha\u00eene torsad\u00e9e).1 poche int\u00e9rieure avec fermeture \u00e0 glissi\u00e8re et 2 compartiments pour stylos.<br \/>\nR\u00e9glage de la largeur :<br \/>\nLa taille peut \u00eatre ajust\u00e9e \u00e0 la largeur id\u00e9ale \u00e0 l'aide d'un cordon de serrage et fix\u00e9e par des stoppeurs.<br \/>\nAinsi, le gilet reste bien en place et le froid d\u00e9sagr\u00e9able ne peut pas p\u00e9n\u00e9trer.<br \/>\nFermetures \u00e0 glissi\u00e8re fonctionnelles :<br \/>\nFermeture \u00e0 glissi\u00e8re frontale YKK tr\u00e8s facile \u00e0 manipuler, avec un zip prolong\u00e9 pour pouvoir l'utiliser avec des gants.<br \/>\nLe zip est moul\u00e9 et a un grip \u00e0 l'int\u00e9rieur.<br \/>\nTon logo :<br \/>\nLe gilet de travail est parfaitement adapt\u00e9 pour placer ton logo \u00e0 la perfection : Grande surface propre sans couture dans le dos, surface libre sur la poitrine droite... Mat\u00e9riau : 96% polyester, 4% \u00e9lasthanne<\/p>","protected":false},"excerpt":{"rendered":"<p>Passform: Die Arbeitsweste ist locker und gerade geschnitten. Das hochwertigen FHB-Softshell-Gewebe ist elastisch und extrem geschmeidig. Die Arbeitsweste passt sich optimal an den Tr\u00e4ger an, ohne ihn bei der Bewegung einzuschr\u00e4nken. Der R\u00fccken ist leicht verl\u00e4ngert und deckt auch bei gebeugter oder kniender Haltung den R\u00fcckbereich sauber ab, was insbesondere an k\u00e4lteren Tagen sehr angenehm [&hellip;]<\/p>\n","protected":false},"featured_media":672236,"template":"","meta":[],"product_brand":[],"product_cat":[4208],"product_tag":[],"class_list":{"0":"post-611237","1":"product","2":"type-product","3":"status-publish","4":"has-post-thumbnail","6":"product_cat-westen","7":"pa_brand-fhb","8":"pa_brand-type-workwear","9":"pa_filter-color-schwarz","11":"first","12":"instock","13":"sale","14":"taxable","15":"shipping-taxable","16":"purchasable","17":"product-type-variable","18":"add-to-wishlist-before_image"},"exclude_global_add_ons":[],"addons":[],"acf":[],"_links":{"self":[{"href":"https:\/\/shop.kustom.ch\/fr\/wp-json\/wp\/v2\/product\/611237"}],"collection":[{"href":"https:\/\/shop.kustom.ch\/fr\/wp-json\/wp\/v2\/product"}],"about":[{"href":"https:\/\/shop.kustom.ch\/fr\/wp-json\/wp\/v2\/types\/product"}],"wp:featuredmedia":[{"embeddable":true,"href":"https:\/\/shop.kustom.ch\/fr\/wp-json\/wp\/v2\/media\/672236"}],"wp:attachment":[{"href":"https:\/\/shop.kustom.ch\/fr\/wp-json\/wp\/v2\/media?parent=611237"}],"wp:term":[{"taxonomy":"product_brand","embeddable":true,"href":"https:\/\/shop.kustom.ch\/fr\/wp-json\/wp\/v2\/product_brand?post=611237"},{"taxonomy":"product_cat","embeddable":true,"href":"https:\/\/shop.kustom.ch\/fr\/wp-json\/wp\/v2\/product_cat?post=611237"},{"taxonomy":"product_tag","embeddable":true,"href":"https:\/\/shop.kustom.ch\/fr\/wp-json\/wp\/v2\/product_tag?post=611237"}],"curies":[{"name":"wp","href":"https:\/\/api.w.org\/{rel}","templated":true}]}}