{"id":610727,"date":"2025-03-06T04:18:52","date_gmt":"2025-03-06T03:18:52","guid":{"rendered":"https:\/\/shop.kustom.ch\/?post_type=product&#038;p=610727"},"modified":"2026-04-01T07:22:41","modified_gmt":"2026-04-01T06:22:41","slug":"fhb-original-hermann-fhb-reisetasche","status":"publish","type":"product","link":"https:\/\/shop.kustom.ch\/fr\/produit\/fhb-original-hermann-fhb-reisetasche\/","title":{"rendered":"Sac de voyage HERMANN FHB"},"content":{"rendered":"<p>Sac de voyage exceptionnel dans le design et les mat\u00e9riaux d'un pantalon de corporation original de FHB.<br \/>\nmasse :<br \/>\n50 cm x 32 cm x 30 cm.beaucoup d'espace dans le spacieux compartiment principal avec un acc\u00e8s confortable.<br \/>\nLa poche int\u00e9rieure am\u00e9liore l'organisation du compartiment principal.Gr\u00e2ce aux poches ext\u00e9rieures, avec les deux fermetures \u00e9clair typiques d'un pantalon de corporation, les documents de voyage et autres petits objets sont toujours \u00e0 port\u00e9e de main.Deux sangles de transport maniables et une bandouli\u00e8re r\u00e9glable offrent des options de transport confortables et pratiques.La bandouli\u00e8re est amovible.Des mat\u00e9riaux r\u00e9sistants et une finition parfaite, comme pour un pantalon de corporation durable, garantissent une dur\u00e9e de vie particuli\u00e8rement longue du sac de voyage.Les fermetures \u00e9clair extra larges d'YKK sont argent\u00e9es.<br \/>\nGr\u00e2ce aux embouts massifs, ils sont particuli\u00e8rement robustes et durables.<br \/>\nFabriqu\u00e9 en :<br \/>\nPologne<\/p>","protected":false},"excerpt":{"rendered":"<p>Aussergew\u00f6hnliche Reisetasche im Design und aus den Materialien einer original Zunfthose von FHB. Masse: 50 cm x 32 cm x 30 cm.Viel Platz im ger\u00e4umigen Hauptfach mit komfortablem Zugriff. Die Innentasche verbessert die Organisation im Hauptfach.Dank der Aussentaschen, mit den zwei typischen Reissverschl\u00fcssen einer Zunfthose, sind Reiseunterlagen und andere Kleinigkeiten stets griffbereit.Zwei griffige Trageriemen und [&hellip;]<\/p>\n","protected":false},"featured_media":672095,"template":"","meta":[],"product_brand":[],"product_cat":[4195],"product_tag":[],"class_list":{"0":"post-610727","1":"product","2":"type-product","3":"status-publish","4":"has-post-thumbnail","6":"product_cat-rucksaecke-taschen","7":"pa_brand-fhb","8":"pa_brand-type-workwear","9":"pa_filter-color-schwarz","11":"first","12":"instock","13":"sale","14":"taxable","15":"shipping-taxable","16":"purchasable","17":"product-type-variable","18":"add-to-wishlist-before_image"},"exclude_global_add_ons":[],"addons":[],"acf":[],"_links":{"self":[{"href":"https:\/\/shop.kustom.ch\/fr\/wp-json\/wp\/v2\/product\/610727"}],"collection":[{"href":"https:\/\/shop.kustom.ch\/fr\/wp-json\/wp\/v2\/product"}],"about":[{"href":"https:\/\/shop.kustom.ch\/fr\/wp-json\/wp\/v2\/types\/product"}],"wp:featuredmedia":[{"embeddable":true,"href":"https:\/\/shop.kustom.ch\/fr\/wp-json\/wp\/v2\/media\/672095"}],"wp:attachment":[{"href":"https:\/\/shop.kustom.ch\/fr\/wp-json\/wp\/v2\/media?parent=610727"}],"wp:term":[{"taxonomy":"product_brand","embeddable":true,"href":"https:\/\/shop.kustom.ch\/fr\/wp-json\/wp\/v2\/product_brand?post=610727"},{"taxonomy":"product_cat","embeddable":true,"href":"https:\/\/shop.kustom.ch\/fr\/wp-json\/wp\/v2\/product_cat?post=610727"},{"taxonomy":"product_tag","embeddable":true,"href":"https:\/\/shop.kustom.ch\/fr\/wp-json\/wp\/v2\/product_tag?post=610727"}],"curies":[{"name":"wp","href":"https:\/\/api.w.org\/{rel}","templated":true}]}}