{"id":608178,"date":"2025-03-05T04:57:37","date_gmt":"2025-03-05T03:57:37","guid":{"rendered":"https:\/\/shop.kustom.ch\/?post_type=product&#038;p=608178"},"modified":"2026-04-01T07:05:21","modified_gmt":"2026-04-01T06:05:21","slug":"fhb-original-hauke-arbeitsweste","status":"publish","type":"product","link":"https:\/\/shop.kustom.ch\/fr\/produit\/fhb-original-hauke-arbeitsweste\/","title":{"rendered":"Gilet de travail HAUKE"},"content":{"rendered":"<p>Ajustement :<br \/>\nHauke a une coupe ample et droite.<br \/>\nLes emmanchures sp\u00e9cialement form\u00e9es garantissent une libert\u00e9 de mouvement maximale et un confort agr\u00e9able.Le dos est l\u00e9g\u00e8rement allong\u00e9 et couvre proprement la zone dorsale, m\u00eame en position pench\u00e9e ou \u00e0 genoux, ce qui est particuli\u00e8rement agr\u00e9able les jours de grand froid.<br \/>\nCol haut :<br \/>\nLe col haut prot\u00e8ge du vent froid.<br \/>\nPour le col int\u00e9rieur, on utilise une micro-polaire agr\u00e9ablement douce et chaude.<br \/>\nFermeture brevet\u00e9e du col par bouton-pression FHB.<br \/>\nSacs :<br \/>\n2 grandes poches lat\u00e9rales avec large ouverture.<br \/>\nLes poches sont dot\u00e9es d'une fermeture \u00e0 glissi\u00e8re et de sacs de poche r\u00e9sistants en tissu ext\u00e9rieur solide.<br \/>\n1 poche de poitrine avec fermeture \u00e0 glissi\u00e8re. 2 poches \u00e0 rabat avec fermeture velcro sur la poitrine.<br \/>\nLes rabats sont escamotables.2 poches int\u00e9rieures.<br \/>\nSur le c\u00f4t\u00e9 gauche pour un smartphone et sur le c\u00f4t\u00e9 droit pour une tablette.<br \/>\nR\u00e9glage de la largeur :<br \/>\nLa taille peut \u00eatre ajust\u00e9e \u00e0 la largeur id\u00e9ale \u00e0 l'aide d'un cordon de serrage et fix\u00e9e par des stoppeurs.<br \/>\nCela permet \u00e0 la veste de rester bien en place et d'\u00e9viter que le froid d\u00e9sagr\u00e9able ne p\u00e9n\u00e8tre.<br \/>\nFermetures \u00e0 glissi\u00e8re fonctionnelles :<br \/>\nFermeture \u00e0 glissi\u00e8re frontale YKK dissimul\u00e9e et tr\u00e8s facile \u00e0 utiliser.<br \/>\nLe zip est moul\u00e9 et a un grip \u00e0 l'int\u00e9rieur.<br \/>\nCouture d'\u00e9paule :<br \/>\nLe site<br \/>\n:<br \/>\nLa couture d'\u00e9paule est plac\u00e9e sur le c\u00f4t\u00e9 chez Hauke.<br \/>\nL'avantage : quand on porte un sac ou une poutre en bois sur l'\u00e9paule, il n'y a pas de point de pression d\u00e9sagr\u00e9able.<br \/>\nCouche interm\u00e9diaire :<br \/>\nTu peux porter ce gilet polyvalent comme couche thermique suppl\u00e9mentaire sous une autre veste les jours plus frais.<br \/>\nL'avantage d'un gilet en tant que couche interm\u00e9diaire est que les bras ne sont pas trop charg\u00e9s et ne te limitent donc pas non plus dans tes mouvements.<br \/>\nTon logo :<br \/>\nBonne possibilit\u00e9 de personnalisation sur les deux c\u00f4t\u00e9s de la poitrine et au dos... Mat\u00e9riau : polyester 100%<\/p>","protected":false},"excerpt":{"rendered":"<p>Passform: Hauke ist locker und gerade geschnitten. Die speziell geformten Arm\u00f6ffnungen garantieren maximale Bewegungsfreiheit und angenehmen Tragekomfort.Der R\u00fccken ist leicht verl\u00e4ngert und deckt auch bei gebeugter oder kniender Haltung den R\u00fcckbereich sauber ab, was insbesondere an k\u00e4lteren Tagen sehr angenehm ist. Hochschliessender Kragen: Der hochschliessende Kragen sch\u00fctzt vor kaltem Wind. Beim Innenkragen wird angenehm weiches, [&hellip;]<\/p>\n","protected":false},"featured_media":672073,"template":"","meta":[],"product_brand":[],"product_cat":[4208],"product_tag":[],"class_list":{"0":"post-608178","1":"product","2":"type-product","3":"status-publish","4":"has-post-thumbnail","6":"product_cat-westen","7":"pa_brand-fhb","8":"pa_brand-type-workwear","9":"pa_filter-color-anthrazit-schwarz","10":"pa_filter-color-beige-schwarz","11":"pa_filter-color-grau-schwarz","12":"pa_filter-color-gruen-schwarz","13":"pa_filter-color-marine-schwarz","14":"pa_filter-color-oliv-schwarz","15":"pa_filter-color-rot-schwarz","16":"pa_filter-color-royalblau-schwarz","17":"pa_filter-color-schwarz","18":"pa_filter-color-weiss-anthrazit","20":"first","21":"instock","22":"sale","23":"taxable","24":"shipping-taxable","25":"purchasable","26":"product-type-variable","27":"add-to-wishlist-before_image"},"exclude_global_add_ons":[],"addons":[],"acf":[],"_links":{"self":[{"href":"https:\/\/shop.kustom.ch\/fr\/wp-json\/wp\/v2\/product\/608178"}],"collection":[{"href":"https:\/\/shop.kustom.ch\/fr\/wp-json\/wp\/v2\/product"}],"about":[{"href":"https:\/\/shop.kustom.ch\/fr\/wp-json\/wp\/v2\/types\/product"}],"wp:featuredmedia":[{"embeddable":true,"href":"https:\/\/shop.kustom.ch\/fr\/wp-json\/wp\/v2\/media\/672073"}],"wp:attachment":[{"href":"https:\/\/shop.kustom.ch\/fr\/wp-json\/wp\/v2\/media?parent=608178"}],"wp:term":[{"taxonomy":"product_brand","embeddable":true,"href":"https:\/\/shop.kustom.ch\/fr\/wp-json\/wp\/v2\/product_brand?post=608178"},{"taxonomy":"product_cat","embeddable":true,"href":"https:\/\/shop.kustom.ch\/fr\/wp-json\/wp\/v2\/product_cat?post=608178"},{"taxonomy":"product_tag","embeddable":true,"href":"https:\/\/shop.kustom.ch\/fr\/wp-json\/wp\/v2\/product_tag?post=608178"}],"curies":[{"name":"wp","href":"https:\/\/api.w.org\/{rel}","templated":true}]}}