{"id":600918,"date":"2025-03-05T02:44:58","date_gmt":"2025-03-05T01:44:58","guid":{"rendered":"https:\/\/shop.kustom.ch\/?post_type=product&#038;p=600918"},"modified":"2026-03-31T09:08:13","modified_gmt":"2026-03-31T08:08:13","slug":"multinorm-winter-overall","status":"publish","type":"product","link":"https:\/\/shop.kustom.ch\/fr\/produit\/multinorm-winter-overall\/","title":{"rendered":"Combinaison d'hiver Multinorm"},"content":{"rendered":"<p>Combinaison d'hiver ignifug\u00e9e et enti\u00e8rement exempte de m\u00e9tal, de classe 3 haute visibilit\u00e9, pour une protection hivernale ultime contre le froid, le vent et la pluie. Si le compromis n'est pas une option, cette combinaison est le choix parfait avec un petit plus ! Un v\u00eatement r\u00e9sistant \u00e0 l'huile, \u00e0 la salet\u00e9 et \u00e0 l'eau avec des bandes r\u00e9fl\u00e9chissantes de transfert segment\u00e9es sur les \u00e9paules qui assurent la visibilit\u00e9 dans toutes les directions, du thermofleece douillet dans les poches et une fermeture \u00e9clair plastique \u00e0 double sens. Inserts stretch cach\u00e9s dans le dos pour plus de confort. Des solutions de poches pratiques, dont une poche sur la jambe, une poche m\u00e8tre, des poches externes pour les genouill\u00e8res et une poche int\u00e9rieure. La combinaison s'ouvre par le bas et est r\u00e9glable \u00e0 la taille et aux chevilles. La capuche 2167 compatible avec le casque est vendue s\u00e9par\u00e9ment. Certifi\u00e9e selon IEC 61482-2 : APC 2, ELIM 33 cal\/cm\u00b2 et ATPV 39 cal\/cm\u00b2. EN 1149, EN ISO 11612, EN ISO 11611, EN 13034, EN ISO 20471 et EN 14404. EN 343 4\/1 - \u00c9valuation de la colonne d'eau : 12.000 mm. EN 342 - Valeur CLO 2,19, Icler 0,334 m\u00b2 K\/W.<\/p>\n<p>FERMETURE : Bas de jambes r\u00e9glables avec jupe pare-neige amovible. Poignets r\u00e9glables avec fermeture velcro et poignets. D\u00c9TAILS : Bonnes surfaces pour les finitions. Poche d'identification amovible pour les v\u00eatements ignifuges. Soufflet au dos. \u00c9tiquettes de certification ext\u00e9rieures. Boutons-pression en plastique. Col haut avec fermeture \u00e0 glissi\u00e8re dissimul\u00e9e. Coutures soud\u00e9es. Jupe pare-neige avec fermeture velcro et bouton. R\u00e9glable par cordon de serrage \u00e0 la taille. FERMETURE FRONTALE : Fermeture \u00e9clair cach\u00e9e \u00e0 double sens en plastique. FONCTIONNALIT\u00c9 : Champs de couleur fonc\u00e9e dans les zones expos\u00e9es \u00e0 la salet\u00e9. CARACT\u00c9RISTIQUES PRINCIPALES : \u00c9lectricien. Messieurs. EN 343. REFLEX : Bandes r\u00e9fl\u00e9chissantes de transfert ignifuges interrompues. TISSU : bleu. Respirabilit\u00e9 de la peau. Protection contre les flammes. POCHES : Poche sur la jambe avec soufflet et rabat, avec fermeture velcro et poche int\u00e9rieure pour t\u00e9l\u00e9phone portable. Poches poitrine avec fermeture \u00e9clair. Poche int\u00e9rieure avec fermeture \u00e9clair. Poches ext\u00e9rieures pour genouill\u00e8res. Poches avant avec rabat et bouton-pression. Poche m\u00e8tre renforc\u00e9e avec porte couteau et poche stylo. INSTRUCTIONS DE LAVAGE : Ne pas repasser. RENFORCEMENT : Renforc\u00e9 aux genoux et aux mollets. CERTIFICATION : EN 1149-5. EN 13034 PB (6). EN 14404:2004+A1:2010 avec genouill\u00e8res 4027 et 4057. EN 342. EN 343, classe 4,1. EN 61482-2, APC 2. EN ISO 11611, classe 1 A1+A2. EN ISO 11612 A1, A2, C1, E3, F1. EN ISO 20471, classe 3<\/p>\n<p>44% modacrylique, 30% coton, 20% polyamide, 5% aramide, 1% antistatique, ripstop, ignifug\u00e9, antistatique, enduit, imperm\u00e9able 12000 mm, coupe-vent, respirant Ret 8,15, 290 g\/m<\/p>","protected":false},"excerpt":{"rendered":"<p>Flammenhemmender und komplett metallfreier Winter Overall in High Vis Klasse 3, f\u00fcr den ultimativen Winterschutz gegen K\u00e4lte, Wind und Regen. Wenn Kompromisse keine Option sind, ist dieser Overall die perfekte Wahl mit dem gewissen Extra! Ein \u00f6l-, schmutz- und wasserabweisendes Kleidungsst\u00fcck mit segmentierten Transferreflexstreifen an den Schultern, das f\u00fcr Sichtbarkeit in alle Richtungen sorgt, kuscheligem [&hellip;]<\/p>\n","protected":false},"featured_media":600969,"template":"","meta":[],"product_brand":[],"product_cat":[10454],"product_tag":[],"class_list":{"0":"post-600918","1":"product","2":"type-product","3":"status-publish","4":"has-post-thumbnail","6":"product_cat-overalls","7":"pa_brand-blaklaeder","8":"pa_brand-type-workwear","9":"pa_filter-color-blau","10":"pa_filter-color-gelb","12":"first","13":"instock","14":"sale","15":"taxable","16":"shipping-taxable","17":"purchasable","18":"product-type-variable","19":"add-to-wishlist-before_image"},"exclude_global_add_ons":[],"addons":[],"acf":[],"_links":{"self":[{"href":"https:\/\/shop.kustom.ch\/fr\/wp-json\/wp\/v2\/product\/600918"}],"collection":[{"href":"https:\/\/shop.kustom.ch\/fr\/wp-json\/wp\/v2\/product"}],"about":[{"href":"https:\/\/shop.kustom.ch\/fr\/wp-json\/wp\/v2\/types\/product"}],"wp:featuredmedia":[{"embeddable":true,"href":"https:\/\/shop.kustom.ch\/fr\/wp-json\/wp\/v2\/media\/600969"}],"wp:attachment":[{"href":"https:\/\/shop.kustom.ch\/fr\/wp-json\/wp\/v2\/media?parent=600918"}],"wp:term":[{"taxonomy":"product_brand","embeddable":true,"href":"https:\/\/shop.kustom.ch\/fr\/wp-json\/wp\/v2\/product_brand?post=600918"},{"taxonomy":"product_cat","embeddable":true,"href":"https:\/\/shop.kustom.ch\/fr\/wp-json\/wp\/v2\/product_cat?post=600918"},{"taxonomy":"product_tag","embeddable":true,"href":"https:\/\/shop.kustom.ch\/fr\/wp-json\/wp\/v2\/product_tag?post=600918"}],"curies":[{"name":"wp","href":"https:\/\/api.w.org\/{rel}","templated":true}]}}