{"id":599461,"date":"2025-03-05T02:21:53","date_gmt":"2025-03-05T01:21:53","guid":{"rendered":"https:\/\/shop.kustom.ch\/?post_type=product&#038;p=599461"},"modified":"2026-03-31T09:01:21","modified_gmt":"2026-03-31T08:01:21","slug":"leichte-gefuetterte-winterjacke-stretch","status":"publish","type":"product","link":"https:\/\/shop.kustom.ch\/fr\/produit\/leichte-gefuetterte-winterjacke-stretch\/","title":{"rendered":"Veste d'hiver l\u00e9g\u00e8re et doubl\u00e9e Stretch"},"content":{"rendered":"<p>Cette veste d'hiver doubl\u00e9e d'Air-Mesh est parfaite pour les conditions m\u00e9t\u00e9orologiques plus froides. Elle est imperm\u00e9able au vent et \u00e0 l'eau, tr\u00e8s respirante et poss\u00e8de des coutures scell\u00e9es. La veste est fabriqu\u00e9e dans un mat\u00e9riau stretch quadri-directionnel tr\u00e8s confortable et doux. \u00c9galement disponible en mod\u00e8le pour femmes 4408.<\/p>\n<p>FERMETURE : Ceinture r\u00e9glable avec cordon de serrage. Poignet int\u00e9rieur avec trou pour le pouce. D\u00c9TAILS : fermeture \u00e9clair dans la doublure, pour une finition textile facile. Capuche amovible avec doublure en mesh. FERMETURE FRONTALE : Fermeture \u00e0 glissi\u00e8re en plastique. FONCTIONNALIT\u00c9 : Mat\u00e9riau imperm\u00e9able au vent et \u00e0 l'eau avec respirabilit\u00e9, coutures soud\u00e9es. CARACT\u00c9RISTIQUES PRINCIPALES : Pose au sol. REFLEX : Mat\u00e9riau r\u00e9fl\u00e9chissant sur les manches. TISSU : pour hommes. Respirabilit\u00e9. Unite. POCHES : Poche de poitrine avec fermeture \u00e0 glissi\u00e8re. Poches frontales, dont une avec anneau en D. INSTRUCTIONS DE LAVAGE : Ne pas nettoyer \u00e0 sec. CERTIFICATION : EN 342 avec art. 1810. EN 343, classe 4,1. Non certifi\u00e9 High Vis.<\/p>\n<p>83% polyamide, 17% spandex, lamin\u00e9, \u00e9tanche \u00e0 l'eau 15000 mm, coupe-vent, respirant Ret 11,3, stretch, 170 g\/m<\/p>","protected":false},"excerpt":{"rendered":"<p>Diese mit Air-Mesh gef\u00fctterte Winterjacke ist perfekt f\u00fcr k\u00e4ltere Wetterbedingungen. Sie ist wind- und wasserdicht, sehr atmungsaktiv und hat versiegelte N\u00e4hte. Die Jacke ist aus einem sehr bequemen und weichen 4-Wege-Stretchmaterial gefertigt. Auch als Damenmodell 4408 erh\u00e4ltlich. ABSCHLUSS: Verstellbarer Bund mit Kordelzug. Innenb\u00fcndchen mit Daumenloch. DETAILS: Reissverschluss im Futter, f\u00fcr einfache Textilveredelung. Abnehmbare Kapuze mit [&hellip;]<\/p>\n","protected":false},"featured_media":599516,"template":"","meta":[],"product_brand":[],"product_cat":[4186],"product_tag":[],"class_list":{"0":"post-599461","1":"product","2":"type-product","3":"status-publish","4":"has-post-thumbnail","6":"product_cat-jacken","7":"pa_brand-blaklaeder","8":"pa_brand-type-workwear","9":"pa_filter-color-blau","10":"pa_filter-color-gelb","11":"pa_filter-color-rot","12":"pa_filter-color-schwarz","14":"first","15":"instock","16":"sale","17":"taxable","18":"shipping-taxable","19":"purchasable","20":"product-type-variable","21":"add-to-wishlist-before_image"},"exclude_global_add_ons":[],"addons":[],"acf":[],"_links":{"self":[{"href":"https:\/\/shop.kustom.ch\/fr\/wp-json\/wp\/v2\/product\/599461"}],"collection":[{"href":"https:\/\/shop.kustom.ch\/fr\/wp-json\/wp\/v2\/product"}],"about":[{"href":"https:\/\/shop.kustom.ch\/fr\/wp-json\/wp\/v2\/types\/product"}],"wp:featuredmedia":[{"embeddable":true,"href":"https:\/\/shop.kustom.ch\/fr\/wp-json\/wp\/v2\/media\/599516"}],"wp:attachment":[{"href":"https:\/\/shop.kustom.ch\/fr\/wp-json\/wp\/v2\/media?parent=599461"}],"wp:term":[{"taxonomy":"product_brand","embeddable":true,"href":"https:\/\/shop.kustom.ch\/fr\/wp-json\/wp\/v2\/product_brand?post=599461"},{"taxonomy":"product_cat","embeddable":true,"href":"https:\/\/shop.kustom.ch\/fr\/wp-json\/wp\/v2\/product_cat?post=599461"},{"taxonomy":"product_tag","embeddable":true,"href":"https:\/\/shop.kustom.ch\/fr\/wp-json\/wp\/v2\/product_tag?post=599461"}],"curies":[{"name":"wp","href":"https:\/\/api.w.org\/{rel}","templated":true}]}}