{"id":598490,"date":"2025-03-05T01:56:57","date_gmt":"2025-03-05T00:56:57","guid":{"rendered":"https:\/\/shop.kustom.ch\/?post_type=product&#038;p=598490"},"modified":"2026-03-31T09:05:58","modified_gmt":"2026-03-31T08:05:58","slug":"hybrid-jacke-3","status":"publish","type":"product","link":"https:\/\/shop.kustom.ch\/fr\/produit\/hybrid-jacke-3\/","title":{"rendered":"Veste hybride"},"content":{"rendered":"<p>Ce v\u00eatement est souvent appel\u00e9 veste hybride, ce qui d\u00e9crit bien sa fonction. Les manches et les c\u00f4t\u00e9s de la veste sont en softshell coupe-vent et le haut du corps est doubl\u00e9 d'une doublure Thermore\u00ae ECODOWN l\u00e9g\u00e8re et chaude en bouteilles PET recycl\u00e9es. Avec le tissu stretch sur les manches et les c\u00f4t\u00e9s, la veste offre une bonne tenue avec une bonne libert\u00e9 de mouvement. La veste se porte bien \u00e0 l'int\u00e9rieur et convient parfaitement comme deuxi\u00e8me couche \u00e0 l'ext\u00e9rieur.<\/p>\n<p>FERMETURE : Dos rallong\u00e9. Poignets avec \u00e9lastique. FERMETURE FRONTALE : Fermeture \u00e0 glissi\u00e8re en plastique. CARACTERISTIQUES PRINCIPALES : Conducteur. TISSU : Hommes. Noir. Vent \/ humidit\u00e9 \/ froid. PORTEFEUILLE : Poche de poitrine avec fermeture \u00e9clair. Poches avant zipp\u00e9es et deux poches int\u00e9rieures. INSTRUCTIONS DE LAVAGE : Ne pas blanchir.<\/p>\n<p>72% polyamide, 28% polyester, fil flamm\u00e9, tissage simple, hydrofuge, 72 g\/m<\/p>","protected":false},"excerpt":{"rendered":"<p>Dieses Kleidungsst\u00fcck wird oft als Hybrid Jacke bezeichnet, was die Funktion der Jacke gut beschreibt. Die \u00c4rmel und Seiten der Jacke bestehen aus einem winddichten Softshell und der Oberk\u00f6rper ist mit einem leichten und w\u00e4rmenden Thermore\u00ae ECODOWN Futter aus recycelten PET Flaschen gef\u00fcttert. Mit dem Stretch Stoff an den \u00c4rmeln und den Seiten bietet die [&hellip;]<\/p>\n","protected":false},"featured_media":598549,"template":"","meta":[],"product_brand":[],"product_cat":[4186],"product_tag":[],"class_list":{"0":"post-598490","1":"product","2":"type-product","3":"status-publish","4":"has-post-thumbnail","6":"product_cat-jacken","7":"pa_brand-blaklaeder","8":"pa_brand-type-workwear","9":"pa_filter-color-grau","10":"pa_filter-color-schwarz","12":"first","13":"instock","14":"sale","15":"taxable","16":"shipping-taxable","17":"purchasable","18":"product-type-variable","19":"add-to-wishlist-before_image"},"exclude_global_add_ons":[],"addons":[],"acf":[],"_links":{"self":[{"href":"https:\/\/shop.kustom.ch\/fr\/wp-json\/wp\/v2\/product\/598490"}],"collection":[{"href":"https:\/\/shop.kustom.ch\/fr\/wp-json\/wp\/v2\/product"}],"about":[{"href":"https:\/\/shop.kustom.ch\/fr\/wp-json\/wp\/v2\/types\/product"}],"wp:featuredmedia":[{"embeddable":true,"href":"https:\/\/shop.kustom.ch\/fr\/wp-json\/wp\/v2\/media\/598549"}],"wp:attachment":[{"href":"https:\/\/shop.kustom.ch\/fr\/wp-json\/wp\/v2\/media?parent=598490"}],"wp:term":[{"taxonomy":"product_brand","embeddable":true,"href":"https:\/\/shop.kustom.ch\/fr\/wp-json\/wp\/v2\/product_brand?post=598490"},{"taxonomy":"product_cat","embeddable":true,"href":"https:\/\/shop.kustom.ch\/fr\/wp-json\/wp\/v2\/product_cat?post=598490"},{"taxonomy":"product_tag","embeddable":true,"href":"https:\/\/shop.kustom.ch\/fr\/wp-json\/wp\/v2\/product_tag?post=598490"}],"curies":[{"name":"wp","href":"https:\/\/api.w.org\/{rel}","templated":true}]}}