{"id":598470,"date":"2025-03-05T01:56:22","date_gmt":"2025-03-05T00:56:22","guid":{"rendered":"https:\/\/shop.kustom.ch\/?post_type=product&#038;p=598470"},"modified":"2026-03-31T09:05:57","modified_gmt":"2026-03-31T08:05:57","slug":"damen-high-vis-softshell-jacke-4","status":"publish","type":"product","link":"https:\/\/shop.kustom.ch\/fr\/produit\/damen-high-vis-softshell-jacke-4\/","title":{"rendered":"Veste Softshell haute visibilit\u00e9 pour femmes"},"content":{"rendered":"<p>La veste de s\u00e9curit\u00e9 \u00e0 col haut peut \u00eatre port\u00e9e toute l'ann\u00e9e, comme deuxi\u00e8me couche ou comme veste normale - selon les conditions m\u00e9t\u00e9orologiques. La veste softshell est dot\u00e9e de bandes r\u00e9fl\u00e9chissantes de 50 mm de large pour une visibilit\u00e9 accrue et de finitions \u00e9lastiques au niveau des bras et de la taille pour un meilleur confort. Deux poches de poitrine et deux poches lat\u00e9rales, toutes deux zipp\u00e9es, offrent beaucoup de place pour vos accessoires. Certifi\u00e9 selon EN ISO 20471, XS-S classe 2, M -&gt; classe 3.<\/p>\n<p>FERMETURE : Bande \u00e9lastique dans l'ourlet inf\u00e9rieur. Poignets \u00e9largis avec ouverture pour le pouce et ourlet \u00e9lastique. D\u00c9TAILS : Anneau en D. Col haut. FERMETURE FRONTALE : Fermeture \u00e0 glissi\u00e8re robuste en plastique. FONCTIONNALIT\u00c9 : Taille femme. CARACTERISTIQUES PRINCIPALES : Artisan. RIS-3279-TOM . REFLEX : Bandes r\u00e9fl\u00e9chissantes de transfert de 50 mm de large. TISSU : Femme. Jaune haute visibilit\u00e9. Respirant . Protection haute visibilit\u00e9. POCHES : Poches de poitrine avec fermeture \u00e0 glissi\u00e8re. Poches avant avec fermetures \u00e0 glissi\u00e8re. CONSEILS DE LAVAGE : Nombre de lavages : 25. Ne pas nettoyer \u00e0 sec. CERTIFICATION : Les v\u00eatements de classe 2 et 3 en orange sont conformes \u00e0 la norme RIS-3279-TOM Issue 2.<\/p>\n<p>100% Polyester, interlock double tricot, 290g\/m<\/p>","protected":false},"excerpt":{"rendered":"<p>Die Warnschutz Jacke mit hohem Kragen kann das ganze Jahr getragen werden, als zweite Lage oder ganz normal als Jacke &#8211; je nach Wetterlage. Die Softshelljacke hat 50 mm breite Reflexstreifen f\u00fcr erh\u00f6hte Sichtbarkeit und elastische Abschl\u00fcsse an den Armen und dem Bund f\u00fcr besseren Tragekomfort. Zwei Brusttaschen und zwei Seitentaschen, beide mit Reissverschluss, sorgen [&hellip;]<\/p>\n","protected":false},"featured_media":598516,"template":"","meta":[],"product_brand":[],"product_cat":[4186],"product_tag":[],"class_list":{"0":"post-598470","1":"product","2":"type-product","3":"status-publish","4":"has-post-thumbnail","6":"product_cat-jacken","7":"pa_brand-blaklaeder","8":"pa_brand-type-workwear","9":"pa_filter-color-gelb","10":"pa_filter-color-orange","12":"first","13":"instock","14":"sale","15":"taxable","16":"shipping-taxable","17":"purchasable","18":"product-type-variable","19":"add-to-wishlist-before_image"},"exclude_global_add_ons":[],"addons":[],"acf":[],"_links":{"self":[{"href":"https:\/\/shop.kustom.ch\/fr\/wp-json\/wp\/v2\/product\/598470"}],"collection":[{"href":"https:\/\/shop.kustom.ch\/fr\/wp-json\/wp\/v2\/product"}],"about":[{"href":"https:\/\/shop.kustom.ch\/fr\/wp-json\/wp\/v2\/types\/product"}],"wp:featuredmedia":[{"embeddable":true,"href":"https:\/\/shop.kustom.ch\/fr\/wp-json\/wp\/v2\/media\/598516"}],"wp:attachment":[{"href":"https:\/\/shop.kustom.ch\/fr\/wp-json\/wp\/v2\/media?parent=598470"}],"wp:term":[{"taxonomy":"product_brand","embeddable":true,"href":"https:\/\/shop.kustom.ch\/fr\/wp-json\/wp\/v2\/product_brand?post=598470"},{"taxonomy":"product_cat","embeddable":true,"href":"https:\/\/shop.kustom.ch\/fr\/wp-json\/wp\/v2\/product_cat?post=598470"},{"taxonomy":"product_tag","embeddable":true,"href":"https:\/\/shop.kustom.ch\/fr\/wp-json\/wp\/v2\/product_tag?post=598470"}],"curies":[{"name":"wp","href":"https:\/\/api.w.org\/{rel}","templated":true}]}}