{"id":597737,"date":"2025-03-05T01:44:03","date_gmt":"2025-03-05T00:44:03","guid":{"rendered":"https:\/\/shop.kustom.ch\/?post_type=product&#038;p=597737"},"modified":"2026-03-31T09:04:39","modified_gmt":"2026-03-31T08:04:39","slug":"maler-jacke","status":"publish","type":"product","link":"https:\/\/shop.kustom.ch\/fr\/produit\/maler-jacke\/","title":{"rendered":"Veste de peintre"},"content":{"rendered":"<p>Doublure en fourrure de fibres dans le col, poches de poitrine avec rabat et poches lat\u00e9rales avec fermeture \u00e0 glissi\u00e8re et bordures en tricot c\u00f4te. Poches avant \u00e0 rabat et poches lat\u00e9rales. La veste est r\u00e9glable \u00e0 la taille et poss\u00e8de un dos rallong\u00e9 avec soufflet. Elle dispose en outre d'une poche int\u00e9rieure, d'une poche pour t\u00e9l\u00e9phone portable et d'une poche pour stylo sur le bras ainsi que d'une fermeture \u00e9clair dans la doublure et d'un anneau en D.<\/p>\n<p>FERMETURE : Dos rallong\u00e9. Poignets avec manchettes int\u00e9rieures. D\u00c9TAILS : Poche pour carte d'identit\u00e9 escamotable. Soufflet au dos. Boutons-pression en m\u00e9tal. Col haut avec fermeture \u00e0 glissi\u00e8re. Taille r\u00e9glable. FERMETURE FRONTALE : Fermeture \u00e0 glissi\u00e8re m\u00e9tallique dissimul\u00e9e. FONCTIONNALIT\u00c9 : Doublure chaude. Manches pr\u00e9form\u00e9es. CARACTERISTIQUES PRINCIPALES : Ma\u00e7on \/ Carreleur. TISSU : Hommes. Blanc. Imperm\u00e9able. Vent \/ humidit\u00e9 \/ froid. POCHES : Poches poitrine avec rabats et bouton-pression. Poche int\u00e9rieure avec poche pour t\u00e9l\u00e9phone portable. Poches avant \u00e0 rabat et poches lat\u00e9rales. Poche sur la manche avec rabat. INSTRUCTIONS DE LAVAGE : 40\u00b0 C - doux<\/p>\n<p>70% polyester, 30% coton, serg\u00e9, ext\u00e9rieur hydrofuge, 230g\/m<\/p>","protected":false},"excerpt":{"rendered":"<p>Faserpelzfutter im Kragen, Brusttaschen mit Patte und Seitentaschen mit Reissverschluss und Rippenstrickb\u00fcndchen. Fronttaschen mit Patte und Seitentaschen. Die Jacke ist in der Taille verstellbar und hat einen verl\u00e4ngerten R\u00fccken mit Faltenbalg. Zus\u00e4tzlich hat sie eine Innentasche, Handytasche und Stifttasche am Arm sowie einen Reissverschluss im Innenfutter und D-Ring. ABSCHLUSS: Verl\u00e4ngerter R\u00fccken. \u00c4rmelb\u00fcndchen mit innenliegenden Manschetten. [&hellip;]<\/p>\n","protected":false},"featured_media":597771,"template":"","meta":[],"product_brand":[],"product_cat":[4186],"product_tag":[],"class_list":{"0":"post-597737","1":"product","2":"type-product","3":"status-publish","4":"has-post-thumbnail","6":"product_cat-jacken","7":"pa_brand-blaklaeder","8":"pa_brand-type-workwear","9":"pa_filter-color-grau","10":"pa_filter-color-weiss","12":"first","13":"instock","14":"sale","15":"taxable","16":"shipping-taxable","17":"purchasable","18":"product-type-variable","19":"add-to-wishlist-before_image"},"exclude_global_add_ons":[],"addons":[],"acf":[],"_links":{"self":[{"href":"https:\/\/shop.kustom.ch\/fr\/wp-json\/wp\/v2\/product\/597737"}],"collection":[{"href":"https:\/\/shop.kustom.ch\/fr\/wp-json\/wp\/v2\/product"}],"about":[{"href":"https:\/\/shop.kustom.ch\/fr\/wp-json\/wp\/v2\/types\/product"}],"wp:featuredmedia":[{"embeddable":true,"href":"https:\/\/shop.kustom.ch\/fr\/wp-json\/wp\/v2\/media\/597771"}],"wp:attachment":[{"href":"https:\/\/shop.kustom.ch\/fr\/wp-json\/wp\/v2\/media?parent=597737"}],"wp:term":[{"taxonomy":"product_brand","embeddable":true,"href":"https:\/\/shop.kustom.ch\/fr\/wp-json\/wp\/v2\/product_brand?post=597737"},{"taxonomy":"product_cat","embeddable":true,"href":"https:\/\/shop.kustom.ch\/fr\/wp-json\/wp\/v2\/product_cat?post=597737"},{"taxonomy":"product_tag","embeddable":true,"href":"https:\/\/shop.kustom.ch\/fr\/wp-json\/wp\/v2\/product_tag?post=597737"}],"curies":[{"name":"wp","href":"https:\/\/api.w.org\/{rel}","templated":true}]}}