{"id":597713,"date":"2025-03-05T01:43:00","date_gmt":"2025-03-05T00:43:00","guid":{"rendered":"https:\/\/shop.kustom.ch\/?post_type=product&#038;p=597713"},"modified":"2026-03-31T09:04:38","modified_gmt":"2026-03-31T08:04:38","slug":"fiberfleece-jacke","status":"publish","type":"product","link":"https:\/\/shop.kustom.ch\/fr\/produit\/fiberfleece-jacke\/","title":{"rendered":"Veste en fibre polaire"},"content":{"rendered":"<p>Veste confortable en fibre polaire qui vous tient au chaud pendant les fra\u00eeches journ\u00e9es d'automne. La veste a une capuche fixe et des poches de poitrine et lat\u00e9rales avec fermeture \u00e9clair. Le dos est allong\u00e9 et poss\u00e8de une bande \u00e9lastique dans l'ourlet inf\u00e9rieur pour prot\u00e9ger de l'air froid qui peut s'infiltrer par la taille. Les poignets sont \u00e9lastiques et disposent d'ouvertures pour les pouces.<\/p>\n<p>FERMETURE : Dos rallong\u00e9. Poignets \u00e9largis avec ouverture pour le pouce et ourlet \u00e9lastique. D\u00c9TAILS : Capuche fixe. FERMETURE FRONTALE : Patte de boutonnage avec doublure en polaire \u00e0 l'int\u00e9rieur. CARACTERISTIQUES PRINCIPALES : Spengler. TISSU : Hommes. Vert. Vent \/ humidit\u00e9 \/ froid. PORTEFEUILLE : Poche de poitrine avec fermeture \u00e9clair. Poches lat\u00e9rales avec fermeture \u00e9clair. INSTRUCTIONS DE LAVAGE : Ne pas blanchir.<\/p>\n<p>100% Polyester, fourrure polaire, 250g\/m<\/p>","protected":false},"excerpt":{"rendered":"<p>Bequeme Fiberfleece Jacke, die Sie an k\u00fchlen Herbsttagen warm h\u00e4lt. Die Jacke hat eine feste Kapuze und Brust- und Seitentaschen mit Reissverschluss. Der R\u00fcckenteil ist verl\u00e4ngert und besitzt ein elastisches Band im unteren Saum, um vor kalter Luft zu sch\u00fctzen, die \u00fcber die Taille eindringen kann. Die \u00c4rmelb\u00fcndchen sind elastisch und haben Daumen\u00f6ffnungen. ABSCHLUSS: Verl\u00e4ngerter [&hellip;]<\/p>\n","protected":false},"featured_media":597768,"template":"","meta":[],"product_brand":[],"product_cat":[4186],"product_tag":[],"class_list":{"0":"post-597713","1":"product","2":"type-product","3":"status-publish","4":"has-post-thumbnail","6":"product_cat-jacken","7":"pa_brand-blaklaeder","8":"pa_brand-type-workwear","9":"pa_filter-color-gruen","11":"first","12":"instock","13":"sale","14":"taxable","15":"shipping-taxable","16":"purchasable","17":"product-type-variable","18":"add-to-wishlist-before_image"},"exclude_global_add_ons":[],"addons":[],"acf":[],"_links":{"self":[{"href":"https:\/\/shop.kustom.ch\/fr\/wp-json\/wp\/v2\/product\/597713"}],"collection":[{"href":"https:\/\/shop.kustom.ch\/fr\/wp-json\/wp\/v2\/product"}],"about":[{"href":"https:\/\/shop.kustom.ch\/fr\/wp-json\/wp\/v2\/types\/product"}],"wp:featuredmedia":[{"embeddable":true,"href":"https:\/\/shop.kustom.ch\/fr\/wp-json\/wp\/v2\/media\/597768"}],"wp:attachment":[{"href":"https:\/\/shop.kustom.ch\/fr\/wp-json\/wp\/v2\/media?parent=597713"}],"wp:term":[{"taxonomy":"product_brand","embeddable":true,"href":"https:\/\/shop.kustom.ch\/fr\/wp-json\/wp\/v2\/product_brand?post=597713"},{"taxonomy":"product_cat","embeddable":true,"href":"https:\/\/shop.kustom.ch\/fr\/wp-json\/wp\/v2\/product_cat?post=597713"},{"taxonomy":"product_tag","embeddable":true,"href":"https:\/\/shop.kustom.ch\/fr\/wp-json\/wp\/v2\/product_tag?post=597713"}],"curies":[{"name":"wp","href":"https:\/\/api.w.org\/{rel}","templated":true}]}}