{"id":597626,"date":"2025-03-05T01:29:53","date_gmt":"2025-03-05T00:29:53","guid":{"rendered":"https:\/\/shop.kustom.ch\/?post_type=product&#038;p=597626"},"modified":"2026-03-31T09:04:30","modified_gmt":"2026-03-31T08:04:30","slug":"high-vis-winterjacke-5","status":"publish","type":"product","link":"https:\/\/shop.kustom.ch\/fr\/produit\/high-vis-winterjacke-5\/","title":{"rendered":"Veste d'hiver haute visibilit\u00e9"},"content":{"rendered":"<p>Assurez-vous d'\u00eatre vu. Notre gamme de v\u00eatements de signalisation offre une protection personnelle avanc\u00e9e. Elle offre la fonctionnalit\u00e9 et le confort de travail habituels tout en veillant \u00e0 ce que vous soyez vu. Cette veste dispose de nombreuses solutions de poches intelligentes sur les manches, sur la poitrine et \u00e0 l'int\u00e9rieur. En outre, vous pouvez par exemple r\u00e9gler la largeur de la taille, les cordons de serrage des manches et le pli dorsal afin d'optimiser le confort. Certifi\u00e9 EN 471 classe 2, pour les v\u00eatements \u00e0 haute visibilit\u00e9. EN 342 Protection contre le froid.<\/p>\n<p>FERMETURE : Ceinture r\u00e9glable avec cordon de serrage. Poignets r\u00e9glables avec fermeture velcro. D\u00c9TAILS : Poche pour carte d'identit\u00e9 escamotable. Soufflet au dos. Col doubl\u00e9 en polaire. FERMETURE FRONTALE : Fermeture \u00e0 glissi\u00e8re en plastique renforc\u00e9e et dissimul\u00e9e. CARACT\u00c9RISTIQUES PRINCIPALES : Artisan. EN ISO 20471. REFLEX : Bandes r\u00e9fl\u00e9chissantes de 50 mm de large. TISSU : Homme. Noir. Protection haute visibilit\u00e9. POCHES : Poches poitrine avec soufflet et rabat. Poches int\u00e9rieures, dont une avec fermeture \u00e0 glissi\u00e8re et une avec fermeture velcro. Poches avant avec fermetures \u00e0 glissi\u00e8re. Poche sur la manche avec poche pour stylo. INSTRUCTIONS DE LAVAGE : Nombre de lavages : 25. Repassage - moyen. CERTIFICATION : EN 342 avec art. 1883 ou 1885. EN ISO 20471, classe 2.<\/p>\n<p>65% polyester, 35% coton, serg\u00e9, ext\u00e9rieur hydrofuge, 240g\/m<\/p>","protected":false},"excerpt":{"rendered":"<p>Sorgen Sie daf\u00fcr, dass Sie gesehen werden. Unser Angebot an Warnschutzkleidung bietet fortschrittlichen pers\u00f6nlichen Schutz. Sie bietet die gewohnte Funktionalit\u00e4t und den \u00fcblichen Arbeitskomfort und sorgt gleichzeitig daf\u00fcr, dass Sie gesehen werden. Diese Jacke verf\u00fcgt \u00fcber viele intelligente Taschenl\u00f6sungen an den \u00c4rmeln, auf der Brust und auf der Innenseite. Ausserdem k\u00f6nnen Sie z. B. die [&hellip;]<\/p>\n","protected":false},"featured_media":597689,"template":"","meta":[],"product_brand":[],"product_cat":[4186],"product_tag":[],"class_list":{"0":"post-597626","1":"product","2":"type-product","3":"status-publish","4":"has-post-thumbnail","6":"product_cat-jacken","7":"pa_brand-blaklaeder","8":"pa_brand-type-workwear","9":"pa_filter-color-gelb","10":"pa_filter-color-schwarz","12":"first","13":"instock","14":"sale","15":"taxable","16":"shipping-taxable","17":"purchasable","18":"product-type-variable","19":"add-to-wishlist-before_image"},"exclude_global_add_ons":[],"addons":[],"acf":[],"_links":{"self":[{"href":"https:\/\/shop.kustom.ch\/fr\/wp-json\/wp\/v2\/product\/597626"}],"collection":[{"href":"https:\/\/shop.kustom.ch\/fr\/wp-json\/wp\/v2\/product"}],"about":[{"href":"https:\/\/shop.kustom.ch\/fr\/wp-json\/wp\/v2\/types\/product"}],"wp:featuredmedia":[{"embeddable":true,"href":"https:\/\/shop.kustom.ch\/fr\/wp-json\/wp\/v2\/media\/597689"}],"wp:attachment":[{"href":"https:\/\/shop.kustom.ch\/fr\/wp-json\/wp\/v2\/media?parent=597626"}],"wp:term":[{"taxonomy":"product_brand","embeddable":true,"href":"https:\/\/shop.kustom.ch\/fr\/wp-json\/wp\/v2\/product_brand?post=597626"},{"taxonomy":"product_cat","embeddable":true,"href":"https:\/\/shop.kustom.ch\/fr\/wp-json\/wp\/v2\/product_cat?post=597626"},{"taxonomy":"product_tag","embeddable":true,"href":"https:\/\/shop.kustom.ch\/fr\/wp-json\/wp\/v2\/product_tag?post=597626"}],"curies":[{"name":"wp","href":"https:\/\/api.w.org\/{rel}","templated":true}]}}