{"id":597602,"date":"2025-03-05T01:29:20","date_gmt":"2025-03-05T00:29:20","guid":{"rendered":"https:\/\/shop.kustom.ch\/?post_type=product&#038;p=597602"},"modified":"2026-03-31T09:04:29","modified_gmt":"2026-03-31T08:04:29","slug":"high-vis-softshell-jacke-4","status":"publish","type":"product","link":"https:\/\/shop.kustom.ch\/fr\/produit\/high-vis-softshell-jacke-4\/","title":{"rendered":"Veste Softshell haute visibilit\u00e9"},"content":{"rendered":"<p>Une veste softshell pour les utilisations les plus difficiles. La veste est imperm\u00e9able au vent et \u00e0 l'eau dans un mat\u00e9riau respirant. L'ourlet est r\u00e9glable par cordon de serrage pour une libert\u00e9 de mouvement maximale et une protection contre le froid. Le dos allong\u00e9 am\u00e9liore encore le confort. D\u00e9tails r\u00e9fl\u00e9chissants tout autour de la veste, y compris sur les \u00e9paules, pour \u00eatre vu sous tous les angles, m\u00eame lorsque vous vous penchez. Certifi\u00e9e selon la norme EN 471 classe 3 pour les v\u00eatements \u00e0 haute visibilit\u00e9.<\/p>\n<p>FERMETURE : Ceinture r\u00e9glable avec cordon de serrage. Poignets r\u00e9glables avec fermeture velcro. D\u00c9TAILS : Poche pour carte d'identit\u00e9 escamotable. Col haut. FERMETURE FRONTALE : Fermeture \u00e0 glissi\u00e8re en plastique. FONCTIONNALIT\u00c9 : Imperm\u00e9able au vent et \u00e0 l'eau, coutures non scell\u00e9es, respirant. CARACT\u00c9RISTIQUES PRINCIPALES : Artisan. EN ISO 20471. REFLEX : Mat\u00e9riau r\u00e9fl\u00e9chissant sur le torse, les manches et les \u00e9paules. TISSU : pour hommes. Jaune haute visibilit\u00e9. Hydrofuge. Protection haute visibilit\u00e9. POCHES : Poche int\u00e9rieure en maille. Poches avant avec fermetures \u00e0 glissi\u00e8re. CONSEILS DE LAVAGE : Nombre de lavages : 20. Ne pas blanchir. CERTIFICATION : EN ISO 20471, classe 3<\/p>\n<p>100% polyester, tissu softshell 3 couches, imperm\u00e9able 17.000mm, coupe-vent, respirant Ret 7,2, 300 g\/m<\/p>","protected":false},"excerpt":{"rendered":"<p>Eine Softshell-Jacke f\u00fcr die h\u00e4rtesten Eins\u00e4tze. Die Jacke ist wind- und wasserabweisend in einem atmungsaktiven Material. Am Saum mit Kordelzug verstellbar f\u00fcr maximale Bewegungsfreiheit und zum Schutz vor K\u00e4lte. Der verl\u00e4ngerte R\u00fccken verbessert den Komfort zus\u00e4tzlich. Reflektierende Details rund um die Jacke, auch an den Schultern, damit Sie aus allen Winkeln gesehen werden, auch wenn [&hellip;]<\/p>\n","protected":false},"featured_media":597663,"template":"","meta":[],"product_brand":[],"product_cat":[4186],"product_tag":[],"class_list":{"0":"post-597602","1":"product","2":"type-product","3":"status-publish","4":"has-post-thumbnail","6":"product_cat-jacken","7":"pa_brand-blaklaeder","8":"pa_brand-type-workwear","9":"pa_filter-color-gelb","10":"pa_filter-color-orange","12":"first","13":"instock","14":"sale","15":"taxable","16":"shipping-taxable","17":"purchasable","18":"product-type-variable","19":"add-to-wishlist-before_image"},"exclude_global_add_ons":[],"addons":[],"acf":[],"_links":{"self":[{"href":"https:\/\/shop.kustom.ch\/fr\/wp-json\/wp\/v2\/product\/597602"}],"collection":[{"href":"https:\/\/shop.kustom.ch\/fr\/wp-json\/wp\/v2\/product"}],"about":[{"href":"https:\/\/shop.kustom.ch\/fr\/wp-json\/wp\/v2\/types\/product"}],"wp:featuredmedia":[{"embeddable":true,"href":"https:\/\/shop.kustom.ch\/fr\/wp-json\/wp\/v2\/media\/597663"}],"wp:attachment":[{"href":"https:\/\/shop.kustom.ch\/fr\/wp-json\/wp\/v2\/media?parent=597602"}],"wp:term":[{"taxonomy":"product_brand","embeddable":true,"href":"https:\/\/shop.kustom.ch\/fr\/wp-json\/wp\/v2\/product_brand?post=597602"},{"taxonomy":"product_cat","embeddable":true,"href":"https:\/\/shop.kustom.ch\/fr\/wp-json\/wp\/v2\/product_cat?post=597602"},{"taxonomy":"product_tag","embeddable":true,"href":"https:\/\/shop.kustom.ch\/fr\/wp-json\/wp\/v2\/product_tag?post=597602"}],"curies":[{"name":"wp","href":"https:\/\/api.w.org\/{rel}","templated":true}]}}