{"id":597510,"date":"2025-03-05T01:27:30","date_gmt":"2025-03-05T00:27:30","guid":{"rendered":"https:\/\/shop.kustom.ch\/?post_type=product&#038;p=597510"},"modified":"2026-03-31T09:04:20","modified_gmt":"2026-03-31T08:04:20","slug":"high-vis-fleecejacke","status":"publish","type":"product","link":"https:\/\/shop.kustom.ch\/fr\/produit\/high-vis-fleecejacke\/","title":{"rendered":"Veste polaire haute visibilit\u00e9"},"content":{"rendered":"<p>Cette veste polaire haute visibilit\u00e9 confortable est parfaite pour \u00eatre port\u00e9e comme couche interm\u00e9diaire. Elle poss\u00e8de deux poches avant zipp\u00e9es ainsi que des bandes r\u00e9fl\u00e9chissantes de 50 mm de large sur le corps et les manches. Certifi\u00e9e selon EN 471\/EN ISO 20471, XS-S classe 2, M-XXXL classe 3, v\u00eatements de signalisation \u00e0 haute visibilit\u00e9.<\/p>\n<p>FERMETURE : Poignets avec \u00e9lastique. D\u00c9TAILS : Poche pour carte d'identit\u00e9 escamotable. FERMETURE FRONTALE : Fermeture \u00e0 glissi\u00e8re en plastique. TRAVAUX PRINCIPAUX : Travailleurs de la route et du b\u00e2timent. EN ISO 20471. REFLEX : Bandes r\u00e9fl\u00e9chissantes de 50 mm de large. TISSU : pour hommes. Jaune haute visibilit\u00e9. Protection haute visibilit\u00e9. POCHES : Poches avant avec fermetures \u00e0 glissi\u00e8re. CONSEILS DE LAVAGE : Nombre de lavages : 25. Ne pas repasser. CERTIFICATION : Groupe de certification C -&gt;M<\/p>\n<p>100 % polyester, polaire, bross\u00e9 d'un c\u00f4t\u00e9, anti-pilling, 250 g\/m<\/p>","protected":false},"excerpt":{"rendered":"<p>Diese bequeme High Vis Fleece Jacke ist perfekt, um sie als mittlere Schicht zu tragen. Sie besitzt zwei Fronttaschen mit Reissverschluss sowie 50mm breite Reflexstreifen an K\u00f6rper und \u00c4rmeln. Zertifiziert nach EN 471\/EN ISO 20471, XS-S Klasse 2, M-XXXL Klasse 3, hochsichtbare Warnkleidung. ABSCHLUSS: \u00c4rmelb\u00fcndchen mit Gummizug. DETAILS: Ausweistasche versenkbar. FRONTVERSCHLUSS: Reissverschluss aus Kunststoff. HAUPTEIGENSCHAFTEN: [&hellip;]<\/p>\n","protected":false},"featured_media":597545,"template":"","meta":[],"product_brand":[],"product_cat":[4186],"product_tag":[],"class_list":{"0":"post-597510","1":"product","2":"type-product","3":"status-publish","4":"has-post-thumbnail","6":"product_cat-jacken","7":"pa_brand-blaklaeder","8":"pa_brand-type-workwear","9":"pa_filter-color-gelb","10":"pa_filter-color-orange","11":"pa_filter-color-rot","13":"first","14":"instock","15":"sale","16":"taxable","17":"shipping-taxable","18":"purchasable","19":"product-type-variable","20":"add-to-wishlist-before_image"},"exclude_global_add_ons":[],"addons":[],"acf":[],"_links":{"self":[{"href":"https:\/\/shop.kustom.ch\/fr\/wp-json\/wp\/v2\/product\/597510"}],"collection":[{"href":"https:\/\/shop.kustom.ch\/fr\/wp-json\/wp\/v2\/product"}],"about":[{"href":"https:\/\/shop.kustom.ch\/fr\/wp-json\/wp\/v2\/types\/product"}],"wp:featuredmedia":[{"embeddable":true,"href":"https:\/\/shop.kustom.ch\/fr\/wp-json\/wp\/v2\/media\/597545"}],"wp:attachment":[{"href":"https:\/\/shop.kustom.ch\/fr\/wp-json\/wp\/v2\/media?parent=597510"}],"wp:term":[{"taxonomy":"product_brand","embeddable":true,"href":"https:\/\/shop.kustom.ch\/fr\/wp-json\/wp\/v2\/product_brand?post=597510"},{"taxonomy":"product_cat","embeddable":true,"href":"https:\/\/shop.kustom.ch\/fr\/wp-json\/wp\/v2\/product_cat?post=597510"},{"taxonomy":"product_tag","embeddable":true,"href":"https:\/\/shop.kustom.ch\/fr\/wp-json\/wp\/v2\/product_tag?post=597510"}],"curies":[{"name":"wp","href":"https:\/\/api.w.org\/{rel}","templated":true}]}}